{"id":302,"date":"2014-03-18T18:44:31","date_gmt":"2014-03-18T18:44:31","guid":{"rendered":"http:\/\/the7.dream-demo.com\/business\/?page_id=302"},"modified":"2025-09-29T13:26:21","modified_gmt":"2025-09-29T13:26:21","slug":"ponentes-2","status":"publish","type":"page","link":"https:\/\/universidadpyme.fundae.es\/bilbao\/ponentes-2\/","title":{"rendered":"Ponentes"},"content":{"rendered":"<section class=\"wpb-content-wrapper\"><p>[vc_row][vc_column]\n\t\t\t<!-- START Ponentes REVOLUTION SLIDER 6.6.10 --><p class=\"rs-p-wp-fix\"><\/p>\n\t\t\t<rs-module-wrap id=\"rev_slider_14_1_wrapper\" data-source=\"gallery\" style=\"visibility:hidden;background:transparent;padding:0;margin:0px auto;margin-top:0;margin-bottom:0;\">\n\t\t\t\t<rs-module id=\"rev_slider_14_1\" style=\"\" data-version=\"6.6.10\">\n\t\t\t\t\t<rs-slides style=\"overflow: hidden; position: absolute;\">\n\t\t\t\t\t\t<rs-slide style=\"position: absolute;\" data-key=\"rs-17\" data-title=\"Slide\" data-anim=\"adpr:false;ms:600;\" data-in=\"o:0;\" data-out=\"a:false;\">\n\t\t\t\t\t\t\t<img fetchpriority=\"high\" decoding=\"async\" src=\"\/\/universidadpyme.fundae.es\/bilbao\/wp-content\/plugins\/revslider\/public\/assets\/assets\/dummy.png\" alt=\"Slide\" title=\"fondo_degradado\" width=\"2540\" height=\"1143\" class=\"rev-slidebg tp-rs-img rs-lazyload\" data-lazyload=\"\/\/universidadpyme.fundae.es\/bilbao\/wp-content\/plugins\/revslider\/public\/assets\/assets\/transparent.png\" data-bg=\"p:right center;c:#24346c;\" data-no-retina>\n<!--\n\t\t\t\t\t\t\t--><rs-layer\n\t\t\t\t\t\t\t\tid=\"slider-14-slide-17-layer-0\" \n\t\t\t\t\t\t\t\tdata-type=\"text\"\n\t\t\t\t\t\t\t\tdata-rsp_ch=\"on\"\n\t\t\t\t\t\t\t\tdata-xy=\"xo:7px,43px,63px,46px;yo:214px,390px,321px,365px;\"\n\t\t\t\t\t\t\t\tdata-text=\"w:normal;s:30,25,25,15;l:38,30,30,23;fw:700;a:left,left,left,center;\"\n\t\t\t\t\t\t\t\tdata-dim=\"w:590px,927px,686px,401px;h:auto,69px,auto,auto;\"\n\t\t\t\t\t\t\t\tdata-frame_1=\"st:1330;sp:1200;sR:1330;\"\n\t\t\t\t\t\t\t\tdata-frame_999=\"o:0;st:w;sR:6470;\"\n\t\t\t\t\t\t\t\tstyle=\"z-index:10;font-family:'Nexa';\"\n\t\t\t\t\t\t\t>Descubre a los l\u00edderes, visionarios y profesionales que est\u00e1n impulsando la inteligencia artificial. \n\t\t\t\t\t\t\t<\/rs-layer><!--\n\n\t\t\t\t\t\t\t--><rs-layer\n\t\t\t\t\t\t\t\tid=\"slider-14-slide-17-layer-1\" \n\t\t\t\t\t\t\t\tdata-type=\"text\"\n\t\t\t\t\t\t\t\tdata-rsp_ch=\"on\"\n\t\t\t\t\t\t\t\tdata-xy=\"xo:2px,41px,59px,40px;yo:413px,481px,417px,446px;\"\n\t\t\t\t\t\t\t\tdata-text=\"w:normal;s:30,25,25,15;l:38,30,30,23;fw:700;a:left,left,left,center;\"\n\t\t\t\t\t\t\t\tdata-dim=\"w:590px,927px,686px,401px;h:auto,69px,auto,auto;\"\n\t\t\t\t\t\t\t\tdata-frame_1=\"st:1330;sp:1200;sR:1330;\"\n\t\t\t\t\t\t\t\tdata-frame_999=\"o:0;st:w;sR:6470;\"\n\t\t\t\t\t\t\t\tstyle=\"z-index:10;font-family:'Nexa';\"\n\t\t\t\t\t\t\t>Evento realizado, para conocer pr\u00f3ximos eventos, pulsa el siguiente  <a class='link-verde' href='https:\/\/www.fundae.es\/actualidad\/universidad-pyme' target='_blank'>enlace<\/a> \n\t\t\t\t\t\t\t<\/rs-layer><!--\n\n\t\t\t\t\t\t\t--><rs-layer\n\t\t\t\t\t\t\t\tid=\"slider-14-slide-17-layer-2\" \n\t\t\t\t\t\t\t\tdata-type=\"text\"\n\t\t\t\t\t\t\t\tdata-color=\"#8ebf22\"\n\t\t\t\t\t\t\t\tdata-rsp_ch=\"on\"\n\t\t\t\t\t\t\t\tdata-xy=\"xo:3px,44px,262px,150px;y:m;yo:-152px,92px,38px,80px;\"\n\t\t\t\t\t\t\t\tdata-text=\"w:normal;s:45,45,45,25;l:50,45,50,28;ls:1px;fw:700;a:left,left,left,center;\"\n\t\t\t\t\t\t\t\tdata-dim=\"w:532px,241px,250px,162px;h:auto,52px,54px,auto;\"\n\t\t\t\t\t\t\t\tdata-margin=\"b:30;\"\n\t\t\t\t\t\t\t\tdata-frame_0=\"y:100%;\"\n\t\t\t\t\t\t\t\tdata-frame_0_mask=\"u:t;y:100%;\"\n\t\t\t\t\t\t\t\tdata-frame_1=\"e:power2.inOut;st:1350;sp:1200;sR:1350;\"\n\t\t\t\t\t\t\t\tdata-frame_1_mask=\"u:t;\"\n\t\t\t\t\t\t\t\tdata-frame_999=\"o:0;e:nothing;st:w;sR:6450;\"\n\t\t\t\t\t\t\t\tstyle=\"z-index:8;font-family:'Nexa';\"\n\t\t\t\t\t\t\t>Ponentes \n\t\t\t\t\t\t\t<\/rs-layer><!--\n\n\t\t\t\t\t\t\t--><a\n\t\t\t\t\t\t\t\tid=\"slider-14-slide-17-layer-3\" \n\t\t\t\t\t\t\t\tclass=\"rs-layer rev-btn\"\n\t\t\t\t\t\t\t\thref=\"https:\/\/formularios.businessplus.es\/UniversidadPyme?clave=OMGVV7YRMU2hFZs8v7KS4g\" target=\"_blank\" rel=\"noopener\"\n\t\t\t\t\t\t\t\tdata-type=\"button\"\n\t\t\t\t\t\t\t\tdata-rsp_ch=\"on\"\n\t\t\t\t\t\t\t\tdata-xy=\"xo:4px,46px,291px,147px;yo:450px,492px,432px,443px;\"\n\t\t\t\t\t\t\t\tdata-text=\"w:normal;s:22,16,20,20;l:55,41,30,30;fw:600;\"\n\t\t\t\t\t\t\t\tdata-dim=\"w:290px,219px,166px,166px;h:60px,45px,45px,45px;minh:0px,none,none,none;\"\n\t\t\t\t\t\t\t\tdata-vbility=\"f,f,f,f\"\n\t\t\t\t\t\t\t\tdata-padding=\"t:5,4,10,10;r:50,38,30,30;l:90,68,35,35;\"\n\t\t\t\t\t\t\t\tdata-border=\"bor:10px,10px,10px,10px;\"\n\t\t\t\t\t\t\t\tdata-frame_1=\"st:1330;sp:1200;sR:1330;\"\n\t\t\t\t\t\t\t\tdata-frame_999=\"o:0;st:w;sR:6470;\"\n\t\t\t\t\t\t\t\tdata-frame_hover=\"bgc:#00198a;bor:10px,10px,10px,10px;td:underline;sp:100;e:power1.inOut;bri:120%;\"\n\t\t\t\t\t\t\t\tstyle=\"z-index:13;background-color:#8ebf22;font-family:'Nexa';\"\n\t\t\t\t\t\t\t>Reg\u00edstrate \n\t\t\t\t\t\t\t<\/a><!--\n\n\t\t\t\t\t\t\t--><rs-layer\n\t\t\t\t\t\t\t\tid=\"slider-14-slide-17-layer-4\" \n\t\t\t\t\t\t\t\tdata-type=\"image\"\n\t\t\t\t\t\t\t\tdata-rsp_ch=\"on\"\n\t\t\t\t\t\t\t\tdata-xy=\"x:r,c,c,c;xo:2px,-10px,2px,-1px;y:m;yo:-2px,-101px,-124px,-97px;\"\n\t\t\t\t\t\t\t\tdata-text=\"w:normal;s:20,15,11,6;l:0,18,13,8;\"\n\t\t\t\t\t\t\t\tdata-dim=\"w:770px,474px,359px,360px;h:472px,316px,220px,221px;\"\n\t\t\t\t\t\t\t\tdata-frame_1=\"st:1330;sp:1200;sR:1330;\"\n\t\t\t\t\t\t\t\tdata-frame_999=\"o:0;st:w;sR:6470;\"\n\t\t\t\t\t\t\t\tstyle=\"z-index:12;\"\n\t\t\t\t\t\t\t><img decoding=\"async\" src=\"\/\/universidadpyme.fundae.es\/bilbao\/wp-content\/plugins\/revslider\/public\/assets\/assets\/dummy.png\" alt=\"\" class=\"tp-rs-img rs-lazyload\" width=\"815\" height=\"500\" data-lazyload=\"\/\/universidadpyme.fundae.es\/bilbao\/wp-content\/uploads\/2025\/07\/banner-ponentes.png\" data-no-retina> \n\t\t\t\t\t\t\t<\/rs-layer><!--\n-->\t\t\t\t\t\t<\/rs-slide>\n\t\t\t\t\t<\/rs-slides>\n\t\t\t\t<\/rs-module>\n\t\t\t\t<script>\n\t\t\t\t\tsetREVStartSize({c: 'rev_slider_14_1',rl:[1240,1024,778,480],el:[600,550,500,520],gw:[1350,1024,778,480],gh:[600,550,500,520],type:'standard',justify:'',layout:'fullwidth',mh:\"600\"});if (window.RS_MODULES!==undefined && window.RS_MODULES.modules!==undefined && window.RS_MODULES.modules[\"revslider141\"]!==undefined) {window.RS_MODULES.modules[\"revslider141\"].once = false;window.revapi14 = undefined;if (window.RS_MODULES.checkMinimal!==undefined) window.RS_MODULES.checkMinimal()}\n\t\t\t\t<\/script>\n\t\t\t<\/rs-module-wrap>\n\t\t\t<!-- END REVOLUTION SLIDER -->\n[\/vc_column][\/vc_row][vc_row margin_top=\u00bb100px\u00bb margin_bottom=\u00bb130px\u00bb css=\u00bb.vc_custom_1666768255273{margin-bottom: 280px !important;}\u00bb el_class=\u00bbfila_ponentes\u00bb][vc_column width=\u00bb1\/4&#8243;]<div class=\"ult-team-member-wrap ult-style-1 team_item itemhover  vc_custom_1757950833048\"><div class=\"ult-team-member-image\" style=\"\"> <img decoding=\"async\" class=\"\" src=\"https:\/\/universidadpyme.fundae.es\/bilbao\/wp-content\/uploads\/2025\/09\/pilar-cubria-web-1.jpg\" alt=\"null\"  style=\"\"><span class=\"ult-team-member-image-overlay \"  ><\/span><\/div><div class=\"ult-team-member-bio-wrap style-1 ultimate-heading69f1ed5336960\" style=\"text-align:center;; \"><div class=\"ult-team-member-name-wrap\"><h2 class=\"ult-team-member-name ult-responsive\"  data-ultimate-target='.ult-team-member-bio-wrap.ultimate-heading69f1ed5336960 .ult-team-member-name'  data-responsive-json-new='{\"font-size\":\"desktop:25px;\",\"line-height\":\"\"}'  style=\"font-weight:bold;color:#262626;\">Pilar Cubria<\/h2><div class=\"ult-team-member-position ult-responsive\"  data-ultimate-target='.ult-team-member-bio-wrap.ultimate-heading69f1ed5336960 .ult-team-member-position'  data-responsive-json-new='{\"font-size\":\"desktop:18px;\",\"line-height\":\"\"}'  style=\"color:#262626;\">Training &amp; Adoption Expert. SAP<\/div><div class=\"ult-team-member-description ult-responsive\"  data-ultimate-target='.ult-team-member-bio-wrap.ultimate-heading69f1ed5336960 .ult-team-member-description'  data-responsive-json-new='{\"font-size\":\"\",\"line-height\":\"\"}'  style=\"\"><p><\/p>\n<p class=\"resena none\">Pilar Cubr\u00eda cuenta con m\u00e1s de 25 a\u00f1os de experiencia en tecnolog\u00eda, especializada en formaci\u00f3n, empleabilidad y alianzas estrat\u00e9gicas en SAP. Actualmente es SAP T&#038;A Services Solution Advisor y Partner Manager para EMEA, impulsando programas de capacitaci\u00f3n, adopci\u00f3n tecnol\u00f3gica e impacto social a trav\u00e9s de la tecnolog\u00eda.<\/p>\n<p><\/p><\/div><div style=\"margin-bottom:15px\"><\/div><\/div><\/div><\/div><div class=\"ult-team-member-wrap ult-style-1 team_item  vc_custom_1757417646409\"><div class=\"ult-team-member-image\" style=\"\"> <img decoding=\"async\" class=\"\" src=\"https:\/\/universidadpyme.fundae.es\/bilbao\/wp-content\/uploads\/2025\/09\/Alfonso-Gurpegui-web.jpg\" alt=\"null\"  style=\"\"><span class=\"ult-team-member-image-overlay \"  ><\/span><\/div><div class=\"ult-team-member-bio-wrap style-1 ultimate-heading69f1ed5336ba0\" style=\"text-align:center;; \"><div class=\"ult-team-member-name-wrap\"><h2 class=\"ult-team-member-name ult-responsive\"  data-ultimate-target='.ult-team-member-bio-wrap.ultimate-heading69f1ed5336ba0 .ult-team-member-name'  data-responsive-json-new='{\"font-size\":\"desktop:25px;\",\"line-height\":\"\"}'  style=\"font-weight:bold;color:#262626;\">Alfonso Gurpegui<\/h2><div class=\"ult-team-member-position ult-responsive\"  data-ultimate-target='.ult-team-member-bio-wrap.ultimate-heading69f1ed5336ba0 .ult-team-member-position'  data-responsive-json-new='{\"font-size\":\"desktop:18px;\",\"line-height\":\"\"}'  style=\"color:#262626;\">Viceconsejero de Empleo e Inclusi\u00f3n del Gobierno Vasco<\/div><div class=\"ult-team-member-description ult-responsive\"  data-ultimate-target='.ult-team-member-bio-wrap.ultimate-heading69f1ed5336ba0 .ult-team-member-description'  data-responsive-json-new='{\"font-size\":\"\",\"line-height\":\"\"}'  style=\"\"><p><\/p>\n<p class=\"resena none\">CEO de Brain &amp; Code (brainandcode.tech). Doctor en Inform\u00e1tica y Telecomunicaciones, ha sido profesor, consultor y desarrollador en el \u00e1mbito de la programaci\u00f3n y la inteligencia artificial durante los \u00faltimos quince a\u00f1os. Ha dirigido proyectos de implantaci\u00f3n de soluciones de transformaci\u00f3n digital en pymes y grandes empresas. Es tambi\u00e9n editor de la newsletter digitaldata.substack.com (17.000 suscriptores).<\/p>\n<p><\/p><\/div><div style=\"margin-bottom:15px\"><\/div><\/div><\/div><\/div><div class=\"ult-team-member-wrap ult-style-1 team_item  vc_custom_1758096139046\"><div class=\"ult-team-member-image\" style=\"\"> <img decoding=\"async\" class=\"\" src=\"https:\/\/universidadpyme.fundae.es\/bilbao\/wp-content\/uploads\/2025\/09\/tximi-lopez-web.jpg\" alt=\"null\"  style=\"\"><span class=\"ult-team-member-image-overlay \"  ><\/span><\/div><div class=\"ult-team-member-bio-wrap style-1 ultimate-heading69f1ed5336dc6\" style=\"text-align:center;; \"><div class=\"ult-team-member-name-wrap\"><h2 class=\"ult-team-member-name ult-responsive\"  data-ultimate-target='.ult-team-member-bio-wrap.ultimate-heading69f1ed5336dc6 .ult-team-member-name'  data-responsive-json-new='{\"font-size\":\"desktop:25px;\",\"line-height\":\"\"}'  style=\"font-weight:bold;color:#262626;\">Tximi L\u00f3pez Conde<\/h2><div class=\"ult-team-member-position ult-responsive\"  data-ultimate-target='.ult-team-member-bio-wrap.ultimate-heading69f1ed5336dc6 .ult-team-member-position'  data-responsive-json-new='{\"font-size\":\"desktop:18px;\",\"line-height\":\"\"}'  style=\"color:#262626;\">Vicepresidente de la Comisi\u00f3n Gestora de UGT Euskadi<\/div><div class=\"ult-team-member-description ult-responsive\"  data-ultimate-target='.ult-team-member-bio-wrap.ultimate-heading69f1ed5336dc6 .ult-team-member-description'  data-responsive-json-new='{\"font-size\":\"\",\"line-height\":\"\"}'  style=\"\"><p><\/p>\n<p class=\"resena none\">CEO de Brain &amp; Code (brainandcode.tech). Doctor en Inform\u00e1tica y Telecomunicaciones, ha sido profesor, consultor y desarrollador en el \u00e1mbito de la programaci\u00f3n y la inteligencia artificial durante los \u00faltimos quince a\u00f1os. Ha dirigido proyectos de implantaci\u00f3n de soluciones de transformaci\u00f3n digital en pymes y grandes empresas. Es tambi\u00e9n editor de la newsletter digitaldata.substack.com (17.000 suscriptores).<\/p>\n<p><\/p><\/div><div style=\"margin-bottom:15px\"><\/div><\/div><\/div><\/div><div class=\"ult-team-member-wrap ult-style-1 team_item itemhover  vc_custom_1758271654948\"><div class=\"ult-team-member-image\" style=\"\"> <img decoding=\"async\" class=\"\" src=\"https:\/\/universidadpyme.fundae.es\/bilbao\/wp-content\/uploads\/2025\/09\/Marlon-Molina.jpg\" alt=\"null\"  style=\"\"><span class=\"ult-team-member-image-overlay \"  ><\/span><\/div><div class=\"ult-team-member-bio-wrap style-1 ultimate-heading69f1ed5336fde\" style=\"text-align:center;; \"><div class=\"ult-team-member-name-wrap\"><h2 class=\"ult-team-member-name ult-responsive\"  data-ultimate-target='.ult-team-member-bio-wrap.ultimate-heading69f1ed5336fde .ult-team-member-name'  data-responsive-json-new='{\"font-size\":\"desktop:25px;\",\"line-height\":\"\"}'  style=\"font-weight:bold;color:#262626;\">Marlon Molina<\/h2><div class=\"ult-team-member-position ult-responsive\"  data-ultimate-target='.ult-team-member-bio-wrap.ultimate-heading69f1ed5336fde .ult-team-member-position'  data-responsive-json-new='{\"font-size\":\"desktop:18px;\",\"line-height\":\"\"}'  style=\"color:#262626;\">Director de Computerworld University y director del Laboratorio de Ciberseguridad de Madrid Capital Fintech.<\/div><div class=\"ult-team-member-description ult-responsive\"  data-ultimate-target='.ult-team-member-bio-wrap.ultimate-heading69f1ed5336fde .ult-team-member-description'  data-responsive-json-new='{\"font-size\":\"\",\"line-height\":\"\"}'  style=\"\"><p><\/p>\n<p class=\"resena none\">Ingeniero en inform\u00e1tica, experto en transformaci\u00f3n digital y ciberseguridad. En 2023 recibi\u00f3 la Medalla al M\u00e9rito de la Ciberdefensa, medalla oficial del Reino de Espa\u00f1a, en 2018 la Revista Influencers le nombr\u00f3 como el principal influencer de la Inteligencia Artificial, y un a\u00f1o despu\u00e9s Cherwell le incluy\u00f3 en el Top 10 de los influencers de la Transformaci\u00f3n Digital en Europa.<br \/>\nEs miembro del Comit\u00e9 Evaluador de posgrados de Madrid, y profesor invitado en varias Escuelas de Negocios y universidades. Colabora habitualmente en Televisi\u00f3n Espa\u00f1ola, y en diferentes programas de radio de Espa\u00f1a e internacionales.<\/p><\/div><div style=\"margin-bottom:15px\"><\/div><\/div><\/div><\/div><div class=\"ult-team-member-wrap ult-style-1 team_item itemhover  vc_custom_1758271672412\"><div class=\"ult-team-member-image\" style=\"\"> <img decoding=\"async\" class=\"\" src=\"https:\/\/universidadpyme.fundae.es\/bilbao\/wp-content\/uploads\/2025\/09\/Monica-Perez-Hurtado.jpg\" alt=\"null\"  style=\"\"><span class=\"ult-team-member-image-overlay \"  ><\/span><\/div><div class=\"ult-team-member-bio-wrap style-1 ultimate-heading69f1ed53371ab\" style=\"text-align:center;; \"><div class=\"ult-team-member-name-wrap\"><h2 class=\"ult-team-member-name ult-responsive\"  data-ultimate-target='.ult-team-member-bio-wrap.ultimate-heading69f1ed53371ab .ult-team-member-name'  data-responsive-json-new='{\"font-size\":\"desktop:25px;\",\"line-height\":\"\"}'  style=\"font-weight:bold;color:#262626;\">M\u00f2nica P\u00e9rez Hurtado<\/h2><div class=\"ult-team-member-position ult-responsive\"  data-ultimate-target='.ult-team-member-bio-wrap.ultimate-heading69f1ed53371ab .ult-team-member-position'  data-responsive-json-new='{\"font-size\":\"desktop:18px;\",\"line-height\":\"\"}'  style=\"color:#262626;\">Co-Founder de Experience Ahead. Business Angel en WA4STEAM<\/div><div class=\"ult-team-member-description ult-responsive\"  data-ultimate-target='.ult-team-member-bio-wrap.ultimate-heading69f1ed53371ab .ult-team-member-description'  data-responsive-json-new='{\"font-size\":\"\",\"line-height\":\"\"}'  style=\"\"><p><\/p>\n<p class=\"resena none\">Emprendedora e Inversora en Start ups. Empez\u00f3 su trayectoria como directiva en las \u00e1reas de estrategia y talento en corporaciones como Pfizer, Barclays Bank, Hay Group o N2S. Ha sido HeadHunter y en la actualidad es Co-fundadora de Experience Ahead Ed tech que impulsa la reinvenci\u00f3n profesional desde directivos hasta alumnos de \u00faltimo curso de la Universidad a trav\u00e9s de programas de Alto Impacto. Es ponente habitual en Foros de Emprendimiento Inversi\u00f3n, Universidades como el MIT, Universidad San PABLO CEU, ISDI, Centro de Liderazgo y tecnolog\u00eda etc.<br \/>\nHa sido nombrada Mujer Referente del Emprendimiento Innovador por el Gobierno de Espa\u00f1a.<\/p><\/div><div style=\"margin-bottom:15px\"><\/div><\/div><\/div><\/div><div class=\"ult-team-member-wrap ult-style-1 team_item itemhover  vc_custom_1758733662641\"><div class=\"ult-team-member-image\" style=\"\"> <img decoding=\"async\" class=\"\" src=\"https:\/\/universidadpyme.fundae.es\/bilbao\/wp-content\/uploads\/2025\/09\/Gonzo-Suarez.jpg\" alt=\"null\"  style=\"\"><span class=\"ult-team-member-image-overlay \"  ><\/span><\/div><div class=\"ult-team-member-bio-wrap style-1 ultimate-heading69f1ed5337355\" style=\"text-align:center;; \"><div class=\"ult-team-member-name-wrap\"><h2 class=\"ult-team-member-name ult-responsive\"  data-ultimate-target='.ult-team-member-bio-wrap.ultimate-heading69f1ed5337355 .ult-team-member-name'  data-responsive-json-new='{\"font-size\":\"desktop:25px;\",\"line-height\":\"\"}'  style=\"font-weight:bold;color:#262626;\">Gonzo Suarez<\/h2><div class=\"ult-team-member-position ult-responsive\"  data-ultimate-target='.ult-team-member-bio-wrap.ultimate-heading69f1ed5337355 .ult-team-member-position'  data-responsive-json-new='{\"font-size\":\"desktop:18px;\",\"line-height\":\"\"}'  style=\"color:#262626;\">Director de juegos, fundador de la Academia de las Artes y las Ciencias Interactivas<\/div><div class=\"ult-team-member-description ult-responsive\"  data-ultimate-target='.ult-team-member-bio-wrap.ultimate-heading69f1ed5337355 .ult-team-member-description'  data-responsive-json-new='{\"font-size\":\"\",\"line-height\":\"\"}'  style=\"\"><p><\/p>\n<p class=\"resena none\">Destaca por haber sido art\u00edfice de una de las primeras startups en Espa\u00f1a, creadores de la saga Commandos, una de las franquicias de videojuegos m\u00e1s relevantes del pa\u00eds, y por su papel en Opera Soft, emblema de la \u201cEra Dorada del Soft Espa\u00f1ol\u201d. Adem\u00e1s, ha sido una voz clave en la defensa e impulso de la industria del videojuego en Espa\u00f1a y uno de los principales promotores de la creaci\u00f3n de DEV, la Asociaci\u00f3n de Desarrolladores de Videojuegos.<\/p>\n<p><\/p><\/div><div style=\"margin-bottom:15px\"><\/div><\/div><\/div><\/div>[\/vc_column][vc_column width=\u00bb1\/4&#8243;]<div class=\"ult-team-member-wrap ult-style-1 team_item itemhover  vc_custom_1753340608345\"><div class=\"ult-team-member-image\" style=\"\"> <img decoding=\"async\" class=\"\" src=\"https:\/\/universidadpyme.fundae.es\/bilbao\/wp-content\/uploads\/2025\/07\/jokin-diaz-web.jpg\" alt=\"null\"  style=\"\"><span class=\"ult-team-member-image-overlay \"  ><\/span><\/div><div class=\"ult-team-member-bio-wrap style-1 ultimate-heading69f1ed53374fb\" style=\"text-align:center;; \"><div class=\"ult-team-member-name-wrap\"><h2 class=\"ult-team-member-name ult-responsive\"  data-ultimate-target='.ult-team-member-bio-wrap.ultimate-heading69f1ed53374fb .ult-team-member-name'  data-responsive-json-new='{\"font-size\":\"desktop:25px;\",\"line-height\":\"\"}'  style=\"font-weight:bold;color:#262626;\">Jokin Diaz<\/h2><div class=\"ult-team-member-position ult-responsive\"  data-ultimate-target='.ult-team-member-bio-wrap.ultimate-heading69f1ed53374fb .ult-team-member-position'  data-responsive-json-new='{\"font-size\":\"desktop:18px;\",\"line-height\":\"\"}'  style=\"color:#262626;\">Director de Econom\u00eda Social del Gobierno Vasco<\/div><div class=\"ult-team-member-description ult-responsive\"  data-ultimate-target='.ult-team-member-bio-wrap.ultimate-heading69f1ed53374fb .ult-team-member-description'  data-responsive-json-new='{\"font-size\":\"\",\"line-height\":\"\"}'  style=\"\"><p><\/p>\n<p class=\"resena none\">Ingeniero T\u00e9cnico Industrial por la Universidad de Mondrag\u00f3n y M\u00e1ster en Direcci\u00f3n de Empresas por la Universidad de Deusto, ha desempe\u00f1ado puestos de alta responsabilidad tanto en el \u00e1mbito institucional como en el sector tecnol\u00f3gico privado. Comprometido con la gesti\u00f3n p\u00fablica, la innovaci\u00f3n y el desarrollo sostenible.<br \/>\nEn su actual responsabilidad ha impulsado pol\u00edticas p\u00fablicas orientadas a fortalecer el ecosistema de la econom\u00eda social en Euskadi, promoviendo modelos empresariales inclusivos, sostenibles y centrados en las personas.<\/p><\/div><div style=\"margin-bottom:15px\"><\/div><\/div><\/div><\/div><div class=\"ult-team-member-wrap ult-style-1 team_item itemhover  vc_custom_1757403680683\"><div class=\"ult-team-member-image\" style=\"\"> <img decoding=\"async\" class=\"\" src=\"https:\/\/universidadpyme.fundae.es\/bilbao\/wp-content\/uploads\/2025\/09\/gerardo-2-web.jpg\" alt=\"null\"  style=\"\"><span class=\"ult-team-member-image-overlay \"  ><\/span><\/div><div class=\"ult-team-member-bio-wrap style-1 ultimate-heading69f1ed53376d6\" style=\"text-align:center;; \"><div class=\"ult-team-member-name-wrap\"><h2 class=\"ult-team-member-name ult-responsive\"  data-ultimate-target='.ult-team-member-bio-wrap.ultimate-heading69f1ed53376d6 .ult-team-member-name'  data-responsive-json-new='{\"font-size\":\"desktop:25px;\",\"line-height\":\"\"}'  style=\"font-weight:bold;color:#262626;\">Gerardo Guti\u00e9rrez Ardoy<\/h2><div class=\"ult-team-member-position ult-responsive\"  data-ultimate-target='.ult-team-member-bio-wrap.ultimate-heading69f1ed53376d6 .ult-team-member-position'  data-responsive-json-new='{\"font-size\":\"desktop:18px;\",\"line-height\":\"\"}'  style=\"color:#262626;\">Director General del Servicio P\u00fablico de Empleo Estatal<\/div><div class=\"ult-team-member-description ult-responsive\"  data-ultimate-target='.ult-team-member-bio-wrap.ultimate-heading69f1ed53376d6 .ult-team-member-description'  data-responsive-json-new='{\"font-size\":\"\",\"line-height\":\"\"}'  style=\"\"><p><\/p>\n<p class=\"resena none\">Licenciado en Derecho por la Universidad Nacional de Educaci\u00f3n a Distancia. M\u00e1ster de Empleo, Relaciones Laborales y Di\u00e1logo Social en Europa UCLM. M\u00e1ster de Liderazgo y Gesti\u00f3n de Pol\u00edticas P\u00fablicas UAB. Experto en Seguridad Social por la Facultad de Relaciones Laborales y Recursos Humanos UCLM . Pertenece al Cuerpo de T\u00e9cnicos Superiores de la Junta de Comunidades de Castilla-La Mancha, especialidad jur\u00eddica. Ha prestado sus servicios en el \u00e1mbito del Sistema Nacional de Empleo, tanto a nivel estatal, como en el \u00e1mbito auton\u00f3mico.<\/p>\n<p><\/p><\/div><div style=\"margin-bottom:15px\"><\/div><\/div><\/div><\/div><div class=\"ult-team-member-wrap ult-style-1 team_item itemhover  vc_custom_1757951954527\"><div class=\"ult-team-member-image\" style=\"\"> <img decoding=\"async\" class=\"\" src=\"https:\/\/universidadpyme.fundae.es\/bilbao\/wp-content\/uploads\/2025\/09\/juanjo-lopez-web.jpg\" alt=\"null\"  style=\"\"><span class=\"ult-team-member-image-overlay \"  ><\/span><\/div><div class=\"ult-team-member-bio-wrap style-1 ultimate-heading69f1ed53378af\" style=\"text-align:center;; \"><div class=\"ult-team-member-name-wrap\"><h2 class=\"ult-team-member-name ult-responsive\"  data-ultimate-target='.ult-team-member-bio-wrap.ultimate-heading69f1ed53378af .ult-team-member-name'  data-responsive-json-new='{\"font-size\":\"desktop:25px;\",\"line-height\":\"\"}'  style=\"font-weight:bold;color:#262626;\">Juanjo L\u00f3pez D\u00edaz<\/h2><div class=\"ult-team-member-position ult-responsive\"  data-ultimate-target='.ult-team-member-bio-wrap.ultimate-heading69f1ed53378af .ult-team-member-position'  data-responsive-json-new='{\"font-size\":\"desktop:18px;\",\"line-height\":\"\"}'  style=\"color:#262626;\">Secretario de Acci\u00f3n Sindical de CCOO Euskadi<\/div><div class=\"ult-team-member-description ult-responsive\"  data-ultimate-target='.ult-team-member-bio-wrap.ultimate-heading69f1ed53378af .ult-team-member-description'  data-responsive-json-new='{\"font-size\":\"\",\"line-height\":\"\"}'  style=\"\"><p><\/p>\n<p class=\"resena none\">Trabajador del sector de la industria metalurgica. En los ultimos a\u00f1os he ocupado diferentes cargos de responsabilidad en CCOO de Euskadi. Actualmente ocupo la Sr\u00eda. de Accion Sindical de CCOO de Euskadi.<\/p>\n<p><\/p><\/div><div style=\"margin-bottom:15px\"><\/div><\/div><\/div><\/div><div class=\"ult-team-member-wrap ult-style-1 team_item itemhover  vc_custom_1757403791284\"><div class=\"ult-team-member-image\" style=\"\"> <img decoding=\"async\" class=\"\" src=\"https:\/\/universidadpyme.fundae.es\/bilbao\/wp-content\/uploads\/2025\/08\/Arantxa_Nino-Nunez.jpg\" alt=\"null\"  style=\"\"><span class=\"ult-team-member-image-overlay \"  ><\/span><\/div><div class=\"ult-team-member-bio-wrap style-1 ultimate-heading69f1ed5337a67\" style=\"text-align:center;; \"><div class=\"ult-team-member-name-wrap\"><h2 class=\"ult-team-member-name ult-responsive\"  data-ultimate-target='.ult-team-member-bio-wrap.ultimate-heading69f1ed5337a67 .ult-team-member-name'  data-responsive-json-new='{\"font-size\":\"desktop:25px;\",\"line-height\":\"\"}'  style=\"font-weight:bold;color:#262626;\">Arantxa Ni\u00f1o<\/h2><div class=\"ult-team-member-position ult-responsive\"  data-ultimate-target='.ult-team-member-bio-wrap.ultimate-heading69f1ed5337a67 .ult-team-member-position'  data-responsive-json-new='{\"font-size\":\"desktop:18px;\",\"line-height\":\"\"}'  style=\"color:#262626;\">Directora de Empleo y Formaci\u00f3n del Servicio P\u00fablico Vasco de Empleo<\/div><div class=\"ult-team-member-description ult-responsive\"  data-ultimate-target='.ult-team-member-bio-wrap.ultimate-heading69f1ed5337a67 .ult-team-member-description'  data-responsive-json-new='{\"font-size\":\"\",\"line-height\":\"\"}'  style=\"\"><p><\/p>\n<p class=\"resena none\">Profesional del \u00e1mbito social y laboral, Diplomada en Trabajo Social por la UPV, con formaci\u00f3n en Orientaci\u00f3n Laboral y Recursos Humanos. Con una amplia trayectoria en UGT Euskadi, primero como t\u00e9cnica de Formaci\u00f3n y Empleo (hasta 2018), y luego como secretaria de Empleo y Formaci\u00f3n (desde 2019), ha coordinado servicios de orientaci\u00f3n, desarrollado proyectos formativos y definido estrategias sindicales. Ha representado a UGT en espacios institucionales. En junio de 2025 ha sido nombrada Directora de Empleo y Formaci\u00f3n de Lanbide, liderando los servicios de Formaci\u00f3n, Inclusi\u00f3n y Orientaci\u00f3n del Servicio P\u00fablico Vasco de Empleo.<\/p>\n<p><\/p><\/div><div style=\"margin-bottom:15px\"><\/div><\/div><\/div><\/div><div class=\"ult-team-member-wrap ult-style-1 team_item itemhover  vc_custom_1753340951071\"><div class=\"ult-team-member-image\" style=\"\"> <img decoding=\"async\" class=\"\" src=\"https:\/\/universidadpyme.fundae.es\/bilbao\/wp-content\/uploads\/2025\/05\/Carmen_Prieto.jpg\" alt=\"null\"  style=\"\"><span class=\"ult-team-member-image-overlay \"  ><\/span><\/div><div class=\"ult-team-member-bio-wrap style-1 ultimate-heading69f1ed5337c15\" style=\"text-align:center;; \"><div class=\"ult-team-member-name-wrap\"><h2 class=\"ult-team-member-name ult-responsive\"  data-ultimate-target='.ult-team-member-bio-wrap.ultimate-heading69f1ed5337c15 .ult-team-member-name'  data-responsive-json-new='{\"font-size\":\"desktop:25px;\",\"line-height\":\"\"}'  style=\"font-weight:bold;color:#262626;\">Carmen Prieto<\/h2><div class=\"ult-team-member-position ult-responsive\"  data-ultimate-target='.ult-team-member-bio-wrap.ultimate-heading69f1ed5337c15 .ult-team-member-position'  data-responsive-json-new='{\"font-size\":\"desktop:18px;\",\"line-height\":\"\"}'  style=\"color:#262626;\">Jefe de la Unidad de Evaluaci\u00f3n, Estudios y Ordenaci\u00f3n de la Formaci\u00f3n de Fundae<\/div><div class=\"ult-team-member-description ult-responsive\"  data-ultimate-target='.ult-team-member-bio-wrap.ultimate-heading69f1ed5337c15 .ult-team-member-description'  data-responsive-json-new='{\"font-size\":\"\",\"line-height\":\"\"}'  style=\"\"><p><\/p>\n<p class=\"resena none\">Licenciada en Psicolog\u00eda Industrial y Social y experta en Planificaci\u00f3n y Evaluaci\u00f3n de Planes Formativos. Ha desarrollado su actividad en el \u00e1mbito de RRHH en diferentes empresas hasta que en 1996 se incorpor\u00f3 a la Fundaci\u00f3n Estatal para la Formaci\u00f3n en el Empleo. A partir de 2009 ha ocupado diferentes puestos en la Direcci\u00f3n relacionados con la gesti\u00f3n de las distintas iniciativas. Actualmente, es la responsable de numerosos proyectos que ofrecen formaci\u00f3n gratuita en competencias digitales a las personas trabajadoras. Entre estos proyectos destacan Digital\u00edzate, los programas de Becas Google e IBM y la plataforma eFundae.<\/p>\n<p><\/p><\/div><div style=\"margin-bottom:15px\"><\/div><\/div><\/div><\/div><div class=\"ult-team-member-wrap ult-style-1 team_item itemhover  vc_custom_1758733714054\"><div class=\"ult-team-member-image\" style=\"\"> <img decoding=\"async\" class=\"\" src=\"https:\/\/universidadpyme.fundae.es\/bilbao\/wp-content\/uploads\/2025\/09\/Pilar-Trucios.jpg\" alt=\"null\"  style=\"\"><span class=\"ult-team-member-image-overlay \"  ><\/span><\/div><div class=\"ult-team-member-bio-wrap style-1 ultimate-heading69f1ed5337e19\" style=\"text-align:center;; \"><div class=\"ult-team-member-name-wrap\"><h2 class=\"ult-team-member-name ult-responsive\"  data-ultimate-target='.ult-team-member-bio-wrap.ultimate-heading69f1ed5337e19 .ult-team-member-name'  data-responsive-json-new='{\"font-size\":\"desktop:25px;\",\"line-height\":\"\"}'  style=\"font-weight:bold;color:#262626;\">Pilar Trucios<\/h2><div class=\"ult-team-member-position ult-responsive\"  data-ultimate-target='.ult-team-member-bio-wrap.ultimate-heading69f1ed5337e19 .ult-team-member-position'  data-responsive-json-new='{\"font-size\":\"desktop:18px;\",\"line-height\":\"\"}'  style=\"color:#262626;\">Cofundadora de Experience Ahead. Business Angel en WA4STEAM<\/div><div class=\"ult-team-member-description ult-responsive\"  data-ultimate-target='.ult-team-member-bio-wrap.ultimate-heading69f1ed5337e19 .ult-team-member-description'  data-responsive-json-new='{\"font-size\":\"\",\"line-height\":\"\"}'  style=\"\"><p><\/p>\n<p class=\"resena none\">Profesional con m\u00e1s de 20 a\u00f1os de experiencia en medios de comunicaci\u00f3n y gesti\u00f3n de marca. Fue subdirectora de Expansi\u00f3n y directora de Comunicaci\u00f3n y Marca en Bankia (comit\u00e9 de direcci\u00f3n). Cofundadora de The Valley y actualmente de Experience Ahead, adem\u00e1s de inversora en startups tecnol\u00f3gicas con WA4STEAM. Ha estudiado en Stanford, IESE, Columbia y CEIBS, con amplia experiencia internacional en EE.UU. y China. Autora y ponente habitual sobre transformaci\u00f3n digital y desarrollo profesional.<\/p>\n<p><\/p><\/div><div style=\"margin-bottom:15px\"><\/div><\/div><\/div><\/div>[\/vc_column][vc_column width=\u00bb1\/4&#8243;]<div class=\"ult-team-member-wrap ult-style-1 team_item itemhover  vc_custom_1753340625433\"><div class=\"ult-team-member-image\" style=\"\"> <img decoding=\"async\" class=\"\" src=\"https:\/\/universidadpyme.fundae.es\/bilbao\/wp-content\/uploads\/2025\/07\/mikel-eguiazu-web.jpg\" alt=\"null\"  style=\"\"><span class=\"ult-team-member-image-overlay \"  ><\/span><\/div><div class=\"ult-team-member-bio-wrap style-1 ultimate-heading69f1ed5337ff7\" style=\"text-align:center;; \"><div class=\"ult-team-member-name-wrap\"><h2 class=\"ult-team-member-name ult-responsive\"  data-ultimate-target='.ult-team-member-bio-wrap.ultimate-heading69f1ed5337ff7 .ult-team-member-name'  data-responsive-json-new='{\"font-size\":\"desktop:25px;\",\"line-height\":\"\"}'  style=\"font-weight:bold;color:#262626;\">Mikel Eguiazu<\/h2><div class=\"ult-team-member-position ult-responsive\"  data-ultimate-target='.ult-team-member-bio-wrap.ultimate-heading69f1ed5337ff7 .ult-team-member-position'  data-responsive-json-new='{\"font-size\":\"desktop:18px;\",\"line-height\":\"\"}'  style=\"color:#262626;\">Responsable de Sistemas de Gesti\u00f3n de Ekide Group<\/div><div class=\"ult-team-member-description ult-responsive\"  data-ultimate-target='.ult-team-member-bio-wrap.ultimate-heading69f1ed5337ff7 .ult-team-member-description'  data-responsive-json-new='{\"font-size\":\"\",\"line-height\":\"\"}'  style=\"\"><p><\/p>\n<p class=\"resena none\">Ingeniero industrial con MPhil en Manufacturing Engineering por The Nottingham Trent University y MBA. Con m\u00e1s de 25 a\u00f1os de trayectoria liderando la mejora operativa, la transformaci\u00f3n digital y la optimizaci\u00f3n industrial en sectores como automoci\u00f3n, ferroviario y energ\u00eda. He desempe\u00f1ado funciones directivas en entornos de alta exigencia, impulsando la implantaci\u00f3n de metodolog\u00edas Lean, Six Sigma e Industria 4.0. Actualmente colaboro en proyectos donde convergen sostenibilidad, tecnolog\u00eda y rentabilidad.<\/p>\n<p><\/p><\/div><div style=\"margin-bottom:15px\"><\/div><\/div><\/div><\/div><div class=\"ult-team-member-wrap ult-style-1 team_item itemhover  vc_custom_1755849987307\"><div class=\"ult-team-member-image\" style=\"\"> <img decoding=\"async\" class=\"\" src=\"https:\/\/universidadpyme.fundae.es\/bilbao\/wp-content\/uploads\/2025\/08\/Nuria-Iso-Soto.jpg\" alt=\"null\"  style=\"\"><span class=\"ult-team-member-image-overlay \"  ><\/span><\/div><div class=\"ult-team-member-bio-wrap style-1 ultimate-heading69f1ed53381cc\" style=\"text-align:center;; \"><div class=\"ult-team-member-name-wrap\"><h2 class=\"ult-team-member-name ult-responsive\"  data-ultimate-target='.ult-team-member-bio-wrap.ultimate-heading69f1ed53381cc .ult-team-member-name'  data-responsive-json-new='{\"font-size\":\"desktop:25px;\",\"line-height\":\"\"}'  style=\"font-weight:bold;color:#262626;\">Nuria Iso<\/h2><div class=\"ult-team-member-position ult-responsive\"  data-ultimate-target='.ult-team-member-bio-wrap.ultimate-heading69f1ed53381cc .ult-team-member-position'  data-responsive-json-new='{\"font-size\":\"desktop:18px;\",\"line-height\":\"\"}'  style=\"color:#262626;\">CEO y Cofundadora de Nautilus Experiencias digitales<\/div><div class=\"ult-team-member-description ult-responsive\"  data-ultimate-target='.ult-team-member-bio-wrap.ultimate-heading69f1ed53381cc .ult-team-member-description'  data-responsive-json-new='{\"font-size\":\"\",\"line-height\":\"\"}'  style=\"\"><p><\/p>\n<p class=\"resena none\">Programadora con m\u00e1s de 15 a\u00f1os dedicada a las nuevas tecnolog\u00edas. Comenz\u00f3 con el dise\u00f1o gr\u00e1fico pasando por la programaci\u00f3n de p\u00e1ginas webs y la evoluci\u00f3n de los dispositivos.<br \/>\nEspecializada en la creaci\u00f3n de aplicaciones de realidad virtual y desarrollo de contenido inmersivo.<\/p><\/div><div style=\"margin-bottom:15px\"><\/div><\/div><\/div><\/div><div class=\"ult-team-member-wrap ult-style-1 team_item itemhover  vc_custom_1753340494200\"><div class=\"ult-team-member-image\" style=\"\"> <img decoding=\"async\" class=\"\" src=\"https:\/\/universidadpyme.fundae.es\/bilbao\/wp-content\/uploads\/2025\/05\/Antonio_de_Luis.jpg\" alt=\"null\"  style=\"\"><span class=\"ult-team-member-image-overlay \"  ><\/span><\/div><div class=\"ult-team-member-bio-wrap style-1 ultimate-heading69f1ed53383c8\" style=\"text-align:center;; \"><div class=\"ult-team-member-name-wrap\"><h2 class=\"ult-team-member-name ult-responsive\"  data-ultimate-target='.ult-team-member-bio-wrap.ultimate-heading69f1ed53383c8 .ult-team-member-name'  data-responsive-json-new='{\"font-size\":\"desktop:25px;\",\"line-height\":\"\"}'  style=\"font-weight:bold;color:#262626;\">Antonio de Luis<\/h2><div class=\"ult-team-member-position ult-responsive\"  data-ultimate-target='.ult-team-member-bio-wrap.ultimate-heading69f1ed53383c8 .ult-team-member-position'  data-responsive-json-new='{\"font-size\":\"desktop:18px;\",\"line-height\":\"\"}'  style=\"color:#262626;\">Director Gerente de la Fundaci\u00f3n Estatal para la Formaci\u00f3n en el Empleo (Fundae)<\/div><div class=\"ult-team-member-description ult-responsive\"  data-ultimate-target='.ult-team-member-bio-wrap.ultimate-heading69f1ed53383c8 .ult-team-member-description'  data-responsive-json-new='{\"font-size\":\"\",\"line-height\":\"\"}'  style=\"\"><p><\/p>\n<p class=\"resena none\">Licenciado en Ciencias Pol\u00edticas y Sociolog\u00eda por la Universidad Complutense de Madrid y Postgrado en la especialidad de Praxis de la Sociolog\u00eda del Consumo.<br \/>\nExperto en direcci\u00f3n y coordinaci\u00f3n de equipos, procesos de gesti\u00f3n y programas de empleo y formaci\u00f3n para el empleo, dirige innovadores proyectos tanto nacionales como internacionales, muchos enmarcados en el Plan de Recuperaci\u00f3n, Transformaci\u00f3n y Resiliencia. Ha impulsado la implantaci\u00f3n del proyecto Digital\u00edzate para la formaci\u00f3n en competencias digitales y de apoyo a la transformaci\u00f3n digital de las Pymes.<\/p><\/div><div style=\"margin-bottom:15px\"><\/div><\/div><\/div><\/div><div class=\"ult-team-member-wrap ult-style-1 team_item  vc_custom_1757417593379\"><div class=\"ult-team-member-image\" style=\"\"> <img decoding=\"async\" class=\"\" src=\"https:\/\/universidadpyme.fundae.es\/bilbao\/wp-content\/uploads\/2025\/09\/Francisco-Pedraza-web.jpg\" alt=\"null\"  style=\"\"><span class=\"ult-team-member-image-overlay \"  ><\/span><\/div><div class=\"ult-team-member-bio-wrap style-1 ultimate-heading69f1ed5338596\" style=\"text-align:center;; \"><div class=\"ult-team-member-name-wrap\"><h2 class=\"ult-team-member-name ult-responsive\"  data-ultimate-target='.ult-team-member-bio-wrap.ultimate-heading69f1ed5338596 .ult-team-member-name'  data-responsive-json-new='{\"font-size\":\"desktop:25px;\",\"line-height\":\"\"}'  style=\"font-weight:bold;color:#262626;\">Francisco Pedraza<\/h2><div class=\"ult-team-member-position ult-responsive\"  data-ultimate-target='.ult-team-member-bio-wrap.ultimate-heading69f1ed5338596 .ult-team-member-position'  data-responsive-json-new='{\"font-size\":\"desktop:18px;\",\"line-height\":\"\"}'  style=\"color:#262626;\">Director General de Lanbide<\/div><div class=\"ult-team-member-description ult-responsive\"  data-ultimate-target='.ult-team-member-bio-wrap.ultimate-heading69f1ed5338596 .ult-team-member-description'  data-responsive-json-new='{\"font-size\":\"\",\"line-height\":\"\"}'  style=\"\"><p><\/p>\n<p class=\"resena none\">CEO de Brain &amp; Code (brainandcode.tech). Doctor en Inform\u00e1tica y Telecomunicaciones, ha sido profesor, consultor y desarrollador en el \u00e1mbito de la programaci\u00f3n y la inteligencia artificial durante los \u00faltimos quince a\u00f1os. Ha dirigido proyectos de implantaci\u00f3n de soluciones de transformaci\u00f3n digital en pymes y grandes empresas. Es tambi\u00e9n editor de la newsletter digitaldata.substack.com (17.000 suscriptores).<\/p>\n<p><\/p><\/div><div style=\"margin-bottom:15px\"><\/div><\/div><\/div><\/div><div class=\"ult-team-member-wrap ult-style-1 team_item itemhover  vc_custom_1753340694906\"><div class=\"ult-team-member-image\" style=\"\"> <img decoding=\"async\" class=\"\" src=\"https:\/\/universidadpyme.fundae.es\/bilbao\/wp-content\/uploads\/2025\/07\/alex-rayon-web.jpg\" alt=\"null\"  style=\"\"><span class=\"ult-team-member-image-overlay \"  ><\/span><\/div><div class=\"ult-team-member-bio-wrap style-1 ultimate-heading69f1ed533876b\" style=\"text-align:center;; \"><div class=\"ult-team-member-name-wrap\"><h2 class=\"ult-team-member-name ult-responsive\"  data-ultimate-target='.ult-team-member-bio-wrap.ultimate-heading69f1ed533876b .ult-team-member-name'  data-responsive-json-new='{\"font-size\":\"desktop:25px;\",\"line-height\":\"\"}'  style=\"font-weight:bold;color:#262626;\">Alex Ray\u00f3n<\/h2><div class=\"ult-team-member-position ult-responsive\"  data-ultimate-target='.ult-team-member-bio-wrap.ultimate-heading69f1ed533876b .ult-team-member-position'  data-responsive-json-new='{\"font-size\":\"desktop:18px;\",\"line-height\":\"\"}'  style=\"color:#262626;\">Visiting Professor de la Universidad Pontificia Comillas<\/div><div class=\"ult-team-member-description ult-responsive\"  data-ultimate-target='.ult-team-member-bio-wrap.ultimate-heading69f1ed533876b .ult-team-member-description'  data-responsive-json-new='{\"font-size\":\"\",\"line-height\":\"\"}'  style=\"\"><p><\/p>\n<p class=\"resena none\">CEO de Brain &amp; Code (brainandcode.tech). Doctor en Inform\u00e1tica y Telecomunicaciones, ha sido profesor, consultor y desarrollador en el \u00e1mbito de la programaci\u00f3n y la inteligencia artificial durante los \u00faltimos quince a\u00f1os. Ha dirigido proyectos de implantaci\u00f3n de soluciones de transformaci\u00f3n digital en pymes y grandes empresas. Es tambi\u00e9n editor de la newsletter digitaldata.substack.com (17.000 suscriptores).<\/p>\n<p><\/p><\/div><div style=\"margin-bottom:15px\"><\/div><\/div><\/div><\/div><div class=\"ult-team-member-wrap ult-style-1 team_item itemhover  vc_custom_1753354218997\"><div class=\"ult-team-member-image\" style=\"\"> <img decoding=\"async\" class=\"\" src=\"https:\/\/universidadpyme.fundae.es\/bilbao\/wp-content\/uploads\/2025\/07\/alona-velasco.jpg\" alt=\"null\"  style=\"\"><span class=\"ult-team-member-image-overlay \"  ><\/span><\/div><div class=\"ult-team-member-bio-wrap style-1 ultimate-heading69f1ed5338987\" style=\"text-align:center;; \"><div class=\"ult-team-member-name-wrap\"><h2 class=\"ult-team-member-name ult-responsive\"  data-ultimate-target='.ult-team-member-bio-wrap.ultimate-heading69f1ed5338987 .ult-team-member-name'  data-responsive-json-new='{\"font-size\":\"desktop:25px;\",\"line-height\":\"\"}'  style=\"font-weight:bold;color:#262626;\">Alo\u00f1a Velasco<\/h2><div class=\"ult-team-member-position ult-responsive\"  data-ultimate-target='.ult-team-member-bio-wrap.ultimate-heading69f1ed5338987 .ult-team-member-position'  data-responsive-json-new='{\"font-size\":\"desktop:18px;\",\"line-height\":\"\"}'  style=\"color:#262626;\">Conductora de la jornada<\/div><div class=\"ult-team-member-description ult-responsive\"  data-ultimate-target='.ult-team-member-bio-wrap.ultimate-heading69f1ed5338987 .ult-team-member-description'  data-responsive-json-new='{\"font-size\":\"\",\"line-height\":\"\"}'  style=\"\"><p><\/p>\n<p class=\"resena none\">Periodista con m\u00e1s de 25 a\u00f1os de experiencia. Actualmente trabaja en Cadena SER Euskadi donde dirige un programa y desempe\u00f1a tambi\u00e9n funciones en el \u00e1rea de informativos. A lo largo de todos estos a\u00f1os, ha trabajado tambi\u00e9n en televisi\u00f3n y en gabinetes de comunicaci\u00f3n, as\u00ed como en la docencia impartiendo la asignatura de Radio en la Universidad de Navarra. Compatibiliza su trabajo en la radio con la conducci\u00f3n de foros y congresos.<\/p>\n<p><\/p><\/div><div style=\"margin-bottom:15px\"><\/div><\/div><\/div><\/div>[\/vc_column][vc_column width=\u00bb1\/4&#8243;]<div class=\"ult-team-member-wrap ult-style-1 team_item itemhover  vc_custom_1753354335654\"><div class=\"ult-team-member-image\" style=\"\"> <img decoding=\"async\" class=\"\" src=\"https:\/\/universidadpyme.fundae.es\/bilbao\/wp-content\/uploads\/2025\/07\/inigo-guinea-web.jpg\" alt=\"null\"  style=\"\"><span class=\"ult-team-member-image-overlay \"  ><\/span><\/div><div class=\"ult-team-member-bio-wrap style-1 ultimate-heading69f1ed5338b94\" style=\"text-align:center;; \"><div class=\"ult-team-member-name-wrap\"><h2 class=\"ult-team-member-name ult-responsive\"  data-ultimate-target='.ult-team-member-bio-wrap.ultimate-heading69f1ed5338b94 .ult-team-member-name'  data-responsive-json-new='{\"font-size\":\"desktop:25px;\",\"line-height\":\"\"}'  style=\"font-weight:bold;color:#262626;\">I\u00f1igo Guinea<\/h2><div class=\"ult-team-member-position ult-responsive\"  data-ultimate-target='.ult-team-member-bio-wrap.ultimate-heading69f1ed5338b94 .ult-team-member-position'  data-responsive-json-new='{\"font-size\":\"desktop:18px;\",\"line-height\":\"\"}'  style=\"color:#262626;\">Managing Director de Guiar Group<\/div><div class=\"ult-team-member-description ult-responsive\"  data-ultimate-target='.ult-team-member-bio-wrap.ultimate-heading69f1ed5338b94 .ult-team-member-description'  data-responsive-json-new='{\"font-size\":\"\",\"line-height\":\"\"}'  style=\"\"><p><\/p>\n<p class=\"resena none\">Consejero delegado del holding familiar GUIAR GROUP, propietaria de la empresa GHI Smart Furnaces. Licenciado en ADE por la Universidad Comercial de Deusto y MBA por el IESE y The Warton School.<br \/>\nAntes de incorporarse a la empresa familiar, fue director general en una empresa de distribuci\u00f3n.<br \/>\nEn 2017 fue nombrado CEO de GHI Smart Furnaces, puesto que ha desempe\u00f1ado hasta enero de 2025, fecha en la que se centra en tareas estrat\u00e9gicas del grupo familiar y en la potenciaci\u00f3n del reciclado, la digitalizaci\u00f3n y la descarbonizaci\u00f3n de sus clientes.<\/p><\/div><div style=\"margin-bottom:15px\"><\/div><\/div><\/div><\/div><div class=\"ult-team-member-wrap ult-style-1 team_item itemhover  vc_custom_1757336929414\"><div class=\"ult-team-member-image\" style=\"\"> <img decoding=\"async\" class=\"\" src=\"https:\/\/universidadpyme.fundae.es\/bilbao\/wp-content\/uploads\/2025\/09\/Estibaliz-Leon.jpg\" alt=\"null\"  style=\"\"><span class=\"ult-team-member-image-overlay \"  ><\/span><\/div><div class=\"ult-team-member-bio-wrap style-1 ultimate-heading69f1ed5338da0\" style=\"text-align:center;; \"><div class=\"ult-team-member-name-wrap\"><h2 class=\"ult-team-member-name ult-responsive\"  data-ultimate-target='.ult-team-member-bio-wrap.ultimate-heading69f1ed5338da0 .ult-team-member-name'  data-responsive-json-new='{\"font-size\":\"desktop:25px;\",\"line-height\":\"\"}'  style=\"font-weight:bold;color:#262626;\">Est\u00edbaliz Le\u00f3n Fern\u00e1ndez<\/h2><div class=\"ult-team-member-position ult-responsive\"  data-ultimate-target='.ult-team-member-bio-wrap.ultimate-heading69f1ed5338da0 .ult-team-member-position'  data-responsive-json-new='{\"font-size\":\"desktop:18px;\",\"line-height\":\"\"}'  style=\"color:#262626;\">Directora 42 Urduliz Bizkaia. Fundaci\u00f3n Telef\u00f3nica<\/div><div class=\"ult-team-member-description ult-responsive\"  data-ultimate-target='.ult-team-member-bio-wrap.ultimate-heading69f1ed5338da0 .ult-team-member-description'  data-responsive-json-new='{\"font-size\":\"\",\"line-height\":\"\"}'  style=\"\"><p><\/p>\n<p class=\"resena none\">Licenciada en Publicidad y Relaciones P\u00fablicas por la Universidad del Pa\u00eds Vasco con M\u00e1ster en Comunicaci\u00f3n por la Universidad de Barcelona. Experta en comunicaci\u00f3n social de la innovaci\u00f3n y en la coordinaci\u00f3n de iniciativas de Educaci\u00f3n STEAM, es desde 2022 directora del campus de programaci\u00f3n 42 Urduliz Bizkaia, impulsado por Fundaci\u00f3n Telef\u00f3nica y Diputaci\u00f3n Foral de Bizkaia.<\/p>\n<p><\/p><\/div><div style=\"margin-bottom:15px\"><\/div><\/div><\/div><\/div><div class=\"ult-team-member-wrap ult-style-1 team_item itemhover  vc_custom_1753340578046\"><div class=\"ult-team-member-image\" style=\"\"> <img decoding=\"async\" class=\"\" src=\"https:\/\/universidadpyme.fundae.es\/bilbao\/wp-content\/uploads\/2025\/07\/Laura-marron-web.jpg\" alt=\"null\"  style=\"\"><span class=\"ult-team-member-image-overlay \"  ><\/span><\/div><div class=\"ult-team-member-bio-wrap style-1 ultimate-heading69f1ed5338ff7\" style=\"text-align:center;; \"><div class=\"ult-team-member-name-wrap\"><h2 class=\"ult-team-member-name ult-responsive\"  data-ultimate-target='.ult-team-member-bio-wrap.ultimate-heading69f1ed5338ff7 .ult-team-member-name'  data-responsive-json-new='{\"font-size\":\"desktop:25px;\",\"line-height\":\"\"}'  style=\"font-weight:bold;color:#262626;\">Laura Marr\u00f3n<\/h2><div class=\"ult-team-member-position ult-responsive\"  data-ultimate-target='.ult-team-member-bio-wrap.ultimate-heading69f1ed5338ff7 .ult-team-member-position'  data-responsive-json-new='{\"font-size\":\"desktop:18px;\",\"line-height\":\"\"}'  style=\"color:#262626;\">Directora General de Basque Artificial Intelligence Center<\/div><div class=\"ult-team-member-description ult-responsive\"  data-ultimate-target='.ult-team-member-bio-wrap.ultimate-heading69f1ed5338ff7 .ult-team-member-description'  data-responsive-json-new='{\"font-size\":\"\",\"line-height\":\"\"}'  style=\"\"><p><\/p>\n<p class=\"resena none\">Ingeniera de telecomunicaciones y executive MBA con m\u00e1s de 15 a\u00f1os de experiencia en \u00e1mbitos tecnol\u00f3gicos. Desarroll\u00f3 su carrera profesional previa en el sector energ\u00e9tico, orientada a la gesti\u00f3n empresarial y de proyectos, donde adquiere una s\u00f3lida base t\u00e9cnica.<br \/>\nSu misi\u00f3n es acelerar la implantaci\u00f3n de la inteligencia artificial en la industria vasca, para posicionar a Euskadi como polo de referencia internacional.<\/p><\/div><div style=\"margin-bottom:15px\"><\/div><\/div><\/div><\/div><div class=\"ult-team-member-wrap ult-style-1 team_item  vc_custom_1758183043588\"><div class=\"ult-team-member-image\" style=\"\"> <img decoding=\"async\" class=\"\" src=\"https:\/\/universidadpyme.fundae.es\/bilbao\/wp-content\/uploads\/2025\/09\/Carlos_Pereda.jpg\" alt=\"null\"  style=\"\"><span class=\"ult-team-member-image-overlay \"  ><\/span><\/div><div class=\"ult-team-member-bio-wrap style-1 ultimate-heading69f1ed5339219\" style=\"text-align:center;; \"><div class=\"ult-team-member-name-wrap\"><h2 class=\"ult-team-member-name ult-responsive\"  data-ultimate-target='.ult-team-member-bio-wrap.ultimate-heading69f1ed5339219 .ult-team-member-name'  data-responsive-json-new='{\"font-size\":\"desktop:25px;\",\"line-height\":\"\"}'  style=\"font-weight:bold;color:#262626;\">Carlos Pereda<\/h2><div class=\"ult-team-member-position ult-responsive\"  data-ultimate-target='.ult-team-member-bio-wrap.ultimate-heading69f1ed5339219 .ult-team-member-position'  data-responsive-json-new='{\"font-size\":\"desktop:18px;\",\"line-height\":\"\"}'  style=\"color:#262626;\">Responsable de empleo de Confebask<\/div><div style=\"margin-bottom:15px\"><\/div><\/div><\/div><\/div><div class=\"ult-team-member-wrap ult-style-1 team_item itemhover  vc_custom_1753340544034\"><div class=\"ult-team-member-image\" style=\"\"> <img decoding=\"async\" class=\"\" src=\"https:\/\/universidadpyme.fundae.es\/bilbao\/wp-content\/uploads\/2025\/07\/francisco-miguel-sanchez-web.jpg\" alt=\"null\"  style=\"\"><span class=\"ult-team-member-image-overlay \"  ><\/span><\/div><div class=\"ult-team-member-bio-wrap style-1 ultimate-heading69f1ed5339434\" style=\"text-align:center;; \"><div class=\"ult-team-member-name-wrap\"><h2 class=\"ult-team-member-name ult-responsive\"  data-ultimate-target='.ult-team-member-bio-wrap.ultimate-heading69f1ed5339434 .ult-team-member-name'  data-responsive-json-new='{\"font-size\":\"desktop:25px;\",\"line-height\":\"\"}'  style=\"font-weight:bold;color:#262626;\">Francisco Miguel S\u00e1nchez<\/h2><div class=\"ult-team-member-position ult-responsive\"  data-ultimate-target='.ult-team-member-bio-wrap.ultimate-heading69f1ed5339434 .ult-team-member-position'  data-responsive-json-new='{\"font-size\":\"desktop:18px;\",\"line-height\":\"\"}'  style=\"color:#262626;\">Director Cient\u00edfico del Centro de Cirug\u00eda de M\u00ednima Invasi\u00f3n Jes\u00fas Us\u00f3n<\/div><div class=\"ult-team-member-description ult-responsive\"  data-ultimate-target='.ult-team-member-bio-wrap.ultimate-heading69f1ed5339434 .ult-team-member-description'  data-responsive-json-new='{\"font-size\":\"\",\"line-height\":\"\"}'  style=\"\"><p><\/p>\n<p class=\"resena none\">Licenciado y Doctor en Veterinaria por la Universidad de Extremadura (UEx). Director Cient\u00edfico del CCMIJU, subdirector de la ICTS NANBIOSIS y director del Centro Universitario adscrito a la UEx. Ha participado en m\u00e1s 100 proyectos de I+D+i liderando proyectos nacionales e internacionales en t\u00e9cnicas quir\u00fargicas avanzadas, cirug\u00eda rob\u00f3tica, terapias innovadoras, biomateriales y validaci\u00f3n de tecnolog\u00edas sanitarias.<\/p>\n<p><\/p><\/div><div style=\"margin-bottom:15px\"><\/div><\/div><\/div><\/div>[\/vc_column][\/vc_row]<\/p>\n<\/section>","protected":false},"excerpt":{"rendered":"<p>[vc_row][vc_column][\/vc_column][\/vc_row][vc_row margin_top=\u00bb100px\u00bb margin_bottom=\u00bb130px\u00bb css=\u00bb.vc_custom_1666768255273{margin-bottom: 280px !important;}\u00bb el_class=\u00bbfila_ponentes\u00bb][vc_column width=\u00bb1\/4&#8243;][\/vc_column][vc_column width=\u00bb1\/4&#8243;][\/vc_column][vc_column width=\u00bb1\/4&#8243;][\/vc_column][vc_column width=\u00bb1\/4&#8243;][\/vc_column][\/vc_row]<\/p>\n","protected":false},"author":1,"featured_media":0,"parent":0,"menu_order":450,"comment_status":"closed","ping_status":"closed","template":"","meta":{"footnotes":""},"class_list":["post-302","page","type-page","status-publish","hentry"],"_links":{"self":[{"href":"https:\/\/universidadpyme.fundae.es\/bilbao\/wp-json\/wp\/v2\/pages\/302","targetHints":{"allow":["GET"]}}],"collection":[{"href":"https:\/\/universidadpyme.fundae.es\/bilbao\/wp-json\/wp\/v2\/pages"}],"about":[{"href":"https:\/\/universidadpyme.fundae.es\/bilbao\/wp-json\/wp\/v2\/types\/page"}],"author":[{"embeddable":true,"href":"https:\/\/universidadpyme.fundae.es\/bilbao\/wp-json\/wp\/v2\/users\/1"}],"replies":[{"embeddable":true,"href":"https:\/\/universidadpyme.fundae.es\/bilbao\/wp-json\/wp\/v2\/comments?post=302"}],"version-history":[{"count":246,"href":"https:\/\/universidadpyme.fundae.es\/bilbao\/wp-json\/wp\/v2\/pages\/302\/revisions"}],"predecessor-version":[{"id":3457,"href":"https:\/\/universidadpyme.fundae.es\/bilbao\/wp-json\/wp\/v2\/pages\/302\/revisions\/3457"}],"wp:attachment":[{"href":"https:\/\/universidadpyme.fundae.es\/bilbao\/wp-json\/wp\/v2\/media?parent=302"}],"curies":[{"name":"wp","href":"https:\/\/api.w.org\/{rel}","templated":true}]}}