{"version":"1.0","provider_name":"Universidad PYME C\u00f3rdoba","provider_url":"https:\/\/universidadpyme.fundae.es\/cordoba","author_name":"masanpar","author_url":"https:\/\/universidadpyme.fundae.es\/cordoba\/author\/masanpar\/","title":"Universidad Pyme llega a C\u00f3rdoba - Universidad PYME C\u00f3rdoba","type":"rich","width":600,"height":338,"html":"<blockquote class=\"wp-embedded-content\" data-secret=\"cV8Y0cpo9f\"><a href=\"https:\/\/universidadpyme.fundae.es\/cordoba\/2024\/02\/14\/universidad-pyme-llega-a-cordoba\/\">Universidad Pyme llega a C\u00f3rdoba<\/a><\/blockquote><iframe sandbox=\"allow-scripts\" security=\"restricted\" src=\"https:\/\/universidadpyme.fundae.es\/cordoba\/2024\/02\/14\/universidad-pyme-llega-a-cordoba\/embed\/#?secret=cV8Y0cpo9f\" width=\"600\" height=\"338\" title=\"\u00abUniversidad Pyme llega a C\u00f3rdoba\u00bb \u2014 Universidad PYME C\u00f3rdoba\" data-secret=\"cV8Y0cpo9f\" frameborder=\"0\" marginwidth=\"0\" marginheight=\"0\" scrolling=\"no\" class=\"wp-embedded-content\"><\/iframe><script type=\"text\/javascript\">\n\/* <![CDATA[ *\/\n\/*! This file is auto-generated *\/\n!function(d,l){\"use strict\";l.querySelector&&d.addEventListener&&\"undefined\"!=typeof URL&&(d.wp=d.wp||{},d.wp.receiveEmbedMessage||(d.wp.receiveEmbedMessage=function(e){var t=e.data;if((t||t.secret||t.message||t.value)&&!\/[^a-zA-Z0-9]\/.test(t.secret)){for(var s,r,n,a=l.querySelectorAll('iframe[data-secret=\"'+t.secret+'\"]'),o=l.querySelectorAll('blockquote[data-secret=\"'+t.secret+'\"]'),c=new RegExp(\"^https?:$\",\"i\"),i=0;i<o.length;i++)o[i].style.display=\"none\";for(i=0;i<a.length;i++)s=a[i],e.source===s.contentWindow&&(s.removeAttribute(\"style\"),\"height\"===t.message?(1e3<(r=parseInt(t.value,10))?r=1e3:~~r<200&&(r=200),s.height=r):\"link\"===t.message&&(r=new URL(s.getAttribute(\"src\")),n=new URL(t.value),c.test(n.protocol))&&n.host===r.host&&l.activeElement===s&&(d.top.location.href=t.value))}},d.addEventListener(\"message\",d.wp.receiveEmbedMessage,!1),l.addEventListener(\"DOMContentLoaded\",function(){for(var e,t,s=l.querySelectorAll(\"iframe.wp-embedded-content\"),r=0;r<s.length;r++)(t=(e=s[r]).getAttribute(\"data-secret\"))||(t=Math.random().toString(36).substring(2,12),e.src+=\"#?secret=\"+t,e.setAttribute(\"data-secret\",t)),e.contentWindow.postMessage({message:\"ready\",secret:t},\"*\")},!1)))}(window,document);\n\/\/# sourceURL=https:\/\/universidadpyme.fundae.es\/cordoba\/wp-includes\/js\/wp-embed.min.js\n\/* ]]> *\/\n<\/script>\n","thumbnail_url":"https:\/\/universidadpyme.fundae.es\/cordoba\/wp-content\/uploads\/2024\/02\/el-dia-de-cordoba-foto-web-2.png","thumbnail_width":667,"thumbnail_height":375,"description":"[vc_row][vc_column width=\u00bb1\/6&#8243;][\/vc_column][vc_column width=\u00bb2\/3&#8243;][vc_column_text]14\/02\/2024 El D\u00eda de C\u00f3rdoba &#8211; &nbsp; Las pymes, aut\u00f3nomos, emprendedores y profesionales tienen una cita en C\u00f3rdoba con el progreso, la empleabilidad y la transformaci\u00f3n digital del sector agro &nbsp; Universidad Pyme es una apuesta \u00fanica de\u00a0Fundae\u00a0y\u00a0SEPE\u00a0hacia el progreso, la mejora y la digitalizaci\u00f3n de las pymes y aut\u00f3nomos de nuestro pa\u00eds.&hellip;"}