{"id":9,"date":"2014-03-18T10:03:13","date_gmt":"2014-03-18T10:03:13","guid":{"rendered":"http:\/\/the7.dream-demo.com\/business\/?page_id=7"},"modified":"2024-02-15T09:35:47","modified_gmt":"2024-02-15T09:35:47","slug":"fundae","status":"publish","type":"page","link":"https:\/\/universidadpyme.fundae.es\/cordoba\/fundae\/","title":{"rendered":"FUNDAE"},"content":{"rendered":"<section class=\"wpb-content-wrapper\"><p>[vc_row][vc_column]\n\t\t\t<!-- START Fundae REVOLUTION SLIDER 6.6.10 --><p class=\"rs-p-wp-fix\"><\/p>\n\t\t\t<rs-module-wrap id=\"rev_slider_15_1_wrapper\" data-source=\"gallery\" style=\"visibility:hidden;background:transparent;padding:0;margin:0px auto;margin-top:0;margin-bottom:0;\">\n\t\t\t\t<rs-module id=\"rev_slider_15_1\" style=\"\" data-version=\"6.6.10\">\n\t\t\t\t\t<rs-slides style=\"overflow: hidden; position: absolute;\">\n\t\t\t\t\t\t<rs-slide style=\"position: absolute;\" data-key=\"rs-18\" data-title=\"Slide\" data-anim=\"adpr:false;ms:600;\" data-in=\"o:0;\" data-out=\"a:false;\">\n\t\t\t\t\t\t\t<img fetchpriority=\"high\" decoding=\"async\" src=\"\/\/universidadpyme.fundae.es\/cordoba\/wp-content\/plugins\/revslider\/public\/assets\/assets\/dummy.png\" alt=\"Slide\" title=\"fondo_degradado\" width=\"2540\" height=\"1143\" class=\"rev-slidebg tp-rs-img rs-lazyload\" data-lazyload=\"\/\/universidadpyme.fundae.es\/cordoba\/wp-content\/plugins\/revslider\/public\/assets\/assets\/transparent.png\" data-bg=\"p:right center;c:#d3741c;\" data-no-retina>\n<!--\n\t\t\t\t\t\t\t--><rs-layer\n\t\t\t\t\t\t\t\tid=\"slider-15-slide-18-layer-0\" \n\t\t\t\t\t\t\t\tdata-type=\"text\"\n\t\t\t\t\t\t\t\tdata-color=\"#24272a\"\n\t\t\t\t\t\t\t\tdata-rsp_ch=\"on\"\n\t\t\t\t\t\t\t\tdata-xy=\"xo:25px,48px,52px,34px;yo:173px,390px,335px,312px;\"\n\t\t\t\t\t\t\t\tdata-text=\"w:normal;s:30,25,25,20;l:38,30,30,25;ls:0px,0px,0px,2px;fw:700;\"\n\t\t\t\t\t\t\t\tdata-dim=\"w:612px,955px,667px,411px;\"\n\t\t\t\t\t\t\t\tdata-frame_1=\"st:1330;sp:1200;sR:1330;\"\n\t\t\t\t\t\t\t\tdata-frame_999=\"o:0;st:w;sR:6470;\"\n\t\t\t\t\t\t\t\tstyle=\"z-index:7;font-family:'Nexa';\"\n\t\t\t\t\t\t\t>La Fundaci\u00f3n Estatal para la Formaci\u00f3n en el Empleo, Fundae, es la entidad colaboradora y de apoyo t\u00e9cnico del Servicio P\u00fablico de Empleo Estatal, SEPE, en materia de formaci\u00f3n profesional para el empleo. Tambi\u00e9n tiene funciones de apoyo al Ministerio de Trabajo en el desarrollo estrat\u00e9gico de este sistema de formaci\u00f3n \n\t\t\t\t\t\t\t<\/rs-layer><!--\n\n\t\t\t\t\t\t\t--><a\n\t\t\t\t\t\t\t\tid=\"slider-15-slide-18-layer-1\" \n\t\t\t\t\t\t\t\tclass=\"rs-layer rev-btn\"\n\t\t\t\t\t\t\t\thref=\"https:\/\/formularios.businessplus.es\/UniversidadPyme?clave=mcYrmRJa0CHtQFBtg9Ww\" target=\"_blank\" rel=\"noopener\"\n\t\t\t\t\t\t\t\tdata-type=\"button\"\n\t\t\t\t\t\t\t\tdata-rsp_ch=\"on\"\n\t\t\t\t\t\t\t\tdata-xy=\"x:l,c,c,c;xo:1030px,168px,-1px,96px;yo:467px,298px,526px,238px;\"\n\t\t\t\t\t\t\t\tdata-text=\"w:normal;s:20,26,26,26;l:55,45,40,34;a:center;\"\n\t\t\t\t\t\t\t\tdata-dim=\"w:217px,186px,186px,180px;h:auto,46px,46px,39px;minh:0px,none,none,none;\"\n\t\t\t\t\t\t\t\tdata-vbility=\"f,f,f,f\"\n\t\t\t\t\t\t\t\tdata-padding=\"t:0,0,5,5;r:25,19,14,7;l:25,19,14,7;\"\n\t\t\t\t\t\t\t\tdata-border=\"bor:5px,5px,5px,5px;\"\n\t\t\t\t\t\t\t\tdata-frame_1=\"st:1350;sp:1200;sR:1350;\"\n\t\t\t\t\t\t\t\tdata-frame_999=\"o:0;st:w;sR:6450;\"\n\t\t\t\t\t\t\t\tdata-frame_hover=\"bgc:#007aff;bor:5px,5px,5px,5px;bri:120%;\"\n\t\t\t\t\t\t\t\tstyle=\"z-index:10;background-color:#001d85;font-family:'Nexa';\"\n\t\t\t\t\t\t\t>Inscr\u00edbete \n\t\t\t\t\t\t\t<\/a><!--\n\n\t\t\t\t\t\t\t--><rs-layer\n\t\t\t\t\t\t\t\tid=\"slider-15-slide-18-layer-2\" \n\t\t\t\t\t\t\t\tdata-type=\"text\"\n\t\t\t\t\t\t\t\tdata-color=\"#001d85\"\n\t\t\t\t\t\t\t\tdata-rsp_ch=\"on\"\n\t\t\t\t\t\t\t\tdata-xy=\"xo:24px,50px,53px,35px;y:m;yo:-170px,79px,13px,-8px;\"\n\t\t\t\t\t\t\t\tdata-text=\"w:normal;s:45,45,48,30;l:50,45,53,35;ls:1px;fw:700;\"\n\t\t\t\t\t\t\t\tdata-dim=\"w:671px,410px,325px,384px;h:auto,58px,auto,29px;\"\n\t\t\t\t\t\t\t\tdata-margin=\"b:30;\"\n\t\t\t\t\t\t\t\tdata-frame_0=\"y:100%;\"\n\t\t\t\t\t\t\t\tdata-frame_0_mask=\"u:t;y:100%;\"\n\t\t\t\t\t\t\t\tdata-frame_1=\"x:0,0,0px,0px;y:0,0,0px,0px;e:power2.inOut;st:1350;sp:1200;sR:1350;\"\n\t\t\t\t\t\t\t\tdata-frame_1_mask=\"u:t;x:0,0,0px,0px;y:0,0,0px,0px;\"\n\t\t\t\t\t\t\t\tdata-frame_999=\"o:0;e:nothing;st:w;sR:6450;\"\n\t\t\t\t\t\t\t\tstyle=\"z-index:8;font-family:'Nexa';\"\n\t\t\t\t\t\t\t>Fundae \n\t\t\t\t\t\t\t<\/rs-layer><!--\n\n\t\t\t\t\t\t\t--><rs-layer\n\t\t\t\t\t\t\t\tid=\"slider-15-slide-18-layer-4\" \n\t\t\t\t\t\t\t\tdata-type=\"image\"\n\t\t\t\t\t\t\t\tdata-rsp_ch=\"on\"\n\t\t\t\t\t\t\t\tdata-xy=\"x:r,c,c,c;xo:28px,18px,0,-7px;y:m;yo:19px,-88px,-134px,-148px;\"\n\t\t\t\t\t\t\t\tdata-text=\"w:normal;s:20,15,11,6;l:0,18,13,8;\"\n\t\t\t\t\t\t\t\tdata-dim=\"w:647px,507px,386px,383px;h:397px,311px,237px,235px;\"\n\t\t\t\t\t\t\t\tdata-frame_1=\"st:1320;sp:1220;sR:1320;\"\n\t\t\t\t\t\t\t\tdata-frame_999=\"o:0;st:w;sR:6460;\"\n\t\t\t\t\t\t\t\tstyle=\"z-index:9;\"\n\t\t\t\t\t\t\t><img decoding=\"async\" src=\"\/\/universidadpyme.fundae.es\/cordoba\/wp-content\/plugins\/revslider\/public\/assets\/assets\/dummy.png\" alt=\"\" class=\"tp-rs-img rs-lazyload\" width=\"1119\" height=\"687\" data-lazyload=\"\/\/universidadpyme.fundae.es\/cordoba\/wp-content\/uploads\/2024\/02\/logo-UP-nuevo-desnivel-e1707814323981.png\" data-no-retina> \n\t\t\t\t\t\t\t<\/rs-layer><!--\n-->\t\t\t\t\t\t<\/rs-slide>\n\t\t\t\t\t<\/rs-slides>\n\t\t\t\t<\/rs-module>\n\t\t\t\t<script>\n\t\t\t\t\tsetREVStartSize({c: 'rev_slider_15_1',rl:[1240,1024,778,480],el:[600,550,600,600],gw:[1350,1024,778,480],gh:[600,550,600,600],type:'standard',justify:'',layout:'fullwidth',mh:\"600\"});if (window.RS_MODULES!==undefined && window.RS_MODULES.modules!==undefined && window.RS_MODULES.modules[\"revslider151\"]!==undefined) {window.RS_MODULES.modules[\"revslider151\"].once = false;window.revapi15 = undefined;if (window.RS_MODULES.checkMinimal!==undefined) window.RS_MODULES.checkMinimal()}\n\t\t\t\t<\/script>\n\t\t\t<\/rs-module-wrap>\n\t\t\t<!-- END REVOLUTION SLIDER -->\n[\/vc_column][\/vc_row][vc_row][vc_column css=\u00bb.vc_custom_1695387012997{margin-top: 100px !important;}\u00bb][\/vc_column][\/vc_row][vc_row el_class=\u00bbcontainer-max\u00bb][vc_column el_class=\u00bbazul_titulo\u00bb][vc_column_text el_class=\u00bbtitulo-azul\u00bb css=\u00bb.vc_custom_1695387464582{padding-top: 100px !important;}\u00bb]<\/p>\n<p style=\"text-align: left;\">\u00bfQu\u00e9 te ofrece Fundae?<\/p>\n<p>[\/vc_column_text][\/vc_column][\/vc_row][vc_row][vc_column][vc_row_inner css=\u00bb.vc_custom_1695902457322{margin-top: 100px !important;margin-bottom: 100px !important;}\u00bb el_class=\u00bbfundae_row_tres\u00bb][vc_column_inner el_class=\u00bbfundae_row_1&#8243; width=\u00bb1\/3&#8243; css=\u00bb.vc_custom_1695719648705{margin-top: 30px !important;padding-right: 50px !important;}\u00bb][vc_single_image image=\u00bb1232&#8243; alignment=\u00bbcenter\u00bb][vc_single_image image=\u00bb1798&#8243; img_size=\u00bblarge\u00bb alignment=\u00bbcenter\u00bb onclick=\u00bbcustom_link\u00bb img_link_target=\u00bb_blank\u00bb el_class=\u00bbimg_fundae\u00bb link=\u00bbhttps:\/\/www.fundae.es\/empresas\u00bb css=\u00bb.vc_custom_1674149283867{margin-bottom: 40px !important;}\u00bb][vc_column_text css=\u00bb.vc_custom_1696408354038{margin-right: 10px !important;margin-bottom: 31px !important;}\u00bb el_class=\u00bbfundae_texto\u00bb]<\/p>\n<p style=\"text-align: center;\"><a class=\"link-fundae\" href=\"https:\/\/www.fundae.es\/empresas\" target=\"_blank\" rel=\"noopener\"><strong>\u00bfEres una Empresa?<br \/>\nBonifica tu formaci\u00f3n<\/strong><\/a>[\/vc_column_text][\/vc_column_inner][vc_column_inner el_class=\u00bbfundae_row_1&#8243; width=\u00bb1\/3&#8243; css=\u00bb.vc_custom_1695719633960{margin-top: 30px !important;border-right-width: 10px !important;}\u00bb][vc_single_image image=\u00bb1236&#8243; alignment=\u00bbcenter\u00bb el_class=\u00bbimg_fundae\u00bb][vc_single_image image=\u00bb1799&#8243; img_size=\u00bblarge\u00bb alignment=\u00bbcenter\u00bb onclick=\u00bbcustom_link\u00bb img_link_target=\u00bb_blank\u00bb el_class=\u00bbimg_fundae\u00bb link=\u00bbhttps:\/\/digitalizateplus.fundae.es\/buscador\u00bb css=\u00bb.vc_custom_1695827507645{margin-bottom: 40px !important;}\u00bb][vc_column_text css=\u00bb.vc_custom_1696408000013{padding-bottom: 31px !important;}\u00bb]<\/p>\n<p style=\"text-align: center;\"><a class=\"link-fundae\" href=\"https:\/\/digitalizateplus.fundae.es\/buscador\" target=\"_blank\" rel=\"noopener\"><strong>Encuentra la formaci\u00f3n<br \/>\nque necesitas en nuestro Buscador de cursos<\/strong><\/a>[\/vc_column_text][\/vc_column_inner][vc_column_inner el_class=\u00bbfundae_row_1&#8243; width=\u00bb1\/3&#8243; css=\u00bb.vc_custom_1695719642023{margin-top: 30px !important;}\u00bb][vc_single_image image=\u00bb1229&#8243; alignment=\u00bbcenter\u00bb][vc_single_image image=\u00bb1800&#8243; img_size=\u00bblarge\u00bb alignment=\u00bbcenter\u00bb onclick=\u00bbcustom_link\u00bb img_link_target=\u00bb_blank\u00bb css=\u00bb.vc_custom_1674149366982{margin-top: px !important;margin-bottom: 40px !important;}\u00bb el_class=\u00bbimg_fundae\u00bb link=\u00bbhttps:\/\/digitalizateplus.fundae.es\/digitalizate\/1&#8243;][vc_column_text css=\u00bb.vc_custom_1696408048749{margin-top: 30px !important;margin-bottom: 31px !important;}\u00bb]<\/p>\n<p style=\"text-align: center;\"><a class=\"link-fundae\" href=\"https:\/\/digitalizateplus.fundae.es\/digitalizate\/1\" target=\"_blank\" rel=\"noopener\"> <strong>Formaci\u00f3n gratuita<br \/>\ny de calidad en Digital\u00edzatePlus<\/strong><\/a>[\/vc_column_text][\/vc_column_inner][\/vc_row_inner][vc_row_inner][vc_column_inner][vc_column_text css=\u00bb.vc_custom_1695661219996{padding-left: 180px !important;}\u00bb]<strong><span class=\"titulo-azul\">Conoce el Sistema de formaci\u00f3n profesional para el Empleo<\/span><\/strong>[\/vc_column_text][\/vc_column_inner][\/vc_row_inner][\/vc_column][\/vc_row][vc_row el_class=\u00bbrow-1200&#8243;][vc_column][vc_row_inner gap=\u00bb35&#8243; css=\u00bb.vc_custom_1666797667685{margin-top: 100px !important;margin-right: 50px !important;margin-bottom: 150px !important;margin-left: 50px !important;border-top-width: px !important;background-position: center !important;background-repeat: no-repeat !important;background-size: contain !important;border-radius: 3px !important;}\u00bb][vc_column_inner el_class=\u00bbfundae_row\u00bb width=\u00bb1\/2&#8243; css=\u00bb.vc_custom_1674553330911{margin-bottom: 195px !important;border-radius: 3px !important;}\u00bb][vc_single_image image=\u00bb1801&#8243; img_size=\u00bblarge\u00bb alignment=\u00bbcenter\u00bb onclick=\u00bbcustom_link\u00bb img_link_target=\u00bb_blank\u00bb css=\u00bb.vc_custom_1674470854905{margin-bottom: 40px !important;}\u00bb el_class=\u00bbimg_fundae\u00bb][vc_column_text css=\u00bb.vc_custom_1695317824072{margin-top: -15px !important;}\u00bb]<\/p>\n<p style=\"text-align: center;\"><strong>Datos\u00a0 del Sistema de formaci\u00f3n<br \/>\npara el Empleo en el a\u00f1o 2022<\/strong>[\/vc_column_text]<span id=\"creative-link-wrap-5109\" class=\"ult_main_cl ult-adjust-bottom-margin  \" >\n\t \t\t\t<span class=\"ult_cl_link_5  ult_crlink\" >\n\t\t\t\t\t<a  data-ultimate-target='#creative-link-wrap-5109 .ult_colorlink'  data-responsive-json-new='{\"font-size\":\"\",\"line-height\":\"\"}'  href=\"https:\/\/universidadpyme.fundae.es\/cordoba\/wp-content\/uploads\/2024\/02\/formacion-para-el-empleo-en-clave-anual-ano-2022-total-nacional.pdf\" target=\"_blank\" rel=\"noopener\"  class=\"ult_colorlink ult-responsive  vc_custom_1707737731565\" style=\"font-weight:normal; \"  data-textcolor=\"#333333\" data-texthover=\"#333333\"data-style=\"Style_5\">\n\t\t\t\t\t\t<span class=\"ult_link_top\" style=\"border-color:#333333;border-bottom-width:1px;border-style:solid;\"><\/span>\n\t\t\t\t\t\t<span data-hover=\"Formaci\u00f3n en las empresas 2022 Total Nacional\" style=\"color:#333333;;;\" class=\"ult_btn10_span   \">Formaci\u00f3n en las empresas 2022 Total Nacional<\/span>\n\t\t\t\t\t\t<span class=\"ult_link_btm  \" style=\"border-color:#333333;border-bottom-width:1px;border-style:solid;\"><\/span>\n\t\t\t\t\t<\/a>\n\t\t\t\t<\/span>\n\t\t\t<\/span>[\/vc_column_inner][vc_column_inner el_class=\u00bbfundae_row\u00bb width=\u00bb1\/2&#8243; css=\u00bb.vc_custom_1674474278703{margin-bottom: -20px !important;}\u00bb][vc_single_image image=\u00bb1802&#8243; img_size=\u00bblarge\u00bb alignment=\u00bbcenter\u00bb onclick=\u00bbcustom_link\u00bb img_link_target=\u00bb_blank\u00bb el_class=\u00bbimg_fundae\u00bb css=\u00bb.vc_custom_1674471748594{margin-top: px !important;}\u00bb][vc_column_text css=\u00bb.vc_custom_1707737900939{margin-top: 20px !important;}\u00bb]<\/p>\n<p style=\"text-align: center;\"><b data-stringify-type=\"bold\">Datos del Sistema de formaci\u00f3n para el Empleo Andaluc\u00eda<\/b><\/p>\n<p>[\/vc_column_text]<span id=\"creative-link-wrap-4979\" class=\"ult_main_cl ult-adjust-bottom-margin  \" >\n\t \t\t\t<span class=\"ult_cl_link_5  ult_crlink\" >\n\t\t\t\t\t<a  data-ultimate-target='#creative-link-wrap-4979 .ult_colorlink'  data-responsive-json-new='{\"font-size\":\"\",\"line-height\":\"\"}'  href=\"https:\/\/universidadpyme.fundae.es\/cordoba\/wp-content\/uploads\/2024\/02\/formacion-para-el-empleo-en-clave-anual-ano-2022-andalucia.pdf\" target=\"_blank\" rel=\"noopener\"  class=\"ult_colorlink ult-responsive  vc_custom_1707737773319\" style=\"font-weight:normal; \"  data-textcolor=\"#333333\" data-texthover=\"#333333\"data-style=\"Style_5\">\n\t\t\t\t\t\t<span class=\"ult_link_top\" style=\"border-color:#333333;border-bottom-width:1px;border-style:solid;\"><\/span>\n\t\t\t\t\t\t<span data-hover=\"Formaci\u00f3n para el empleo en clave anual 2022 Andaluc\u00eda\" style=\"color:#333333;;;\" class=\"ult_btn10_span   \">Formaci\u00f3n para el empleo en clave anual 2022 Andaluc\u00eda<\/span>\n\t\t\t\t\t\t<span class=\"ult_link_btm  \" style=\"border-color:#333333;border-bottom-width:1px;border-style:solid;\"><\/span>\n\t\t\t\t\t<\/a>\n\t\t\t\t<\/span>\n\t\t\t<\/span><span id=\"creative-link-wrap-7933\" class=\"ult_main_cl ult-adjust-bottom-margin  \" >\n\t \t\t\t<span class=\"ult_cl_link_5  ult_crlink\" >\n\t\t\t\t\t<a  data-ultimate-target='#creative-link-wrap-7933 .ult_colorlink'  data-responsive-json-new='{\"font-size\":\"\",\"line-height\":\"\"}'  href=\"https:\/\/universidadpyme.fundae.es\/cordoba\/wp-content\/uploads\/2024\/02\/formacion-en-las-empresas-2022-andalucia.pdf\" target=\"_blank\" rel=\"noopener\"  class=\"ult_colorlink ult-responsive  vc_custom_1707989730828\" style=\"font-weight:normal; \"  data-textcolor=\"#333333\" data-texthover=\"#333333\"data-style=\"Style_5\">\n\t\t\t\t\t\t<span class=\"ult_link_top\" style=\"border-color:#333333;border-bottom-width:1px;border-style:solid;\"><\/span>\n\t\t\t\t\t\t<span data-hover=\"Formaci\u00f3n en las empresas 2022 Andaluc\u00eda\" style=\"color:#333333;;;\" class=\"ult_btn10_span   \">Formaci\u00f3n en las empresas 2022 Andaluc\u00eda<\/span>\n\t\t\t\t\t\t<span class=\"ult_link_btm  \" style=\"border-color:#333333;border-bottom-width:1px;border-style:solid;\"><\/span>\n\t\t\t\t\t<\/a>\n\t\t\t\t<\/span>\n\t\t\t<\/span>[\/vc_column_inner][\/vc_row_inner][\/vc_column][\/vc_row]<\/p>\n<\/section>","protected":false},"excerpt":{"rendered":"<p>[vc_row][vc_column][\/vc_column][\/vc_row][vc_row][vc_column css=\u00bb.vc_custom_1695387012997{margin-top: 100px !important;}\u00bb][\/vc_column][\/vc_row][vc_row el_class=\u00bbcontainer-max\u00bb][vc_column el_class=\u00bbazul_titulo\u00bb][vc_column_text el_class=\u00bbtitulo-azul\u00bb css=\u00bb.vc_custom_1695387464582{padding-top: 100px !important;}\u00bb] \u00bfQu\u00e9 te ofrece Fundae? [\/vc_column_text][\/vc_column][\/vc_row][vc_row][vc_column][vc_row_inner css=\u00bb.vc_custom_1695902457322{margin-top: 100px !important;margin-bottom: 100px !important;}\u00bb el_class=\u00bbfundae_row_tres\u00bb][vc_column_inner el_class=\u00bbfundae_row_1&#8243; width=\u00bb1\/3&#8243; css=\u00bb.vc_custom_1695719648705{margin-top: 30px !important;padding-right: 50px !important;}\u00bb][vc_single_image image=\u00bb1232&#8243; alignment=\u00bbcenter\u00bb][vc_single_image image=\u00bb1798&#8243; img_size=\u00bblarge\u00bb alignment=\u00bbcenter\u00bb onclick=\u00bbcustom_link\u00bb img_link_target=\u00bb_blank\u00bb el_class=\u00bbimg_fundae\u00bb link=\u00bbhttps:\/\/www.fundae.es\/empresas\u00bb css=\u00bb.vc_custom_1674149283867{margin-bottom: 40px !important;}\u00bb][vc_column_text css=\u00bb.vc_custom_1696408354038{margin-right: 10px !important;margin-bottom: 31px !important;}\u00bb el_class=\u00bbfundae_texto\u00bb] \u00bfEres una Empresa? Bonifica tu formaci\u00f3n[\/vc_column_text][\/vc_column_inner][vc_column_inner el_class=\u00bbfundae_row_1&#8243; width=\u00bb1\/3&#8243; css=\u00bb.vc_custom_1695719633960{margin-top:&hellip;<\/p>\n","protected":false},"author":1,"featured_media":0,"parent":0,"menu_order":200,"comment_status":"closed","ping_status":"closed","template":"","meta":{"footnotes":""},"class_list":["post-9","page","type-page","status-publish","hentry","description-off"],"yoast_head":"<!-- This site is optimized with the Yoast SEO plugin v22.5 - https:\/\/yoast.com\/wordpress\/plugins\/seo\/ -->\n<title>FUNDAE - Universidad PYME C\u00f3rdoba<\/title>\n<meta name=\"robots\" content=\"index, follow, max-snippet:-1, max-image-preview:large, max-video-preview:-1\" \/>\n<link rel=\"canonical\" href=\"https:\/\/universidadpyme.fundae.es\/cordoba\/fundae\/\" \/>\n<meta property=\"og:locale\" content=\"es_ES\" \/>\n<meta property=\"og:type\" content=\"article\" \/>\n<meta property=\"og:title\" content=\"Universidad PYME C\u00f3rdoba\" \/>\n<meta property=\"og:description\" content=\"Si quieres descubrir las \u00faltimas tendencias y novedades del sector de la tecnolog\u00eda e innovaci\u00f3n y la formaci\u00f3n, \u00e9ste es tu encuentro, para ti, para tu empresa, para tu proyecto.\" \/>\n<meta property=\"og:url\" content=\"https:\/\/universidadpyme.fundae.es\/cordoba\/fundae\/\" \/>\n<meta property=\"og:site_name\" content=\"Universidad PYME C\u00f3rdoba\" \/>\n<meta property=\"article:modified_time\" content=\"2024-02-15T09:35:47+00:00\" \/>\n<meta property=\"og:image\" content=\"https:\/\/universidadpyme.fundae.es\/cordoba\/wp-content\/uploads\/2024\/02\/Compartir-link.png\" \/>\n\t<meta property=\"og:image:width\" content=\"300\" \/>\n\t<meta property=\"og:image:height\" content=\"300\" \/>\n\t<meta property=\"og:image:type\" content=\"image\/png\" \/>\n<meta name=\"twitter:card\" content=\"summary_large_image\" \/>\n<meta name=\"twitter:title\" content=\"Universidad PYME Madrid\" \/>\n<meta name=\"twitter:description\" content=\"Si quieres descubrir las \u00faltimas tendencias y novedades del sector de la tecnolog\u00eda e innovaci\u00f3n y la formaci\u00f3n, \u00e9ste es tu encuentro, para ti, para tu empresa, para tu proyecto.\" \/>\n<meta name=\"twitter:image\" content=\"https:\/\/universidadpyme.fundae.es\/cordoba\/wp-content\/uploads\/2023\/10\/facebook_compartir.png\" \/>\n<meta name=\"twitter:label1\" content=\"Tiempo de lectura\" \/>\n\t<meta name=\"twitter:data1\" content=\"2 minutos\" \/>\n<script type=\"application\/ld+json\" class=\"yoast-schema-graph\">{\"@context\":\"https:\/\/schema.org\",\"@graph\":[{\"@type\":\"WebPage\",\"@id\":\"https:\/\/universidadpyme.fundae.es\/cordoba\/fundae\/\",\"url\":\"https:\/\/universidadpyme.fundae.es\/cordoba\/fundae\/\",\"name\":\"FUNDAE - Universidad PYME C\u00f3rdoba\",\"isPartOf\":{\"@id\":\"https:\/\/universidadpyme.fundae.es\/cordoba\/#website\"},\"datePublished\":\"2014-03-18T10:03:13+00:00\",\"dateModified\":\"2024-02-15T09:35:47+00:00\",\"breadcrumb\":{\"@id\":\"https:\/\/universidadpyme.fundae.es\/cordoba\/fundae\/#breadcrumb\"},\"inLanguage\":\"es\",\"potentialAction\":[{\"@type\":\"ReadAction\",\"target\":[\"https:\/\/universidadpyme.fundae.es\/cordoba\/fundae\/\"]}]},{\"@type\":\"BreadcrumbList\",\"@id\":\"https:\/\/universidadpyme.fundae.es\/cordoba\/fundae\/#breadcrumb\",\"itemListElement\":[{\"@type\":\"ListItem\",\"position\":1,\"name\":\"Portada\",\"item\":\"https:\/\/universidadpyme.fundae.es\/cordoba\/\"},{\"@type\":\"ListItem\",\"position\":2,\"name\":\"FUNDAE\"}]},{\"@type\":\"WebSite\",\"@id\":\"https:\/\/universidadpyme.fundae.es\/cordoba\/#website\",\"url\":\"https:\/\/universidadpyme.fundae.es\/cordoba\/\",\"name\":\"Universidad PYME C\u00f3rdoba\",\"description\":\"Otro sitio realizado con WordPress\",\"potentialAction\":[{\"@type\":\"SearchAction\",\"target\":{\"@type\":\"EntryPoint\",\"urlTemplate\":\"https:\/\/universidadpyme.fundae.es\/cordoba\/?s={search_term_string}\"},\"query-input\":\"required name=search_term_string\"}],\"inLanguage\":\"es\"}]}<\/script>\n<!-- \/ Yoast SEO plugin. -->","yoast_head_json":{"title":"FUNDAE - Universidad PYME C\u00f3rdoba","robots":{"index":"index","follow":"follow","max-snippet":"max-snippet:-1","max-image-preview":"max-image-preview:large","max-video-preview":"max-video-preview:-1"},"canonical":"https:\/\/universidadpyme.fundae.es\/cordoba\/fundae\/","og_locale":"es_ES","og_type":"article","og_title":"Universidad PYME C\u00f3rdoba","og_description":"Si quieres descubrir las \u00faltimas tendencias y novedades del sector de la tecnolog\u00eda e innovaci\u00f3n y la formaci\u00f3n, \u00e9ste es tu encuentro, para ti, para tu empresa, para tu proyecto.","og_url":"https:\/\/universidadpyme.fundae.es\/cordoba\/fundae\/","og_site_name":"Universidad PYME C\u00f3rdoba","article_modified_time":"2024-02-15T09:35:47+00:00","og_image":[{"width":300,"height":300,"url":"https:\/\/universidadpyme.fundae.es\/cordoba\/wp-content\/uploads\/2024\/02\/Compartir-link.png","type":"image\/png"}],"twitter_card":"summary_large_image","twitter_title":"Universidad PYME Madrid","twitter_description":"Si quieres descubrir las \u00faltimas tendencias y novedades del sector de la tecnolog\u00eda e innovaci\u00f3n y la formaci\u00f3n, \u00e9ste es tu encuentro, para ti, para tu empresa, para tu proyecto.","twitter_image":"https:\/\/universidadpyme.fundae.es\/cordoba\/wp-content\/uploads\/2023\/10\/facebook_compartir.png","twitter_misc":{"Tiempo de lectura":"2 minutos"},"schema":{"@context":"https:\/\/schema.org","@graph":[{"@type":"WebPage","@id":"https:\/\/universidadpyme.fundae.es\/cordoba\/fundae\/","url":"https:\/\/universidadpyme.fundae.es\/cordoba\/fundae\/","name":"FUNDAE - Universidad PYME C\u00f3rdoba","isPartOf":{"@id":"https:\/\/universidadpyme.fundae.es\/cordoba\/#website"},"datePublished":"2014-03-18T10:03:13+00:00","dateModified":"2024-02-15T09:35:47+00:00","breadcrumb":{"@id":"https:\/\/universidadpyme.fundae.es\/cordoba\/fundae\/#breadcrumb"},"inLanguage":"es","potentialAction":[{"@type":"ReadAction","target":["https:\/\/universidadpyme.fundae.es\/cordoba\/fundae\/"]}]},{"@type":"BreadcrumbList","@id":"https:\/\/universidadpyme.fundae.es\/cordoba\/fundae\/#breadcrumb","itemListElement":[{"@type":"ListItem","position":1,"name":"Portada","item":"https:\/\/universidadpyme.fundae.es\/cordoba\/"},{"@type":"ListItem","position":2,"name":"FUNDAE"}]},{"@type":"WebSite","@id":"https:\/\/universidadpyme.fundae.es\/cordoba\/#website","url":"https:\/\/universidadpyme.fundae.es\/cordoba\/","name":"Universidad PYME C\u00f3rdoba","description":"Otro sitio realizado con WordPress","potentialAction":[{"@type":"SearchAction","target":{"@type":"EntryPoint","urlTemplate":"https:\/\/universidadpyme.fundae.es\/cordoba\/?s={search_term_string}"},"query-input":"required name=search_term_string"}],"inLanguage":"es"}]}},"_links":{"self":[{"href":"https:\/\/universidadpyme.fundae.es\/cordoba\/wp-json\/wp\/v2\/pages\/9","targetHints":{"allow":["GET"]}}],"collection":[{"href":"https:\/\/universidadpyme.fundae.es\/cordoba\/wp-json\/wp\/v2\/pages"}],"about":[{"href":"https:\/\/universidadpyme.fundae.es\/cordoba\/wp-json\/wp\/v2\/types\/page"}],"author":[{"embeddable":true,"href":"https:\/\/universidadpyme.fundae.es\/cordoba\/wp-json\/wp\/v2\/users\/1"}],"replies":[{"embeddable":true,"href":"https:\/\/universidadpyme.fundae.es\/cordoba\/wp-json\/wp\/v2\/comments?post=9"}],"version-history":[{"count":269,"href":"https:\/\/universidadpyme.fundae.es\/cordoba\/wp-json\/wp\/v2\/pages\/9\/revisions"}],"predecessor-version":[{"id":4904,"href":"https:\/\/universidadpyme.fundae.es\/cordoba\/wp-json\/wp\/v2\/pages\/9\/revisions\/4904"}],"wp:attachment":[{"href":"https:\/\/universidadpyme.fundae.es\/cordoba\/wp-json\/wp\/v2\/media?parent=9"}],"curies":[{"name":"wp","href":"https:\/\/api.w.org\/{rel}","templated":true}]}}