{"id":835,"date":"2014-03-18T10:02:39","date_gmt":"2014-03-18T10:02:39","guid":{"rendered":"http:\/\/the7.dream-demo.com\/business\/?page_id=5"},"modified":"2024-02-09T11:38:53","modified_gmt":"2024-02-09T11:38:53","slug":"que-es","status":"publish","type":"page","link":"https:\/\/universidadpyme.fundae.es\/madrid\/que-es\/","title":{"rendered":"\u00bfQu\u00e9 es?"},"content":{"rendered":"<section class=\"wpb-content-wrapper\"><p>[vc_row][vc_column]\n\t\t\t<!-- START Que es REVOLUTION SLIDER 6.6.10 --><p class=\"rs-p-wp-fix\"><\/p>\n\t\t\t<rs-module-wrap id=\"rev_slider_12_1_wrapper\" data-source=\"gallery\" style=\"visibility:hidden;background:transparent;padding:0;margin:0px auto;margin-top:0;margin-bottom:0;\">\n\t\t\t\t<rs-module id=\"rev_slider_12_1\" style=\"\" data-version=\"6.6.10\">\n\t\t\t\t\t<rs-slides style=\"overflow: hidden; position: absolute;\">\n\t\t\t\t\t\t<rs-slide style=\"position: absolute;\" data-key=\"rs-15\" data-title=\"Slide\" data-anim=\"adpr:false;ms:600;\" data-in=\"o:0;\" data-out=\"a:false;\">\n\t\t\t\t\t\t\t<img fetchpriority=\"high\" decoding=\"async\" src=\"\/\/universidadpyme.fundae.es\/madrid\/wp-content\/plugins\/revslider\/public\/assets\/assets\/dummy.png\" alt=\"Slide\" title=\"fondo_degradado\" width=\"2540\" height=\"1143\" class=\"rev-slidebg tp-rs-img rs-lazyload\" data-lazyload=\"\/\/universidadpyme.fundae.es\/madrid\/wp-content\/plugins\/revslider\/public\/assets\/assets\/transparent.png\" data-bg=\"p:right center;c:#b2e927;\" data-no-retina>\n<!--\n\t\t\t\t\t\t\t--><rs-layer\n\t\t\t\t\t\t\t\tid=\"slider-12-slide-15-layer-0\" \n\t\t\t\t\t\t\t\tdata-type=\"text\"\n\t\t\t\t\t\t\t\tdata-color=\"#24272a\"\n\t\t\t\t\t\t\t\tdata-rsp_ch=\"on\"\n\t\t\t\t\t\t\t\tdata-xy=\"x:l,c,c,c;xo:24px,7px,0,0;yo:167px,375px,365px,356px;\"\n\t\t\t\t\t\t\t\tdata-text=\"w:normal;s:30,25,25,20;l:38,30,30,25;ls:0px,0px,0px,2px;fw:700;\"\n\t\t\t\t\t\t\t\tdata-dim=\"w:600px,915px,642px,436px;\"\n\t\t\t\t\t\t\t\tdata-frame_1=\"st:1330;sp:1200;sR:1330;\"\n\t\t\t\t\t\t\t\tdata-frame_999=\"o:0;st:w;sR:6470;\"\n\t\t\t\t\t\t\t\tstyle=\"z-index:7;font-family:'Nexa';\"\n\t\t\t\t\t\t\t>Un evento \u00fanico en el que podr\u00e1s conocer multitud de experiencias e iniciativas innovadoras que las instituciones y las empresas est\u00e1n llevando a cabo para impulsar la transformaci\u00f3n digital. \n\t\t\t\t\t\t\t<\/rs-layer><!--\n\n\t\t\t\t\t\t\t--><a\n\t\t\t\t\t\t\t\tid=\"slider-12-slide-15-layer-1\" \n\t\t\t\t\t\t\t\tclass=\"rs-layer rev-btn\"\n\t\t\t\t\t\t\t\thref=\"https:\/\/formularios.businessplus.es\/FundaeMadrid?clave=wxmxAvvPK0e6ASmxtD43w\" target=\"_blank\" rel=\"noopener\"\n\t\t\t\t\t\t\t\tdata-type=\"button\"\n\t\t\t\t\t\t\t\tdata-rsp_ch=\"on\"\n\t\t\t\t\t\t\t\tdata-xy=\"x:l,c,c,c;xo:24px,0,0,0;yo:411px,485px,513px,524px;\"\n\t\t\t\t\t\t\t\tdata-text=\"w:normal;s:20,25,25,26;l:55,41,38,29;fw:500;a:center;\"\n\t\t\t\t\t\t\t\tdata-dim=\"w:217px,179px,175px,186px;h:auto,auto,auto,46px;minh:0px,none,none,none;\"\n\t\t\t\t\t\t\t\tdata-vbility=\"f,f,f,f\"\n\t\t\t\t\t\t\t\tdata-padding=\"t:10,8,7,14;r:40,30,29,18;b:0,0,0,14;l:40,30,29,18;\"\n\t\t\t\t\t\t\t\tdata-border=\"bor:5px,5px,5px,5px;\"\n\t\t\t\t\t\t\t\tdata-frame_0=\"x:0,0,0px,0px;y:0,0,0px,0px;\"\n\t\t\t\t\t\t\t\tdata-frame_1=\"x:0,0,0px,0px;y:0,0,0px,0px;st:1360;sp:1200;sR:1360;\"\n\t\t\t\t\t\t\t\tdata-frame_999=\"o:0;st:w;sR:6440;\"\n\t\t\t\t\t\t\t\tdata-frame_hover=\"bgc:#007aff;bor:5px,5px,5px,5px;sp:100;e:power1.inOut;bri:120%;\"\n\t\t\t\t\t\t\t\tstyle=\"z-index:10;background-color:#e625bc;font-family:'Nexa';\"\n\t\t\t\t\t\t\t>Inscr\u00edbete \n\t\t\t\t\t\t\t<\/a><!--\n\n\t\t\t\t\t\t\t--><rs-layer\n\t\t\t\t\t\t\t\tid=\"slider-12-slide-15-layer-2\" \n\t\t\t\t\t\t\t\tdata-type=\"text\"\n\t\t\t\t\t\t\t\tdata-color=\"#e625bc\"\n\t\t\t\t\t\t\t\tdata-rsp_ch=\"on\"\n\t\t\t\t\t\t\t\tdata-xy=\"x:l,l,l,c;xo:24px,56px,70px,0;y:m;yo:-177px,73px,31px,31px;\"\n\t\t\t\t\t\t\t\tdata-text=\"w:normal;s:45,45,45,30;l:50,50,50,35;ls:1px;fw:700;\"\n\t\t\t\t\t\t\t\tdata-dim=\"w:393px,410px,307px,439px;h:51px,auto,auto,31px;\"\n\t\t\t\t\t\t\t\tdata-margin=\"b:30;\"\n\t\t\t\t\t\t\t\tdata-frame_0=\"y:100%;\"\n\t\t\t\t\t\t\t\tdata-frame_0_mask=\"u:t;y:100%;\"\n\t\t\t\t\t\t\t\tdata-frame_1=\"e:power2.inOut;st:1350;sp:1200;sR:1350;\"\n\t\t\t\t\t\t\t\tdata-frame_1_mask=\"u:t;\"\n\t\t\t\t\t\t\t\tdata-frame_999=\"o:0;e:nothing;st:w;sR:6450;\"\n\t\t\t\t\t\t\t\tstyle=\"z-index:8;font-family:'Nexa';\"\n\t\t\t\t\t\t\t>\u00bfQu\u00e9 es? \n\t\t\t\t\t\t\t<\/rs-layer><!--\n\n\t\t\t\t\t\t\t--><rs-layer\n\t\t\t\t\t\t\t\tid=\"slider-12-slide-15-layer-3\" \n\t\t\t\t\t\t\t\tdata-type=\"image\"\n\t\t\t\t\t\t\t\tdata-rsp_ch=\"on\"\n\t\t\t\t\t\t\t\tdata-xy=\"x:l,l,c,c;xo:965px,504px,127px,105px;yo:452px,278px,257px,270px;\"\n\t\t\t\t\t\t\t\tdata-text=\"w:normal;s:20,15,11,6;l:0,18,13,8;\"\n\t\t\t\t\t\t\t\tdata-dim=\"w:360px,273px,274px,247px;h:36px,27px,27px,25px;\"\n\t\t\t\t\t\t\t\tdata-frame_1=\"st:1340;sp:1200;sR:1340;\"\n\t\t\t\t\t\t\t\tdata-frame_999=\"o:0;st:w;sR:6460;\"\n\t\t\t\t\t\t\t\tstyle=\"z-index:11;\"\n\t\t\t\t\t\t\t><img decoding=\"async\" src=\"\/\/universidadpyme.fundae.es\/madrid\/wp-content\/plugins\/revslider\/public\/assets\/assets\/dummy.png\" alt=\"\" class=\"tp-rs-img rs-lazyload\" width=\"392\" height=\"39\" data-lazyload=\"\/\/universidadpyme.fundae.es\/madrid\/wp-content\/uploads\/2023\/09\/frase.png\" data-no-retina> \n\t\t\t\t\t\t\t<\/rs-layer><!--\n\n\t\t\t\t\t\t\t--><rs-layer\n\t\t\t\t\t\t\t\tid=\"slider-12-slide-15-layer-4\" \n\t\t\t\t\t\t\t\tdata-type=\"image\"\n\t\t\t\t\t\t\t\tdata-rsp_ch=\"on\"\n\t\t\t\t\t\t\t\tdata-xy=\"x:r,c,c,c;xo:28px,-5px,0,0;y:m;yo:-20px,-107px,-143px,-153px;\"\n\t\t\t\t\t\t\t\tdata-text=\"w:normal;s:20,15,11,6;l:0,18,13,8;\"\n\t\t\t\t\t\t\t\tdata-dim=\"w:672px,481px,415px,418px;h:412px,295px,255px,256px;\"\n\t\t\t\t\t\t\t\tdata-frame_1=\"st:1350;sp:1200;sR:1350;\"\n\t\t\t\t\t\t\t\tdata-frame_999=\"o:0;st:w;sR:6450;\"\n\t\t\t\t\t\t\t\tstyle=\"z-index:9;\"\n\t\t\t\t\t\t\t><img decoding=\"async\" src=\"\/\/universidadpyme.fundae.es\/madrid\/wp-content\/plugins\/revslider\/public\/assets\/assets\/dummy.png\" alt=\"\" class=\"tp-rs-img rs-lazyload\" width=\"815\" height=\"500\" data-lazyload=\"\/\/universidadpyme.fundae.es\/madrid\/wp-content\/uploads\/2023\/09\/img-que-es.png\" data-no-retina> \n\t\t\t\t\t\t\t<\/rs-layer><!--\n\n\t\t\t\t\t\t\t--><rs-layer\n\t\t\t\t\t\t\t\tid=\"slider-12-slide-15-layer-5\" \n\t\t\t\t\t\t\t\tdata-type=\"text\"\n\t\t\t\t\t\t\t\tdata-color=\"#24272a\"\n\t\t\t\t\t\t\t\tdata-rsp_ch=\"on\"\n\t\t\t\t\t\t\t\tdata-xy=\"x:l,c,c,c;xo:24px,4px,-21px,-3px;yo:451px,487px,511px,512px;\"\n\t\t\t\t\t\t\t\tdata-text=\"w:normal;s:30,25,25,20;l:38,30,30,25;ls:0px,0px,0px,2px;fw:700;a:center;\"\n\t\t\t\t\t\t\t\tdata-dim=\"w:528px,915px,642px,436px;\"\n\t\t\t\t\t\t\t\tdata-frame_1=\"st:1330;sp:1200;sR:1330;\"\n\t\t\t\t\t\t\t\tdata-frame_999=\"o:0;st:w;sR:6470;\"\n\t\t\t\t\t\t\t\tstyle=\"z-index:6;font-family:'Nexa';\"\n\t\t\t\t\t\t\t>Evento realizado, para conocer pr\u00f3ximos eventos, pulsa el siguiente  <a class='link' href='https:\/\/www.fundae.es\/actualidad\/universidad-pyme' target='_blank'>enlace<\/a> \n\t\t\t\t\t\t\t<\/rs-layer><!--\n-->\t\t\t\t\t\t<\/rs-slide>\n\t\t\t\t\t<\/rs-slides>\n\t\t\t\t<\/rs-module>\n\t\t\t\t<script>\n\t\t\t\t\tsetREVStartSize({c: 'rev_slider_12_1',rl:[1240,1024,778,480],el:[600,550,600,600],gw:[1350,1024,778,480],gh:[600,550,600,600],type:'standard',justify:'',layout:'fullwidth',mh:\"600\"});if (window.RS_MODULES!==undefined && window.RS_MODULES.modules!==undefined && window.RS_MODULES.modules[\"revslider121\"]!==undefined) {window.RS_MODULES.modules[\"revslider121\"].once = false;window.revapi12 = undefined;if (window.RS_MODULES.checkMinimal!==undefined) window.RS_MODULES.checkMinimal()}\n\t\t\t\t<\/script>\n\t\t\t<\/rs-module-wrap>\n\t\t\t<!-- END REVOLUTION SLIDER -->\n[\/vc_column][\/vc_row][vc_row margin_top=\u00bb0&#8243; css=\u00bb.vc_custom_1697531107478{background-color: #f4f4f7 !important;}\u00bb el_class=\u00bbque_es_parrafo2&#8243;][vc_column width=\u00bb1\/2&#8243; css=\u00bb.vc_custom_1674478644626{margin-top: 0px !important;margin-bottom: 0px !important;margin-left: 0px !important;}\u00bb el_class=\u00bbtexto_que_es\u00bb][vc_column_text css=\u00bb.vc_custom_1697019174095{margin-top: 150px !important;padding-top: 0px !important;padding-right: 100px !important;padding-bottom: 50px !important;padding-left: 200px !important;}\u00bb el_class=\u00bbevento_unico\u00bb]Es una gira por Comunidades Aut\u00f3nomas que pretende difundir la cultura de la formaci\u00f3n en materia de digitalizaci\u00f3n de las peque\u00f1as y medianas empresas.<br \/>\nSe organiza mediante encuentros tem\u00e1ticos que incluyen miniconferencias, entrevistas, speech elevator y demostraciones.<\/p>\n<p>Estar\u00e1 en Madrid los d\u00edas 26 y 27 de octubre en el Palacio Municipal de Ifema Madrid, bajo el lema: \u201cPyme, futuro digital. Crece con la formaci\u00f3n\u201d<\/p>\n<p>Universidad Pyme ya ha visitado Arag\u00f3n, Castilla La Mancha, Cantabria, Extremadura, Islas Canarias, La Rioja, Navarra y Comunidad Valenciana.[\/vc_column_text][vc_column_text]<\/p>\n<p class=\"universidad\" style=\"text-align: center;\">#UNIVERSIDADPYME<\/p>\n<p>[\/vc_column_text][\/vc_column][vc_column width=\u00bb1\/2&#8243; css=\u00bb.vc_custom_1697534192636{margin-bottom: 200px !important;border-right-width: 50px !important;padding-top: 0px !important;padding-bottom: 50px !important;background-color: #ffffff !important;background-position: center !important;background-repeat: no-repeat !important;background-size: cover !important;}\u00bb el_class=\u00bbmapa\u00bb]<div class=\"gap\" style=\"line-height: 50px; height: 50px;\"><\/div>[vc_column_text css=\u00bb.vc_custom_1707478727401{margin-top: 0px !important;margin-right: 0px !important;margin-left: 0px !important;border-top-width: px !important;border-right-width: 0px !important;border-left-width: 0px !important;padding-top: 50px !important;padding-right: 100px !important;padding-bottom: 0px !important;padding-left: 50px !important;background-color: #ffffff !important;background-position: center !important;background-repeat: no-repeat !important;background-size: contain !important;border-left-color: #ffffff !important;border-right-color: #ffffff !important;border-top-color: #ffffff !important;}\u00bb el_class=\u00bbtexto_objetivos\u00bb]<\/p>\n<h1 class=\"azul_h1\" style=\"text-align: center;\">UBICACI\u00d3N<\/h1>\n<p><img loading=\"lazy\" decoding=\"async\" class=\"wp-image-2643 aligncenter\" src=\"https:\/\/universidadpyme.fundae.es\/madrid\/wp-content\/uploads\/2023\/09\/mapa_IFEMA-300x256.png\" alt=\"\" width=\"697\" height=\"595\" srcset=\"https:\/\/universidadpyme.fundae.es\/madrid\/wp-content\/uploads\/2023\/09\/mapa_IFEMA-300x256.png 300w, https:\/\/universidadpyme.fundae.es\/madrid\/wp-content\/uploads\/2023\/09\/mapa_IFEMA.png 737w\" sizes=\"(max-width: 697px) 100vw, 697px\" \/>[\/vc_column_text][\/vc_column][\/vc_row][vc_row full_width_row=\u00bbtrue\u00bb bg_type=\u00bbbg_color\u00bb bg_color_value=\u00bb#f4f4f7&#8243;][vc_column width=\u00bb1\/4&#8243;][\/vc_column][vc_column width=\u00bb1\/2&#8243;][vc_empty_space height=\u00bb100&#8243;][vc_column_text]<\/p>\n<div style=\"width: 1200px;\" class=\"wp-video\"><video class=\"wp-video-shortcode\" id=\"video-835-1\" width=\"1200\" height=\"675\" preload=\"metadata\" controls=\"controls\"><source type=\"video\/mp4\" src=\"https:\/\/universidadpyme.fundae.es\/madrid\/wp-content\/uploads\/2023\/10\/Universidad-Pyme-Madrid_1.mp4?_=1\" \/><a href=\"https:\/\/universidadpyme.fundae.es\/madrid\/wp-content\/uploads\/2023\/10\/Universidad-Pyme-Madrid_1.mp4\">https:\/\/universidadpyme.fundae.es\/madrid\/wp-content\/uploads\/2023\/10\/Universidad-Pyme-Madrid_1.mp4<\/a><\/video><\/div>\n<p>[\/vc_column_text][vc_empty_space height=\u00bb100&#8243;][\/vc_column][vc_column width=\u00bb1\/4&#8243;][\/vc_column][\/vc_row][vc_row][vc_column css=\u00bb.vc_custom_1695719150061{margin-bottom: 50px !important;}\u00bb][vc_empty_space height=\u00bb100&#8243;][vc_column_text css=\u00bb.vc_custom_1695655190659{padding-bottom: 50px !important;}\u00bb]<\/p>\n<h1 class=\"azul_h1\" style=\"text-align: center;\">EVENTOS CELEBRADOS<\/h1>\n<p>[\/vc_column_text][\/vc_column][\/vc_row][vc_row css=\u00bb.vc_custom_1695657161572{padding-bottom: 50px !important;}\u00bb][vc_column width=\u00bb1\/3&#8243;][vc_single_image image=\u00bb2557&#8243; img_size=\u00bbfull\u00bb alignment=\u00bbcenter\u00bb onclick=\u00bbcustom_link\u00bb img_link_target=\u00bb_blank\u00bb css_animation=\u00bbnone\u00bb link=\u00bbhttps:\/\/universidadpyme.fundae.es\/canarias\/\u00bb][vc_column_text css=\u00bb.vc_custom_1697533425945{padding-bottom: 20px !important;}\u00bb]<\/p>\n<p class=\"titulo-cuidad\" style=\"text-align: center;\">CANARIAS<\/p>\n<p>&nbsp;<\/p>\n<p class=\"texto-evento\" style=\"text-align: center;\">La digitalizaci\u00f3n: un desaf\u00edo para las Pymes. 22 de junio de 2023.<\/p>\n<p>[\/vc_column_text][\/vc_column][vc_column width=\u00bb1\/3&#8243;][vc_single_image image=\u00bb2558&#8243; img_size=\u00bbfull\u00bb alignment=\u00bbcenter\u00bb onclick=\u00bbcustom_link\u00bb img_link_target=\u00bb_blank\u00bb link=\u00bbhttps:\/\/universidadpyme.fundae.es\/alicante\/\u00bb][vc_column_text css=\u00bb.vc_custom_1697533474030{padding-bottom: 20px !important;}\u00bb]<\/p>\n<p class=\"titulo-cuidad\" style=\"text-align: center;\">ALICANTE<\/p>\n<p>&nbsp;<\/p>\n<p class=\"texto-evento\" style=\"text-align: center;\">\u00bfQu\u00e9 talento y que competencias digitales precisan hoy las pymes? 26 y 27 de abril de 2023.<\/p>\n<p>[\/vc_column_text][\/vc_column][vc_column width=\u00bb1\/3&#8243;][vc_single_image image=\u00bb2552&#8243; img_size=\u00bbfull\u00bb alignment=\u00bbcenter\u00bb onclick=\u00bbcustom_link\u00bb img_link_target=\u00bb_blank\u00bb link=\u00bbhttps:\/\/universidadpyme.fundae.es\/cmancha\/\u00bb][vc_column_text css=\u00bb.vc_custom_1697533517381{padding-bottom: 20px !important;}\u00bb]<\/p>\n<p class=\"titulo-cuidad\" style=\"text-align: center;\">TOLEDO<\/p>\n<p>&nbsp;<\/p>\n<p class=\"texto-evento\" style=\"text-align: center;\">\u00bfEmpleabilidad, Digitalizaci\u00f3n y Emprendimiento Joven. 8 y 9 de febrero de 2023.<\/p>\n<p>[\/vc_column_text][\/vc_column][vc_column width=\u00bb1\/3&#8243;][vc_single_image image=\u00bb2553&#8243; img_size=\u00bbfull\u00bb alignment=\u00bbcenter\u00bb onclick=\u00bbcustom_link\u00bb img_link_target=\u00bb_blank\u00bb link=\u00bbhttps:\/\/universidadpyme.fundae.es\/cantabria\/\u00bb][vc_column_text css=\u00bb.vc_custom_1697533552363{padding-bottom: 20px !important;}\u00bb]<\/p>\n<p class=\"titulo-cuidad\" style=\"text-align: center;\">SANTANDER<\/p>\n<p>&nbsp;<\/p>\n<p class=\"texto-evento\" style=\"text-align: center;\">Digitalizaci\u00f3n y emprendimiento joven en Cantabria. 22 y 23 de noviembre de 2022<\/p>\n<p>[\/vc_column_text][\/vc_column][vc_column width=\u00bb1\/3&#8243;][vc_single_image image=\u00bb2554&#8243; img_size=\u00bbfull\u00bb alignment=\u00bbcenter\u00bb onclick=\u00bbcustom_link\u00bb img_link_target=\u00bb_blank\u00bb link=\u00bbhttps:\/\/universidadpyme.fundae.es\/navarra\/\u00bb][vc_column_text css=\u00bb.vc_custom_1697533629436{padding-bottom: 20px !important;}\u00bb]<\/p>\n<p class=\"titulo-cuidad\" style=\"text-align: center;\">PAMPLONA<\/p>\n<p>&nbsp;<\/p>\n<p class=\"texto-evento\" style=\"text-align: center;\">Formaci\u00f3n y Desarrollo de Competencias Digitales. 17 de noviembre de 2022.<\/p>\n<p>[\/vc_column_text][\/vc_column][vc_column width=\u00bb1\/3&#8243;][vc_single_image image=\u00bb2555&#8243; img_size=\u00bbfull\u00bb alignment=\u00bbcenter\u00bb onclick=\u00bbcustom_link\u00bb img_link_target=\u00bb_blank\u00bb link=\u00bbhttps:\/\/www.fundae.es\/universidadpyme\/universidad-pyme-extremadura\u00bb][vc_column_text css=\u00bb.vc_custom_1697533664683{padding-bottom: 20px !important;}\u00bb]<\/p>\n<p class=\"titulo-cuidad\" style=\"text-align: center;\">M\u00c9RIDA<\/p>\n<p>&nbsp;<\/p>\n<p class=\"texto-evento\" style=\"text-align: center;\">Una apuesta por la empleabilidad y la transformaci\u00f3n digital de la peque\u00f1a empresa. 19, 20 y 21 de octubre de 2022.<\/p>\n<p>[\/vc_column_text][\/vc_column][vc_column width=\u00bb1\/3&#8243;][vc_single_image image=\u00bb2551&#8243; img_size=\u00bbfull\u00bb alignment=\u00bbcenter\u00bb onclick=\u00bbcustom_link\u00bb img_link_target=\u00bb_blank\u00bb link=\u00bbhttps:\/\/universidadpyme.fundae.es\/aragon\/\u00bb][vc_column_text css=\u00bb.vc_custom_1697533697378{padding-bottom: 20px !important;}\u00bb]<\/p>\n<p class=\"titulo-cuidad\" style=\"text-align: center;\">ZARAGOZA<\/p>\n<p>&nbsp;<\/p>\n<p class=\"texto-evento\" style=\"text-align: center;\">La formaci\u00f3n para el empleo ante el reto de la disrupci\u00f3n digital. 10 de octubre de 2022.<\/p>\n<p>[\/vc_column_text][\/vc_column][vc_column width=\u00bb1\/3&#8243;][vc_single_image image=\u00bb2556&#8243; img_size=\u00bbfull\u00bb alignment=\u00bbcenter\u00bb onclick=\u00bbcustom_link\u00bb img_link_target=\u00bb_blank\u00bb link=\u00bbhttps:\/\/www.fundae.es\/actualidad\/universidad-pyme\/universidad-pyme-logro%C3%B1o\u00bb][vc_column_text css=\u00bb.vc_custom_1697533727727{padding-bottom: 20px !important;}\u00bb]<\/p>\n<p class=\"titulo-cuidad\" style=\"text-align: center;\">LOGRO\u00d1O<\/p>\n<p>&nbsp;<\/p>\n<p class=\"texto-evento\" style=\"text-align: center;\">Nuevas perspectivas y enfoques sobre la digitalizaci\u00f3n y la formaci\u00f3n. 6 de octubre de 2022.<\/p>\n<p>[\/vc_column_text][\/vc_column][vc_column width=\u00bb1\/3&#8243;][\/vc_column][\/vc_row][vc_row][vc_column][vc_empty_space height=\u00bb100px\u00bb][\/vc_column][\/vc_row]<\/p>\n<\/section>","protected":false},"excerpt":{"rendered":"<p>[vc_row][vc_column][\/vc_column][\/vc_row][vc_row margin_top=\u00bb0&#8243; css=\u00bb.vc_custom_1697531107478{background-color: #f4f4f7 !important;}\u00bb el_class=\u00bbque_es_parrafo2&#8243;][vc_column width=\u00bb1\/2&#8243; css=\u00bb.vc_custom_1674478644626{margin-top: 0px !important;margin-bottom: 0px !important;margin-left: 0px !important;}\u00bb el_class=\u00bbtexto_que_es\u00bb][vc_column_text css=\u00bb.vc_custom_1697019174095{margin-top: 150px !important;padding-top: 0px !important;padding-right: 100px !important;padding-bottom: 50px !important;padding-left: 200px !important;}\u00bb el_class=\u00bbevento_unico\u00bb]Es una gira por Comunidades Aut\u00f3nomas que pretende difundir la cultura de la formaci\u00f3n en materia de digitalizaci\u00f3n de las peque\u00f1as y medianas empresas. Se organiza mediante encuentros tem\u00e1ticos&hellip;<\/p>\n","protected":false},"author":1,"featured_media":0,"parent":0,"menu_order":20,"comment_status":"closed","ping_status":"closed","template":"","meta":{"footnotes":""},"class_list":["post-835","page","type-page","status-publish","hentry","description-off"],"yoast_head":"<!-- This site is optimized with the Yoast SEO plugin v22.5 - https:\/\/yoast.com\/wordpress\/plugins\/seo\/ -->\n<title>\u00bfQu\u00e9 es? - Universidad PYME Madrid<\/title>\n<meta name=\"robots\" content=\"index, follow, max-snippet:-1, max-image-preview:large, max-video-preview:-1\" \/>\n<link rel=\"canonical\" href=\"https:\/\/universidadpyme.fundae.es\/madrid\/que-es\/\" \/>\n<meta property=\"og:locale\" content=\"es_ES\" \/>\n<meta property=\"og:type\" content=\"article\" \/>\n<meta property=\"og:title\" content=\"Universidad PYME Madrid\" \/>\n<meta property=\"og:description\" content=\"Si quieres descubrir las \u00faltimas tendencias y novedades del sector de la tecnolog\u00eda e innovaci\u00f3n y la formaci\u00f3n, \u00e9ste es tu encuentro, para ti, para tu empresa, para tu proyecto.\" \/>\n<meta property=\"og:url\" content=\"https:\/\/universidadpyme.fundae.es\/madrid\/que-es\/\" \/>\n<meta property=\"og:site_name\" content=\"Universidad PYME Madrid\" \/>\n<meta property=\"article:modified_time\" content=\"2024-02-09T11:38:53+00:00\" \/>\n<meta property=\"og:image\" content=\"https:\/\/universidadpyme.fundae.es\/madrid\/wp-content\/uploads\/2023\/10\/facebook_compartir.png\" \/>\n\t<meta property=\"og:image:width\" content=\"262\" \/>\n\t<meta property=\"og:image:height\" content=\"246\" \/>\n\t<meta property=\"og:image:type\" content=\"image\/png\" \/>\n<meta name=\"twitter:card\" content=\"summary_large_image\" \/>\n<meta name=\"twitter:title\" content=\"Universidad PYME\" \/>\n<meta name=\"twitter:description\" content=\"Si quieres descubrir las \u00faltimas tendencias y novedades del sector de la tecnolog\u00eda e innovaci\u00f3n y la formaci\u00f3n, \u00e9ste es tu encuentro, para ti, para tu empresa, para tu proyecto.\" \/>\n<meta name=\"twitter:image\" content=\"https:\/\/universidadpyme.fundae.es\/madrid\/wp-content\/uploads\/2023\/10\/facebook_compartir.png\" \/>\n<meta name=\"twitter:label1\" content=\"Tiempo de lectura\" \/>\n\t<meta name=\"twitter:data1\" content=\"3 minutos\" \/>\n<script type=\"application\/ld+json\" class=\"yoast-schema-graph\">{\"@context\":\"https:\/\/schema.org\",\"@graph\":[{\"@type\":\"WebPage\",\"@id\":\"https:\/\/universidadpyme.fundae.es\/madrid\/que-es\/\",\"url\":\"https:\/\/universidadpyme.fundae.es\/madrid\/que-es\/\",\"name\":\"\u00bfQu\u00e9 es? - Universidad PYME Madrid\",\"isPartOf\":{\"@id\":\"https:\/\/universidadpyme.fundae.es\/madrid\/#website\"},\"primaryImageOfPage\":{\"@id\":\"https:\/\/universidadpyme.fundae.es\/madrid\/que-es\/#primaryimage\"},\"image\":{\"@id\":\"https:\/\/universidadpyme.fundae.es\/madrid\/que-es\/#primaryimage\"},\"thumbnailUrl\":\"https:\/\/universidadpyme.fundae.es\/madrid\/wp-content\/uploads\/2023\/09\/mapa_IFEMA-300x256.png\",\"datePublished\":\"2014-03-18T10:02:39+00:00\",\"dateModified\":\"2024-02-09T11:38:53+00:00\",\"breadcrumb\":{\"@id\":\"https:\/\/universidadpyme.fundae.es\/madrid\/que-es\/#breadcrumb\"},\"inLanguage\":\"es\",\"potentialAction\":[{\"@type\":\"ReadAction\",\"target\":[\"https:\/\/universidadpyme.fundae.es\/madrid\/que-es\/\"]}]},{\"@type\":\"ImageObject\",\"inLanguage\":\"es\",\"@id\":\"https:\/\/universidadpyme.fundae.es\/madrid\/que-es\/#primaryimage\",\"url\":\"https:\/\/universidadpyme.fundae.es\/madrid\/wp-content\/uploads\/2023\/09\/mapa_IFEMA.png\",\"contentUrl\":\"https:\/\/universidadpyme.fundae.es\/madrid\/wp-content\/uploads\/2023\/09\/mapa_IFEMA.png\",\"width\":737,\"height\":629},{\"@type\":\"BreadcrumbList\",\"@id\":\"https:\/\/universidadpyme.fundae.es\/madrid\/que-es\/#breadcrumb\",\"itemListElement\":[{\"@type\":\"ListItem\",\"position\":1,\"name\":\"Portada\",\"item\":\"https:\/\/universidadpyme.fundae.es\/madrid\/\"},{\"@type\":\"ListItem\",\"position\":2,\"name\":\"\u00bfQu\u00e9 es?\"}]},{\"@type\":\"WebSite\",\"@id\":\"https:\/\/universidadpyme.fundae.es\/madrid\/#website\",\"url\":\"https:\/\/universidadpyme.fundae.es\/madrid\/\",\"name\":\"Universidad PYME Madrid\",\"description\":\"Otro sitio realizado con WordPress\",\"potentialAction\":[{\"@type\":\"SearchAction\",\"target\":{\"@type\":\"EntryPoint\",\"urlTemplate\":\"https:\/\/universidadpyme.fundae.es\/madrid\/?s={search_term_string}\"},\"query-input\":\"required name=search_term_string\"}],\"inLanguage\":\"es\"}]}<\/script>\n<!-- \/ Yoast SEO plugin. -->","yoast_head_json":{"title":"\u00bfQu\u00e9 es? - Universidad PYME Madrid","robots":{"index":"index","follow":"follow","max-snippet":"max-snippet:-1","max-image-preview":"max-image-preview:large","max-video-preview":"max-video-preview:-1"},"canonical":"https:\/\/universidadpyme.fundae.es\/madrid\/que-es\/","og_locale":"es_ES","og_type":"article","og_title":"Universidad PYME Madrid","og_description":"Si quieres descubrir las \u00faltimas tendencias y novedades del sector de la tecnolog\u00eda e innovaci\u00f3n y la formaci\u00f3n, \u00e9ste es tu encuentro, para ti, para tu empresa, para tu proyecto.","og_url":"https:\/\/universidadpyme.fundae.es\/madrid\/que-es\/","og_site_name":"Universidad PYME Madrid","article_modified_time":"2024-02-09T11:38:53+00:00","og_image":[{"width":262,"height":246,"url":"https:\/\/universidadpyme.fundae.es\/madrid\/wp-content\/uploads\/2023\/10\/facebook_compartir.png","type":"image\/png"}],"twitter_card":"summary_large_image","twitter_title":"Universidad PYME","twitter_description":"Si quieres descubrir las \u00faltimas tendencias y novedades del sector de la tecnolog\u00eda e innovaci\u00f3n y la formaci\u00f3n, \u00e9ste es tu encuentro, para ti, para tu empresa, para tu proyecto.","twitter_image":"https:\/\/universidadpyme.fundae.es\/madrid\/wp-content\/uploads\/2023\/10\/facebook_compartir.png","twitter_misc":{"Tiempo de lectura":"3 minutos"},"schema":{"@context":"https:\/\/schema.org","@graph":[{"@type":"WebPage","@id":"https:\/\/universidadpyme.fundae.es\/madrid\/que-es\/","url":"https:\/\/universidadpyme.fundae.es\/madrid\/que-es\/","name":"\u00bfQu\u00e9 es? - Universidad PYME Madrid","isPartOf":{"@id":"https:\/\/universidadpyme.fundae.es\/madrid\/#website"},"primaryImageOfPage":{"@id":"https:\/\/universidadpyme.fundae.es\/madrid\/que-es\/#primaryimage"},"image":{"@id":"https:\/\/universidadpyme.fundae.es\/madrid\/que-es\/#primaryimage"},"thumbnailUrl":"https:\/\/universidadpyme.fundae.es\/madrid\/wp-content\/uploads\/2023\/09\/mapa_IFEMA-300x256.png","datePublished":"2014-03-18T10:02:39+00:00","dateModified":"2024-02-09T11:38:53+00:00","breadcrumb":{"@id":"https:\/\/universidadpyme.fundae.es\/madrid\/que-es\/#breadcrumb"},"inLanguage":"es","potentialAction":[{"@type":"ReadAction","target":["https:\/\/universidadpyme.fundae.es\/madrid\/que-es\/"]}]},{"@type":"ImageObject","inLanguage":"es","@id":"https:\/\/universidadpyme.fundae.es\/madrid\/que-es\/#primaryimage","url":"https:\/\/universidadpyme.fundae.es\/madrid\/wp-content\/uploads\/2023\/09\/mapa_IFEMA.png","contentUrl":"https:\/\/universidadpyme.fundae.es\/madrid\/wp-content\/uploads\/2023\/09\/mapa_IFEMA.png","width":737,"height":629},{"@type":"BreadcrumbList","@id":"https:\/\/universidadpyme.fundae.es\/madrid\/que-es\/#breadcrumb","itemListElement":[{"@type":"ListItem","position":1,"name":"Portada","item":"https:\/\/universidadpyme.fundae.es\/madrid\/"},{"@type":"ListItem","position":2,"name":"\u00bfQu\u00e9 es?"}]},{"@type":"WebSite","@id":"https:\/\/universidadpyme.fundae.es\/madrid\/#website","url":"https:\/\/universidadpyme.fundae.es\/madrid\/","name":"Universidad PYME Madrid","description":"Otro sitio realizado con WordPress","potentialAction":[{"@type":"SearchAction","target":{"@type":"EntryPoint","urlTemplate":"https:\/\/universidadpyme.fundae.es\/madrid\/?s={search_term_string}"},"query-input":"required name=search_term_string"}],"inLanguage":"es"}]}},"_links":{"self":[{"href":"https:\/\/universidadpyme.fundae.es\/madrid\/wp-json\/wp\/v2\/pages\/835","targetHints":{"allow":["GET"]}}],"collection":[{"href":"https:\/\/universidadpyme.fundae.es\/madrid\/wp-json\/wp\/v2\/pages"}],"about":[{"href":"https:\/\/universidadpyme.fundae.es\/madrid\/wp-json\/wp\/v2\/types\/page"}],"author":[{"embeddable":true,"href":"https:\/\/universidadpyme.fundae.es\/madrid\/wp-json\/wp\/v2\/users\/1"}],"replies":[{"embeddable":true,"href":"https:\/\/universidadpyme.fundae.es\/madrid\/wp-json\/wp\/v2\/comments?post=835"}],"version-history":[{"count":313,"href":"https:\/\/universidadpyme.fundae.es\/madrid\/wp-json\/wp\/v2\/pages\/835\/revisions"}],"predecessor-version":[{"id":4733,"href":"https:\/\/universidadpyme.fundae.es\/madrid\/wp-json\/wp\/v2\/pages\/835\/revisions\/4733"}],"wp:attachment":[{"href":"https:\/\/universidadpyme.fundae.es\/madrid\/wp-json\/wp\/v2\/media?parent=835"}],"curies":[{"name":"wp","href":"https:\/\/api.w.org\/{rel}","templated":true}]}}