{"id":302,"date":"2014-03-18T18:44:31","date_gmt":"2014-03-18T18:44:31","guid":{"rendered":"http:\/\/the7.dream-demo.com\/business\/?page_id=302"},"modified":"2025-10-20T12:09:15","modified_gmt":"2025-10-20T12:09:15","slug":"ponentes-2","status":"publish","type":"page","link":"https:\/\/universidadpyme.fundae.es\/madrid2025\/ponentes-2\/","title":{"rendered":"Ponentes"},"content":{"rendered":"<section class=\"wpb-content-wrapper\"><p>[vc_row][vc_column]\n\t\t\t<!-- START Ponentes REVOLUTION SLIDER 6.6.10 --><p class=\"rs-p-wp-fix\"><\/p>\n\t\t\t<rs-module-wrap id=\"rev_slider_14_1_wrapper\" data-source=\"gallery\" style=\"visibility:hidden;background:transparent;padding:0;margin:0px auto;margin-top:0;margin-bottom:0;\">\n\t\t\t\t<rs-module id=\"rev_slider_14_1\" style=\"\" data-version=\"6.6.10\">\n\t\t\t\t\t<rs-slides style=\"overflow: hidden; position: absolute;\">\n\t\t\t\t\t\t<rs-slide style=\"position: absolute;\" data-key=\"rs-17\" data-title=\"Slide\" data-anim=\"adpr:false;ms:600;\" data-in=\"o:0;\" data-out=\"a:false;\">\n\t\t\t\t\t\t\t<img fetchpriority=\"high\" decoding=\"async\" src=\"\/\/universidadpyme.fundae.es\/madrid2025\/wp-content\/plugins\/revslider\/public\/assets\/assets\/dummy.png\" alt=\"Slide\" title=\"fondo_degradado\" width=\"2540\" height=\"1143\" class=\"rev-slidebg tp-rs-img rs-lazyload\" data-lazyload=\"\/\/universidadpyme.fundae.es\/madrid2025\/wp-content\/plugins\/revslider\/public\/assets\/assets\/transparent.png\" data-bg=\"p:right center;c:#8ebf22;\" data-no-retina>\n<!--\n\t\t\t\t\t\t\t--><rs-layer\n\t\t\t\t\t\t\t\tid=\"slider-14-slide-17-layer-0\" \n\t\t\t\t\t\t\t\tdata-type=\"text\"\n\t\t\t\t\t\t\t\tdata-rsp_ch=\"on\"\n\t\t\t\t\t\t\t\tdata-xy=\"xo:7px,43px,63px,40px;yo:214px,390px,321px,345px;\"\n\t\t\t\t\t\t\t\tdata-text=\"w:normal;s:30,25,25,15;l:38,30,30,20;fw:700;a:left,left,left,center;\"\n\t\t\t\t\t\t\t\tdata-dim=\"w:590px,927px,686px,401px;h:auto,69px,auto,auto;\"\n\t\t\t\t\t\t\t\tdata-frame_1=\"st:1330;sp:1200;sR:1330;\"\n\t\t\t\t\t\t\t\tdata-frame_999=\"o:0;st:w;sR:6470;\"\n\t\t\t\t\t\t\t\tstyle=\"z-index:10;font-family:'Nexa';\"\n\t\t\t\t\t\t\t>Descubre qui\u00e9nes est\u00e1n liderando el cambio en la log\u00edstica: referentes, emprendedores, expertas, y voces clave del ecosistema digital y empresarial. \n\t\t\t\t\t\t\t<\/rs-layer><!--\n\n\t\t\t\t\t\t\t--><rs-layer\n\t\t\t\t\t\t\t\tid=\"slider-14-slide-17-layer-1\" \n\t\t\t\t\t\t\t\tdata-type=\"text\"\n\t\t\t\t\t\t\t\tdata-color=\"#24346c\"\n\t\t\t\t\t\t\t\tdata-rsp_ch=\"on\"\n\t\t\t\t\t\t\t\tdata-xy=\"xo:1px,42px,43px,39px;yo:391px,478px,423px,439px;\"\n\t\t\t\t\t\t\t\tdata-text=\"w:normal;s:30,25,25,15;l:38,30,30,20;fw:700;a:left,left,center,center;\"\n\t\t\t\t\t\t\t\tdata-dim=\"w:590px,927px,686px,401px;h:auto,69px,auto,auto;\"\n\t\t\t\t\t\t\t\tdata-frame_1=\"st:1330;sp:1200;sR:1330;\"\n\t\t\t\t\t\t\t\tdata-frame_999=\"o:0;st:w;sR:6470;\"\n\t\t\t\t\t\t\t\tstyle=\"z-index:10;font-family:'Nexa';\"\n\t\t\t\t\t\t\t>Evento realizado, para conocer pr\u00f3ximos eventos, pulsa el siguiente  <a class='link-blanco' href='https:\/\/www.fundae.es\/actualidad\/universidad-pyme' target='_blank'>enlace<\/a> \n\t\t\t\t\t\t\t<\/rs-layer><!--\n\n\t\t\t\t\t\t\t--><rs-layer\n\t\t\t\t\t\t\t\tid=\"slider-14-slide-17-layer-2\" \n\t\t\t\t\t\t\t\tdata-type=\"text\"\n\t\t\t\t\t\t\t\tdata-color=\"#24346c\"\n\t\t\t\t\t\t\t\tdata-rsp_ch=\"on\"\n\t\t\t\t\t\t\t\tdata-xy=\"xo:8px,44px,262px,153px;y:m;yo:-114px,92px,38px,62px;\"\n\t\t\t\t\t\t\t\tdata-text=\"w:normal;s:45,45,45,30;l:50,45,50,35;ls:1px;fw:700;a:left,left,left,center;\"\n\t\t\t\t\t\t\t\tdata-dim=\"w:532px,241px,250px,162px;h:auto,52px,54px,auto;\"\n\t\t\t\t\t\t\t\tdata-margin=\"b:30;\"\n\t\t\t\t\t\t\t\tdata-frame_0=\"y:100%;\"\n\t\t\t\t\t\t\t\tdata-frame_0_mask=\"u:t;y:100%;\"\n\t\t\t\t\t\t\t\tdata-frame_1=\"e:power2.inOut;st:1350;sp:1200;sR:1350;\"\n\t\t\t\t\t\t\t\tdata-frame_1_mask=\"u:t;\"\n\t\t\t\t\t\t\t\tdata-frame_999=\"o:0;e:nothing;st:w;sR:6450;\"\n\t\t\t\t\t\t\t\tstyle=\"z-index:8;font-family:'Nexa';\"\n\t\t\t\t\t\t\t>Ponentes \n\t\t\t\t\t\t\t<\/rs-layer><!--\n\n\t\t\t\t\t\t\t--><a\n\t\t\t\t\t\t\t\tid=\"slider-14-slide-17-layer-3\" \n\t\t\t\t\t\t\t\tclass=\"rs-layer rev-btn\"\n\t\t\t\t\t\t\t\thref=\"https:\/\/formularios.businessplus.es\/UniversidadPyme?clave=FYduX1Ja7UqWVRKjecS3yg\" target=\"_blank\" rel=\"noopener\"\n\t\t\t\t\t\t\t\tdata-type=\"button\"\n\t\t\t\t\t\t\t\tdata-rsp_ch=\"on\"\n\t\t\t\t\t\t\t\tdata-xy=\"xo:3px,46px,291px,156px;yo:405px,492px,432px,440px;\"\n\t\t\t\t\t\t\t\tdata-text=\"w:normal;s:22,16,20,20;l:55,41,30,30;fw:600;\"\n\t\t\t\t\t\t\t\tdata-dim=\"w:290px,219px,166px,166px;h:60px,45px,45px,45px;minh:0px,none,none,none;\"\n\t\t\t\t\t\t\t\tdata-vbility=\"f,f,f,f\"\n\t\t\t\t\t\t\t\tdata-padding=\"t:5,4,10,10;r:50,38,30,30;l:90,68,35,35;\"\n\t\t\t\t\t\t\t\tdata-border=\"bor:10px,10px,10px,10px;\"\n\t\t\t\t\t\t\t\tdata-frame_1=\"st:1330;sp:1200;sR:1330;\"\n\t\t\t\t\t\t\t\tdata-frame_999=\"o:0;st:w;sR:6470;\"\n\t\t\t\t\t\t\t\tdata-frame_hover=\"bgc:#00198a;bor:10px,10px,10px,10px;td:underline;sp:100;e:power1.inOut;bri:120%;\"\n\t\t\t\t\t\t\t\tstyle=\"z-index:13;background-color:#24346c;font-family:'Nexa';\"\n\t\t\t\t\t\t\t>Reg\u00edstrate \n\t\t\t\t\t\t\t<\/a><!--\n\n\t\t\t\t\t\t\t--><rs-layer\n\t\t\t\t\t\t\t\tid=\"slider-14-slide-17-layer-4\" \n\t\t\t\t\t\t\t\tdata-type=\"image\"\n\t\t\t\t\t\t\t\tdata-rsp_ch=\"on\"\n\t\t\t\t\t\t\t\tdata-xy=\"x:r,c,c,c;xo:2px,-10px,2px,-1px;y:m;yo:-2px,-101px,-124px,-97px;\"\n\t\t\t\t\t\t\t\tdata-text=\"w:normal;s:20,15,11,6;l:0,18,13,8;\"\n\t\t\t\t\t\t\t\tdata-dim=\"w:770px,474px,359px,360px;h:472px,316px,220px,221px;\"\n\t\t\t\t\t\t\t\tdata-frame_1=\"st:1330;sp:1200;sR:1330;\"\n\t\t\t\t\t\t\t\tdata-frame_999=\"o:0;st:w;sR:6470;\"\n\t\t\t\t\t\t\t\tstyle=\"z-index:12;\"\n\t\t\t\t\t\t\t><img decoding=\"async\" src=\"\/\/universidadpyme.fundae.es\/madrid2025\/wp-content\/plugins\/revslider\/public\/assets\/assets\/dummy.png\" alt=\"\" class=\"tp-rs-img rs-lazyload\" width=\"815\" height=\"500\" data-lazyload=\"\/\/universidadpyme.fundae.es\/madrid2025\/wp-content\/uploads\/2025\/08\/imagen_banner_ponentes.png\" data-no-retina> \n\t\t\t\t\t\t\t<\/rs-layer><!--\n-->\t\t\t\t\t\t<\/rs-slide>\n\t\t\t\t\t<\/rs-slides>\n\t\t\t\t<\/rs-module>\n\t\t\t\t<script>\n\t\t\t\t\tsetREVStartSize({c: 'rev_slider_14_1',rl:[1240,1024,778,480],el:[600,550,500,520],gw:[1350,1024,778,480],gh:[600,550,500,520],type:'standard',justify:'',layout:'fullwidth',mh:\"600\"});if (window.RS_MODULES!==undefined && window.RS_MODULES.modules!==undefined && window.RS_MODULES.modules[\"revslider141\"]!==undefined) {window.RS_MODULES.modules[\"revslider141\"].once = false;window.revapi14 = undefined;if (window.RS_MODULES.checkMinimal!==undefined) window.RS_MODULES.checkMinimal()}\n\t\t\t\t<\/script>\n\t\t\t<\/rs-module-wrap>\n\t\t\t<!-- END REVOLUTION SLIDER -->\n[\/vc_column][\/vc_row][vc_row margin_top=\u00bb100px\u00bb margin_bottom=\u00bb130px\u00bb css=\u00bb.vc_custom_1666768255273{margin-bottom: 280px !important;}\u00bb el_class=\u00bbfila_ponentes\u00bb][vc_column width=\u00bb1\/4&#8243;]<div class=\"ult-team-member-wrap ult-style-1 team_item itemhover  vc_custom_1759392539819\"><div class=\"ult-team-member-image\" style=\"\"> <img decoding=\"async\" class=\"\" src=\"https:\/\/universidadpyme.fundae.es\/madrid2025\/wp-content\/uploads\/2025\/05\/laura-heras.jpg\" alt=\"null\"  style=\"\"><span class=\"ult-team-member-image-overlay \"  ><\/span><\/div><div class=\"ult-team-member-bio-wrap style-1 ultimate-heading69f5716dd268b\" style=\"text-align:center;; \"><div class=\"ult-team-member-name-wrap\"><h2 class=\"ult-team-member-name ult-responsive\"  data-ultimate-target='.ult-team-member-bio-wrap.ultimate-heading69f5716dd268b .ult-team-member-name'  data-responsive-json-new='{\"font-size\":\"desktop:25px;\",\"line-height\":\"\"}'  style=\"font-weight:bold;color:#262626;\">Laura Heras<\/h2><div class=\"ult-team-member-position ult-responsive\"  data-ultimate-target='.ult-team-member-bio-wrap.ultimate-heading69f5716dd268b .ult-team-member-position'  data-responsive-json-new='{\"font-size\":\"desktop:18px;\",\"line-height\":\"\"}'  style=\"color:#262626;\">Presentadora<\/div><div class=\"ult-team-member-description ult-responsive\"  data-ultimate-target='.ult-team-member-bio-wrap.ultimate-heading69f5716dd268b .ult-team-member-description'  data-responsive-json-new='{\"font-size\":\"\",\"line-height\":\"\"}'  style=\"\"><p><\/p>\n<p class=\"resena none\">Periodista y comunicadora<\/p>\n<p><\/p><\/div><div style=\"margin-bottom:15px\"><\/div><\/div><\/div><\/div><div class=\"ult-team-member-wrap ult-style-1 team_item itemhover  vc_custom_1758616219521\"><div class=\"ult-team-member-image\" style=\"\"> <img decoding=\"async\" class=\"\" src=\"https:\/\/universidadpyme.fundae.es\/madrid2025\/wp-content\/uploads\/2025\/09\/silvia-leal-web.jpg\" alt=\"null\"  style=\"\"><span class=\"ult-team-member-image-overlay \"  ><\/span><\/div><div class=\"ult-team-member-bio-wrap style-1 ultimate-heading69f5716dd28a6\" style=\"text-align:center;; \"><div class=\"ult-team-member-name-wrap\"><h2 class=\"ult-team-member-name ult-responsive\"  data-ultimate-target='.ult-team-member-bio-wrap.ultimate-heading69f5716dd28a6 .ult-team-member-name'  data-responsive-json-new='{\"font-size\":\"desktop:25px;\",\"line-height\":\"\"}'  style=\"font-weight:bold;color:#262626;\">Silvia Leal<\/h2><div class=\"ult-team-member-position ult-responsive\"  data-ultimate-target='.ult-team-member-bio-wrap.ultimate-heading69f5716dd28a6 .ult-team-member-position'  data-responsive-json-new='{\"font-size\":\"desktop:18px;\",\"line-height\":\"\"}'  style=\"color:#262626;\">Experta en IA, Tecnolog\u00eda &amp; Tendencias de Futuro<\/div><div class=\"ult-team-member-description ult-responsive\"  data-ultimate-target='.ult-team-member-bio-wrap.ultimate-heading69f5716dd28a6 .ult-team-member-description'  data-responsive-json-new='{\"font-size\":\"\",\"line-height\":\"\"}'  style=\"\"><p><\/p>\n<p class=\"resena none\">Silvia Leal es una de las m\u00e1ximas expertas mundiales en inteligencia artificial y el impacto de las nuevas tecnolog\u00edas sobre la sociedad y los negocios. Asesora de la OCDE y de la Comisi\u00f3n Europea. Ha sido Directora de programas de Innovaci\u00f3n y Tecnolog\u00eda del IE Business School. Imparte cada a\u00f1o m\u00e1s de cien de conferencias por todo el mundo, y millones de personas siguen sus consejos sobre la IA, tecnolog\u00edas inmersivas y las nuevas tendencias digitales.<\/p>\n<p><\/p><\/div><div style=\"margin-bottom:15px\"><\/div><\/div><\/div><\/div><div class=\"ult-team-member-wrap ult-style-1 team_item itemhover  vc_custom_1760962152120\"><div class=\"ult-team-member-image\" style=\"\"> <img decoding=\"async\" class=\"\" src=\"https:\/\/universidadpyme.fundae.es\/madrid2025\/wp-content\/uploads\/2025\/10\/pilar-trucios-web.jpg\" alt=\"null\"  style=\"\"><span class=\"ult-team-member-image-overlay \"  ><\/span><\/div><div class=\"ult-team-member-bio-wrap style-1 ultimate-heading69f5716dd2ac5\" style=\"text-align:center;; \"><div class=\"ult-team-member-name-wrap\"><h2 class=\"ult-team-member-name ult-responsive\"  data-ultimate-target='.ult-team-member-bio-wrap.ultimate-heading69f5716dd2ac5 .ult-team-member-name'  data-responsive-json-new='{\"font-size\":\"desktop:25px;\",\"line-height\":\"\"}'  style=\"font-weight:bold;color:#262626;\">Pilar Trucios<\/h2><div class=\"ult-team-member-position ult-responsive\"  data-ultimate-target='.ult-team-member-bio-wrap.ultimate-heading69f5716dd2ac5 .ult-team-member-position'  data-responsive-json-new='{\"font-size\":\"desktop:18px;\",\"line-height\":\"\"}'  style=\"color:#262626;\">Cofundadora de Experience Ahead. Business Angel en WA4STEAM<\/div><div class=\"ult-team-member-description ult-responsive\"  data-ultimate-target='.ult-team-member-bio-wrap.ultimate-heading69f5716dd2ac5 .ult-team-member-description'  data-responsive-json-new='{\"font-size\":\"\",\"line-height\":\"\"}'  style=\"\"><p><\/p>\n<p class=\"resena none\">Profesional con m\u00e1s de 20 a\u00f1os de experiencia en medios de comunicaci\u00f3n y gesti\u00f3n de marca. Fue subdirectora de Expansi\u00f3n y directora de Comunicaci\u00f3n y Marca en Bankia (comit\u00e9 de direcci\u00f3n). Cofundadora de The Valley y actualmente de Experience Ahead, adem\u00e1s de inversora en startups tecnol\u00f3gicas con WA4STEAM. Ha estudiado en Stanford, IESE, Columbia y CEIBS, con amplia experiencia internacional en EE.UU. y China. Autora y ponente habitual sobre transformaci\u00f3n digital y desarrollo profesional.\n<\/p>\n<p><\/p><\/div><div style=\"margin-bottom:15px\"><\/div><\/div><\/div><\/div><div class=\"ult-team-member-wrap ult-style-1 team_item itemhover  vc_custom_1760885607194\"><div class=\"ult-team-member-image\" style=\"\"> <img decoding=\"async\" class=\"\" src=\"https:\/\/universidadpyme.fundae.es\/madrid2025\/wp-content\/uploads\/2025\/10\/miguel-angel-ruiz-web.jpg\" alt=\"null\"  style=\"\"><span class=\"ult-team-member-image-overlay \"  ><\/span><\/div><div class=\"ult-team-member-bio-wrap style-1 ultimate-heading69f5716dd2caa\" style=\"text-align:center;; \"><div class=\"ult-team-member-name-wrap\"><h2 class=\"ult-team-member-name ult-responsive\"  data-ultimate-target='.ult-team-member-bio-wrap.ultimate-heading69f5716dd2caa .ult-team-member-name'  data-responsive-json-new='{\"font-size\":\"desktop:25px;\",\"line-height\":\"\"}'  style=\"font-weight:bold;color:#262626;\">Miguel \u00c1ngel Ruiz<\/h2><div class=\"ult-team-member-position ult-responsive\"  data-ultimate-target='.ult-team-member-bio-wrap.ultimate-heading69f5716dd2caa .ult-team-member-position'  data-responsive-json-new='{\"font-size\":\"desktop:18px;\",\"line-height\":\"\"}'  style=\"color:#262626;\">Responsable de la Secretar\u00eda de Trabajo y Nuevas Realidades de la Uni\u00f3n Sindical de Madrid Regi\u00f3n de CCOO<\/div><div class=\"ult-team-member-description ult-responsive\"  data-ultimate-target='.ult-team-member-bio-wrap.ultimate-heading69f5716dd2caa .ult-team-member-description'  data-responsive-json-new='{\"font-size\":\"\",\"line-height\":\"\"}'  style=\"\"><p><\/p>\n<p class=\"resena none\">Miguel \u00c1ngel Ruiz Montalb\u00e1n, Secretario de Trabajo y Nuevas Realidades de CCOO de Madrid. Licenciado en Ciencias Biol\u00f3gicas por la Universidad Complutense de Madrid, Empleado p\u00fablico adscrito a la Consejer\u00eda de Econom\u00eda, Hacienda y Empleo de la Comunidad de Madrid y delegado de CCOO en la Junta de Personal Funcionario de dicha Consejer\u00eda. Ha desarrollado su trabajo sindical en \u00e1reas de Negociaci\u00f3n Colectiva, Acci\u00f3n Sindical y Empleo en el Sector de Administraci\u00f3n Auton\u00f3mica de la Federaci\u00f3n de Servicios a la Ciudadan\u00eda de Madrid. Afiliado a Comisiones Obreras desde 1990.<\/p>\n<p><\/p><\/div><div style=\"margin-bottom:15px\"><\/div><\/div><\/div><\/div><div class=\"ult-team-member-wrap ult-style-1 team_item itemhover  vc_custom_1760080976004\"><div class=\"ult-team-member-image\" style=\"\"> <img decoding=\"async\" class=\"\" src=\"https:\/\/universidadpyme.fundae.es\/madrid2025\/wp-content\/uploads\/2025\/10\/mariano-torrego-pajares-web.jpg\" alt=\"null\"  style=\"\"><span class=\"ult-team-member-image-overlay \"  ><\/span><\/div><div class=\"ult-team-member-bio-wrap style-1 ultimate-heading69f5716dd2e99\" style=\"text-align:center;; \"><div class=\"ult-team-member-name-wrap\"><h2 class=\"ult-team-member-name ult-responsive\"  data-ultimate-target='.ult-team-member-bio-wrap.ultimate-heading69f5716dd2e99 .ult-team-member-name'  data-responsive-json-new='{\"font-size\":\"desktop:25px;\",\"line-height\":\"\"}'  style=\"font-weight:bold;color:#262626;\">Mariano Torrego<\/h2><div class=\"ult-team-member-position ult-responsive\"  data-ultimate-target='.ult-team-member-bio-wrap.ultimate-heading69f5716dd2e99 .ult-team-member-position'  data-responsive-json-new='{\"font-size\":\"desktop:18px;\",\"line-height\":\"\"}'  style=\"color:#262626;\">Gerente Senior Manager Seguridad y Defensa. Babel Sistemas de Informaci\u00f3n<\/div><div class=\"ult-team-member-description ult-responsive\"  data-ultimate-target='.ult-team-member-bio-wrap.ultimate-heading69f5716dd2e99 .ult-team-member-description'  data-responsive-json-new='{\"font-size\":\"\",\"line-height\":\"\"}'  style=\"\"><p><\/p>\n<p class=\"resena none\">Cuenta con m\u00e1s de 30 a\u00f1os de experiencia en el \u00e1mbito de la seguridad y la defensa, desarrollada en la Polic\u00eda Nacional, el Ministerio de Defensa y la Armada Espa\u00f1ola. Es Ingeniero T\u00e9cnico en Inform\u00e1tica por la Universidad Pontificia de Salamanca, Perito Inform\u00e1tico Forense (UDIMA\u2013ANTPJI) y Investigador Forense Digital acreditado por la Asociaci\u00f3n Europea de Investigadores Digitales Forenses.<\/p>\n<p><\/p><\/div><div style=\"margin-bottom:15px\"><\/div><\/div><\/div><\/div><div class=\"ult-team-member-wrap ult-style-1 team_item itemhover  vc_custom_1759833492856\"><div class=\"ult-team-member-image\" style=\"\"> <img decoding=\"async\" class=\"\" src=\"https:\/\/universidadpyme.fundae.es\/madrid2025\/wp-content\/uploads\/2025\/09\/eduardo-san-roman-web.jpg\" alt=\"null\"  style=\"\"><span class=\"ult-team-member-image-overlay \"  ><\/span><\/div><div class=\"ult-team-member-bio-wrap style-1 ultimate-heading69f5716dd308d\" style=\"text-align:center;; \"><div class=\"ult-team-member-name-wrap\"><h2 class=\"ult-team-member-name ult-responsive\"  data-ultimate-target='.ult-team-member-bio-wrap.ultimate-heading69f5716dd308d .ult-team-member-name'  data-responsive-json-new='{\"font-size\":\"desktop:25px;\",\"line-height\":\"\"}'  style=\"font-weight:bold;color:#262626;\">Eduardo San Rom\u00e1n<\/h2><div class=\"ult-team-member-position ult-responsive\"  data-ultimate-target='.ult-team-member-bio-wrap.ultimate-heading69f5716dd308d .ult-team-member-position'  data-responsive-json-new='{\"font-size\":\"desktop:18px;\",\"line-height\":\"\"}'  style=\"color:#262626;\">Director General de la Agencia Log\u00edstica de la Comunidad de Madrid<\/div><div class=\"ult-team-member-description ult-responsive\"  data-ultimate-target='.ult-team-member-bio-wrap.ultimate-heading69f5716dd308d .ult-team-member-description'  data-responsive-json-new='{\"font-size\":\"\",\"line-height\":\"\"}'  style=\"\"><p><\/p>\n<p class=\"resena none\">Piloto comercial, M\u00e1ster en Protocolo y Comunicaci\u00f3n, Director General de Protecci\u00f3n Ciudadana, Gerente del 112.<\/p>\n<p><\/p><\/div><div style=\"margin-bottom:15px\"><\/div><\/div><\/div><\/div>[\/vc_column][vc_column width=\u00bb1\/4&#8243;]<div class=\"ult-team-member-wrap ult-style-1 team_item itemhover  vc_custom_1747058997655\"><div class=\"ult-team-member-image\" style=\"\"> <img decoding=\"async\" class=\"\" src=\"https:\/\/universidadpyme.fundae.es\/madrid2025\/wp-content\/uploads\/2025\/05\/Antonio_de_Luis.jpg\" alt=\"null\"  style=\"\"><span class=\"ult-team-member-image-overlay \"  ><\/span><\/div><div class=\"ult-team-member-bio-wrap style-1 ultimate-heading69f5716dd3251\" style=\"text-align:center;; \"><div class=\"ult-team-member-name-wrap\"><h2 class=\"ult-team-member-name ult-responsive\"  data-ultimate-target='.ult-team-member-bio-wrap.ultimate-heading69f5716dd3251 .ult-team-member-name'  data-responsive-json-new='{\"font-size\":\"desktop:25px;\",\"line-height\":\"\"}'  style=\"font-weight:bold;color:#262626;\">Antonio de Luis<\/h2><div class=\"ult-team-member-position ult-responsive\"  data-ultimate-target='.ult-team-member-bio-wrap.ultimate-heading69f5716dd3251 .ult-team-member-position'  data-responsive-json-new='{\"font-size\":\"desktop:18px;\",\"line-height\":\"\"}'  style=\"color:#262626;\">Director Gerente de Fundae<\/div><div class=\"ult-team-member-description ult-responsive\"  data-ultimate-target='.ult-team-member-bio-wrap.ultimate-heading69f5716dd3251 .ult-team-member-description'  data-responsive-json-new='{\"font-size\":\"\",\"line-height\":\"\"}'  style=\"\"><p><\/p>\n<p class=\"resena none\">Experto en direcci\u00f3n y coordinaci\u00f3n de equipos, procesos de gesti\u00f3n y programas de empleo y formaci\u00f3n para el empleo, dirige innovadores proyectos tanto nacionales como internacionales, muchos enmarcados en el Plan de Recuperaci\u00f3n, Transformaci\u00f3n y Resiliencia. Ha impulsado la implantaci\u00f3n del proyecto Digital\u00edzate para la formaci\u00f3n en competencias digitales y de apoyo a la transformaci\u00f3n digital de las Pymes.<\/p>\n<p><\/p><\/div><div style=\"margin-bottom:15px\"><\/div><\/div><\/div><\/div><div class=\"ult-team-member-wrap ult-style-1 team_item itemhover  vc_custom_1747058586348\"><div class=\"ult-team-member-image\" style=\"\"> <img decoding=\"async\" class=\"\" src=\"https:\/\/universidadpyme.fundae.es\/madrid2025\/wp-content\/uploads\/2025\/05\/Carmen_Prieto.jpg\" alt=\"null\"  style=\"\"><span class=\"ult-team-member-image-overlay \"  ><\/span><\/div><div class=\"ult-team-member-bio-wrap style-1 ultimate-heading69f5716dd33fb\" style=\"text-align:center;; \"><div class=\"ult-team-member-name-wrap\"><h2 class=\"ult-team-member-name ult-responsive\"  data-ultimate-target='.ult-team-member-bio-wrap.ultimate-heading69f5716dd33fb .ult-team-member-name'  data-responsive-json-new='{\"font-size\":\"desktop:25px;\",\"line-height\":\"\"}'  style=\"font-weight:bold;color:#262626;\">Carmen Prieto<\/h2><div class=\"ult-team-member-position ult-responsive\"  data-ultimate-target='.ult-team-member-bio-wrap.ultimate-heading69f5716dd33fb .ult-team-member-position'  data-responsive-json-new='{\"font-size\":\"desktop:18px;\",\"line-height\":\"\"}'  style=\"color:#262626;\">Jefe de la Unidad de Evaluaci\u00f3n, Estudios y Ordenaci\u00f3n de la Formaci\u00f3n de Fundae<\/div><div class=\"ult-team-member-description ult-responsive\"  data-ultimate-target='.ult-team-member-bio-wrap.ultimate-heading69f5716dd33fb .ult-team-member-description'  data-responsive-json-new='{\"font-size\":\"\",\"line-height\":\"\"}'  style=\"\"><p><\/p>\n<p class=\"resena none\">Ha desarrollado su actividad en el \u00e1mbito de los recursos humanos (selecci\u00f3n y formaci\u00f3n) en diferentes empresas hasta que en el a\u00f1o 1996 se incorpor\u00f3 a la Fundaci\u00f3n Estatal para la Formaci\u00f3n en el Empleo. A partir del a\u00f1o 2009 ha ocupado diferentes puestos en la Direcci\u00f3n relacionados con la gesti\u00f3n de las distintas iniciativas. Actualmente, adem\u00e1s de la jefatura de la unidad, es la responsable de numerosos proyectos que ofrecen formaci\u00f3n gratuita en competencias digitales a las personas trabajadoras.<\/p>\n<p><\/p><\/div><div style=\"margin-bottom:15px\"><\/div><\/div><\/div><\/div><div class=\"ult-team-member-wrap ult-style-1 team_item itemhover  vc_custom_1759951873805\"><div class=\"ult-team-member-image\" style=\"\"> <img decoding=\"async\" class=\"\" src=\"https:\/\/universidadpyme.fundae.es\/madrid2025\/wp-content\/uploads\/2025\/10\/gonzo-suarez-web.jpg\" alt=\"null\"  style=\"\"><span class=\"ult-team-member-image-overlay \"  ><\/span><\/div><div class=\"ult-team-member-bio-wrap style-1 ultimate-heading69f5716dd35ae\" style=\"text-align:center;; \"><div class=\"ult-team-member-name-wrap\"><h2 class=\"ult-team-member-name ult-responsive\"  data-ultimate-target='.ult-team-member-bio-wrap.ultimate-heading69f5716dd35ae .ult-team-member-name'  data-responsive-json-new='{\"font-size\":\"desktop:25px;\",\"line-height\":\"\"}'  style=\"font-weight:bold;color:#262626;\">Gonzo Suarez<\/h2><div class=\"ult-team-member-position ult-responsive\"  data-ultimate-target='.ult-team-member-bio-wrap.ultimate-heading69f5716dd35ae .ult-team-member-position'  data-responsive-json-new='{\"font-size\":\"desktop:18px;\",\"line-height\":\"\"}'  style=\"color:#262626;\">Director de juegos, fundador de la Academia de las Artes y las Ciencias Interactivas<\/div><div class=\"ult-team-member-description ult-responsive\"  data-ultimate-target='.ult-team-member-bio-wrap.ultimate-heading69f5716dd35ae .ult-team-member-description'  data-responsive-json-new='{\"font-size\":\"\",\"line-height\":\"\"}'  style=\"\"><p><\/p>\n<p class=\"resena none\">Destaca por haber sido art\u00edfice de una de las primeras startups en Espa\u00f1a, creadores de la saga Commandos, una de las franquicias de videojuegos m\u00e1s relevantes del pa\u00eds, y por su papel en Opera Soft, emblema de la \u201cEra Dorada del Soft Espa\u00f1ol\u201d. Adem\u00e1s, ha sido una voz clave en la defensa e impulso de la industria del videojuego en Espa\u00f1a y uno de los principales promotores de la creaci\u00f3n de DEV, la Asociaci\u00f3n de Desarrolladores de Videojuegos.<\/p>\n<p><\/p><\/div><div style=\"margin-bottom:15px\"><\/div><\/div><\/div><\/div><div class=\"ult-team-member-wrap ult-style-1 team_item itemhover  vc_custom_1760095336256\"><div class=\"ult-team-member-image\" style=\"\"> <img decoding=\"async\" class=\"\" src=\"https:\/\/universidadpyme.fundae.es\/madrid2025\/wp-content\/uploads\/2025\/10\/Isabel-Vilabella.jpg\" alt=\"null\"  style=\"\"><span class=\"ult-team-member-image-overlay \"  ><\/span><\/div><div class=\"ult-team-member-bio-wrap style-1 ultimate-heading69f5716dd3767\" style=\"text-align:center;; \"><div class=\"ult-team-member-name-wrap\"><h2 class=\"ult-team-member-name ult-responsive\"  data-ultimate-target='.ult-team-member-bio-wrap.ultimate-heading69f5716dd3767 .ult-team-member-name'  data-responsive-json-new='{\"font-size\":\"desktop:25px;\",\"line-height\":\"\"}'  style=\"font-weight:bold;color:#262626;\">Isabel Vilabella Tellado<\/h2><div class=\"ult-team-member-position ult-responsive\"  data-ultimate-target='.ult-team-member-bio-wrap.ultimate-heading69f5716dd3767 .ult-team-member-position'  data-responsive-json-new='{\"font-size\":\"desktop:18px;\",\"line-height\":\"\"}'  style=\"color:#262626;\">Secretaria de Empleo, Formaci\u00f3n y Memoria Democr\u00e1tica. UGT Madrid<\/div><div class=\"ult-team-member-description ult-responsive\"  data-ultimate-target='.ult-team-member-bio-wrap.ultimate-heading69f5716dd3767 .ult-team-member-description'  data-responsive-json-new='{\"font-size\":\"\",\"line-height\":\"\"}'  style=\"\"><p><\/p>\n<p class=\"resena none\">Licenciada en Psicolog\u00eda, especialidad industrial por la UCM y experta sociolaboral por la UNED. Representa a UGT Madrid en orgnaismos como la Comisi\u00f3n Ejecutiva Provincial del SEPE, la Comisi\u00f3n de seguimiento de la contrataci\u00f3n o la Comisi\u00f3n Eejecutiva territorial del SEPE. Es vocal del Consejo de Cultura de la Comunidad de Madrid y del Consejo de Formaci\u00f3n Profesional a nivel regional y estatal.<\/p>\n<p><\/p><\/div><div style=\"margin-bottom:15px\"><\/div><\/div><\/div><\/div><div class=\"ult-team-member-wrap ult-style-1 team_item itemhover  vc_custom_1758118596784\"><div class=\"ult-team-member-image\" style=\"\"> <img decoding=\"async\" class=\"\" src=\"https:\/\/universidadpyme.fundae.es\/madrid2025\/wp-content\/uploads\/2025\/09\/gabino-diego-web.jpg\" alt=\"null\"  style=\"\"><span class=\"ult-team-member-image-overlay \"  ><\/span><\/div><div class=\"ult-team-member-bio-wrap style-1 ultimate-heading69f5716dd392a\" style=\"text-align:center;; \"><div class=\"ult-team-member-name-wrap\"><h2 class=\"ult-team-member-name ult-responsive\"  data-ultimate-target='.ult-team-member-bio-wrap.ultimate-heading69f5716dd392a .ult-team-member-name'  data-responsive-json-new='{\"font-size\":\"desktop:25px;\",\"line-height\":\"\"}'  style=\"font-weight:bold;color:#262626;\">Gabino Diego<\/h2><div class=\"ult-team-member-position ult-responsive\"  data-ultimate-target='.ult-team-member-bio-wrap.ultimate-heading69f5716dd392a .ult-team-member-position'  data-responsive-json-new='{\"font-size\":\"desktop:18px;\",\"line-height\":\"\"}'  style=\"color:#262626;\">CEO de Foro Log\u00edstico<\/div><div class=\"ult-team-member-description ult-responsive\"  data-ultimate-target='.ult-team-member-bio-wrap.ultimate-heading69f5716dd392a .ult-team-member-description'  data-responsive-json-new='{\"font-size\":\"\",\"line-height\":\"\"}'  style=\"\"><p><\/p>\n<p class=\"resena none\">CEO y fundador de Foro de Log\u00edstica, vicepresidente de Foro MADCARGO y miembro de la junta de FIALOG. Ingeniero Industrial, MBA y M\u00e1ster en Log\u00edstica y Supply Chain. M\u00e1s de 30 a\u00f1os de experiencia como directivo, consultor y docente en estrategia, innovaci\u00f3n y gesti\u00f3n de la cadena de suministro, colaborando con empresas como Mercedes Benz, Repsol, DHL y Telef\u00f3nica.<\/p>\n<p><\/p><\/div><div style=\"margin-bottom:15px\"><\/div><\/div><\/div><\/div><div class=\"ult-team-member-wrap ult-style-1 team_item itemhover  vc_custom_1759914228251\"><div class=\"ult-team-member-image\" style=\"\"> <img decoding=\"async\" class=\"\" src=\"https:\/\/universidadpyme.fundae.es\/madrid2025\/wp-content\/uploads\/2025\/09\/Nikolay-Yordanov-web.jpg\" alt=\"null\"  style=\"\"><span class=\"ult-team-member-image-overlay \"  ><\/span><\/div><div class=\"ult-team-member-bio-wrap style-1 ultimate-heading69f5716dd3ada\" style=\"text-align:center;; \"><div class=\"ult-team-member-name-wrap\"><h2 class=\"ult-team-member-name ult-responsive\"  data-ultimate-target='.ult-team-member-bio-wrap.ultimate-heading69f5716dd3ada .ult-team-member-name'  data-responsive-json-new='{\"font-size\":\"desktop:25px;\",\"line-height\":\"\"}'  style=\"font-weight:bold;color:#262626;\">Nikolay Yordanov<\/h2><div class=\"ult-team-member-position ult-responsive\"  data-ultimate-target='.ult-team-member-bio-wrap.ultimate-heading69f5716dd3ada .ult-team-member-position'  data-responsive-json-new='{\"font-size\":\"desktop:18px;\",\"line-height\":\"\"}'  style=\"color:#262626;\">Director General de Aut\u00f3nomos y Emprendimiento de la Comunidad de Madrid<\/div><div class=\"ult-team-member-description ult-responsive\"  data-ultimate-target='.ult-team-member-bio-wrap.ultimate-heading69f5716dd3ada .ult-team-member-description'  data-responsive-json-new='{\"font-size\":\"\",\"line-height\":\"\"}'  style=\"\"><p><\/p>\n<p class=\"resena none\">Licenciado en Derecho y ADE por la Universidad Rey Juan Carlos y M\u00e1ster en Creaci\u00f3n Literaria por la Universidad Internacional de Valencia.<br \/>\nHa trabajado en PSA Peugeot Citro\u00ebn, Viachannel y en el Grupo Parlamentario Popular. Fue Director General de Juventud de la Comunidad de Madrid (2020-2023). Actualmente es Diputado Auton\u00f3mico por el Partido Popular.<\/p><\/div><div style=\"margin-bottom:15px\"><\/div><\/div><\/div><\/div>[\/vc_column][vc_column width=\u00bb1\/4&#8243;]<div class=\"ult-team-member-wrap ult-style-1 team_item  vc_custom_1757403436214\"><div class=\"ult-team-member-image\" style=\"\"> <img decoding=\"async\" class=\"\" src=\"https:\/\/universidadpyme.fundae.es\/madrid2025\/wp-content\/uploads\/2025\/09\/Mercedes-Martin.jpg\" alt=\"null\"  style=\"\"><span class=\"ult-team-member-image-overlay \"  ><\/span><\/div><div class=\"ult-team-member-bio-wrap style-1 ultimate-heading69f5716dd3c8b\" style=\"text-align:center;; \"><div class=\"ult-team-member-name-wrap\"><h2 class=\"ult-team-member-name ult-responsive\"  data-ultimate-target='.ult-team-member-bio-wrap.ultimate-heading69f5716dd3c8b .ult-team-member-name'  data-responsive-json-new='{\"font-size\":\"desktop:25px;\",\"line-height\":\"\"}'  style=\"font-weight:bold;color:#262626;\">Mercedes Mar\u00edn<\/h2><div class=\"ult-team-member-position ult-responsive\"  data-ultimate-target='.ult-team-member-bio-wrap.ultimate-heading69f5716dd3c8b .ult-team-member-position'  data-responsive-json-new='{\"font-size\":\"desktop:18px;\",\"line-height\":\"\"}'  style=\"color:#262626;\">Directora general de Formaci\u00f3n de la Comunidad de Madrid<\/div><div style=\"margin-bottom:15px\"><\/div><\/div><\/div><\/div><div class=\"ult-team-member-wrap ult-style-1 team_item itemhover  vc_custom_1759951839191\"><div class=\"ult-team-member-image\" style=\"\"> <img decoding=\"async\" class=\"\" src=\"https:\/\/universidadpyme.fundae.es\/madrid2025\/wp-content\/uploads\/2025\/10\/marlon-molina-web.jpg\" alt=\"null\"  style=\"\"><span class=\"ult-team-member-image-overlay \"  ><\/span><\/div><div class=\"ult-team-member-bio-wrap style-1 ultimate-heading69f5716dd3e48\" style=\"text-align:center;; \"><div class=\"ult-team-member-name-wrap\"><h2 class=\"ult-team-member-name ult-responsive\"  data-ultimate-target='.ult-team-member-bio-wrap.ultimate-heading69f5716dd3e48 .ult-team-member-name'  data-responsive-json-new='{\"font-size\":\"desktop:25px;\",\"line-height\":\"\"}'  style=\"font-weight:bold;color:#262626;\">Marlon Molina<\/h2><div class=\"ult-team-member-position ult-responsive\"  data-ultimate-target='.ult-team-member-bio-wrap.ultimate-heading69f5716dd3e48 .ult-team-member-position'  data-responsive-json-new='{\"font-size\":\"desktop:18px;\",\"line-height\":\"\"}'  style=\"color:#262626;\">Director de Computerworld University y director del Laboratorio de Ciberseguridad de Madrid Capital Fintech<\/div><div class=\"ult-team-member-description ult-responsive\"  data-ultimate-target='.ult-team-member-bio-wrap.ultimate-heading69f5716dd3e48 .ult-team-member-description'  data-responsive-json-new='{\"font-size\":\"\",\"line-height\":\"\"}'  style=\"\"><p><\/p>\n<p class=\"resena none\">Ingeniero en inform\u00e1tica, experto en transformaci\u00f3n digital y ciberseguridad. En 2023 recibi\u00f3 la Medalla al M\u00e9rito de la Ciberdefensa, medalla oficial del Reino de Espa\u00f1a, en 2018 la Revista Influencers le nombr\u00f3 como el principal influencer de la Inteligencia Artificial, y un a\u00f1o despu\u00e9s Cherwell le incluy\u00f3 en el Top 10 de los influencers de la Transformaci\u00f3n Digital en Europa.<br \/>\nEs miembro del Comit\u00e9 Evaluador de posgrados de Madrid, y profesor invitado en varias Escuelas de Negocios y universidades. Colabora habitualmente en Televisi\u00f3n Espa\u00f1ola, y en diferentes programas de radio de Espa\u00f1a e internacionales.<\/p><\/div><div style=\"margin-bottom:15px\"><\/div><\/div><\/div><\/div><div class=\"ult-team-member-wrap ult-style-1 team_item  vc_custom_1759477941937\"><div class=\"ult-team-member-image\" style=\"\"> <img decoding=\"async\" class=\"\" src=\"https:\/\/universidadpyme.fundae.es\/madrid2025\/wp-content\/uploads\/2025\/10\/javier-quesada-web.jpg\" alt=\"null\"  style=\"\"><span class=\"ult-team-member-image-overlay \"  ><\/span><\/div><div class=\"ult-team-member-bio-wrap style-1 ultimate-heading69f5716dd4030\" style=\"text-align:center;; \"><div class=\"ult-team-member-name-wrap\"><h2 class=\"ult-team-member-name ult-responsive\"  data-ultimate-target='.ult-team-member-bio-wrap.ultimate-heading69f5716dd4030 .ult-team-member-name'  data-responsive-json-new='{\"font-size\":\"desktop:25px;\",\"line-height\":\"\"}'  style=\"font-weight:bold;color:#262626;\">Javier Quesada<\/h2><div class=\"ult-team-member-position ult-responsive\"  data-ultimate-target='.ult-team-member-bio-wrap.ultimate-heading69f5716dd4030 .ult-team-member-position'  data-responsive-json-new='{\"font-size\":\"desktop:18px;\",\"line-height\":\"\"}'  style=\"color:#262626;\">CSO de Brodriver<\/div><div class=\"ult-team-member-description ult-responsive\"  data-ultimate-target='.ult-team-member-bio-wrap.ultimate-heading69f5716dd4030 .ult-team-member-description'  data-responsive-json-new='{\"font-size\":\"\",\"line-height\":\"\"}'  style=\"\"><p><\/p>\n<p class=\"resena none\">Graduado en Comunicaci\u00f3n y Marketing por la Universidad de Gerona (1997-2001) y con un postgrado en marketing digital (2020), ha dedicado su carrera profesional al sector bancario desde 2001 hasta 2023. Director general de NavionTruck Espa\u00f1a y CSO de Brodriver.<\/p>\n<p><\/p><\/div><div style=\"margin-bottom:15px\"><\/div><\/div><\/div><\/div><div class=\"ult-team-member-wrap ult-style-1 team_item itemhover  vc_custom_1759174778181\"><div class=\"ult-team-member-image\" style=\"\"> <img decoding=\"async\" class=\"\" src=\"https:\/\/universidadpyme.fundae.es\/madrid2025\/wp-content\/uploads\/2025\/09\/Juan-Chinchilla-2025.png\" alt=\"null\"  style=\"\"><span class=\"ult-team-member-image-overlay \"  ><\/span><\/div><div class=\"ult-team-member-bio-wrap style-1 ultimate-heading69f5716dd41ee\" style=\"text-align:center;; \"><div class=\"ult-team-member-name-wrap\"><h2 class=\"ult-team-member-name ult-responsive\"  data-ultimate-target='.ult-team-member-bio-wrap.ultimate-heading69f5716dd41ee .ult-team-member-name'  data-responsive-json-new='{\"font-size\":\"desktop:25px;\",\"line-height\":\"\"}'  style=\"font-weight:bold;color:#262626;\">Juan Chinchilla<\/h2><div class=\"ult-team-member-position ult-responsive\"  data-ultimate-target='.ult-team-member-bio-wrap.ultimate-heading69f5716dd41ee .ult-team-member-position'  data-responsive-json-new='{\"font-size\":\"desktop:18px;\",\"line-height\":\"\"}'  style=\"color:#262626;\">Director Aplicaciones de Negocio. Microsoft<\/div><div class=\"ult-team-member-description ult-responsive\"  data-ultimate-target='.ult-team-member-bio-wrap.ultimate-heading69f5716dd41ee .ult-team-member-description'  data-responsive-json-new='{\"font-size\":\"\",\"line-height\":\"\"}'  style=\"\"><p><\/p>\n<p class=\"resena none\">Licenciado en Marketing y Master en Administraci\u00f3n Internacional de Empresas. Experiencia de m\u00e1s de 20 a\u00f1os en sector de IT en empresas como Dell, Lenovo y actualmmente Microsoft.<\/p>\n<p><\/p><\/div><div style=\"margin-bottom:15px\"><\/div><\/div><\/div><\/div><div class=\"ult-team-member-wrap ult-style-1 team_item  vc_custom_1757678711234\"><div class=\"ult-team-member-image\" style=\"\"> <img decoding=\"async\" class=\"\" src=\"https:\/\/universidadpyme.fundae.es\/madrid2025\/wp-content\/uploads\/2025\/09\/Laly-Escudero-web.jpg\" alt=\"null\"  style=\"\"><span class=\"ult-team-member-image-overlay \"  ><\/span><\/div><div class=\"ult-team-member-bio-wrap style-1 ultimate-heading69f5716dd43c4\" style=\"text-align:center;; \"><div class=\"ult-team-member-name-wrap\"><h2 class=\"ult-team-member-name ult-responsive\"  data-ultimate-target='.ult-team-member-bio-wrap.ultimate-heading69f5716dd43c4 .ult-team-member-name'  data-responsive-json-new='{\"font-size\":\"desktop:25px;\",\"line-height\":\"\"}'  style=\"font-weight:bold;color:#262626;\">Laly Escudero Ossorio<\/h2><div class=\"ult-team-member-position ult-responsive\"  data-ultimate-target='.ult-team-member-bio-wrap.ultimate-heading69f5716dd43c4 .ult-team-member-position'  data-responsive-json-new='{\"font-size\":\"desktop:18px;\",\"line-height\":\"\"}'  style=\"color:#262626;\">Presidenta de la Asociaci\u00f3n de Empresarios de Henares<\/div><div class=\"ult-team-member-description ult-responsive\"  data-ultimate-target='.ult-team-member-bio-wrap.ultimate-heading69f5716dd43c4 .ult-team-member-description'  data-responsive-json-new='{\"font-size\":\"\",\"line-height\":\"\"}'  style=\"\"><p><\/p>\n<p class=\"resena none\">Piloto comercial, M\u00e1ster en Protocolo y Comunicaci\u00f3n, Director General de Protecci\u00f3n Ciudadana, Gerente del 112.<\/p>\n<p><\/p><\/div><div style=\"margin-bottom:15px\"><\/div><\/div><\/div><\/div><div class=\"ult-team-member-wrap ult-style-1 team_item itemhover  vc_custom_1758718607819\"><div class=\"ult-team-member-image\" style=\"\"> <img decoding=\"async\" class=\"\" src=\"https:\/\/universidadpyme.fundae.es\/madrid2025\/wp-content\/uploads\/2025\/09\/Belen-Garcia.jpg\" alt=\"null\"  style=\"\"><span class=\"ult-team-member-image-overlay \"  ><\/span><\/div><div class=\"ult-team-member-bio-wrap style-1 ultimate-heading69f5716dd458a\" style=\"text-align:center;; \"><div class=\"ult-team-member-name-wrap\"><h2 class=\"ult-team-member-name ult-responsive\"  data-ultimate-target='.ult-team-member-bio-wrap.ultimate-heading69f5716dd458a .ult-team-member-name'  data-responsive-json-new='{\"font-size\":\"desktop:25px;\",\"line-height\":\"\"}'  style=\"font-weight:bold;color:#262626;\">Bel\u00e9n Garc\u00eda<\/h2><div class=\"ult-team-member-position ult-responsive\"  data-ultimate-target='.ult-team-member-bio-wrap.ultimate-heading69f5716dd458a .ult-team-member-position'  data-responsive-json-new='{\"font-size\":\"desktop:18px;\",\"line-height\":\"\"}'  style=\"color:#262626;\">Directora general del Servicio P\u00fablico de Empleo de la Comunidad de Madrid<\/div><div class=\"ult-team-member-description ult-responsive\"  data-ultimate-target='.ult-team-member-bio-wrap.ultimate-heading69f5716dd458a .ult-team-member-description'  data-responsive-json-new='{\"font-size\":\"\",\"line-height\":\"\"}'  style=\"\"><p><\/p>\n<p class=\"resena none\">Bel\u00e9n Garc\u00eda D\u00edaz es licenciada en Derecho (UCM) y cuenta con formaci\u00f3n en pol\u00edticas p\u00fablicas y empleo p\u00fablico (MBA IE, posgrado ESADE, m\u00e1ster UAM). Con amplia experiencia en gesti\u00f3n de fondos europeos y evaluaci\u00f3n de pol\u00edticas de empleo, trabaj\u00f3 m\u00e1s de diez a\u00f1os en el Ayuntamiento de Madrid y en la red Eurocities. Desde 2021 es Directora General del Servicio P\u00fablico de Empleo de la Comunidad de Madrid.<\/p>\n<p><\/p><\/div><div style=\"margin-bottom:15px\"><\/div><\/div><\/div><\/div>[\/vc_column][vc_column width=\u00bb1\/4&#8243;]<div class=\"ult-team-member-wrap ult-style-1 team_item itemhover  vc_custom_1759914268995\"><div class=\"ult-team-member-image\" style=\"\"> <img decoding=\"async\" class=\"\" src=\"https:\/\/universidadpyme.fundae.es\/madrid2025\/wp-content\/uploads\/2025\/10\/Hernan-Pachas.jpg\" alt=\"null\"  style=\"\"><span class=\"ult-team-member-image-overlay \"  ><\/span><\/div><div class=\"ult-team-member-bio-wrap style-1 ultimate-heading69f5716dd4728\" style=\"text-align:center;; \"><div class=\"ult-team-member-name-wrap\"><h2 class=\"ult-team-member-name ult-responsive\"  data-ultimate-target='.ult-team-member-bio-wrap.ultimate-heading69f5716dd4728 .ult-team-member-name'  data-responsive-json-new='{\"font-size\":\"desktop:25px;\",\"line-height\":\"\"}'  style=\"font-weight:bold;color:#262626;\">Hern\u00e1n Pachas Magallanes<\/h2><div class=\"ult-team-member-position ult-responsive\"  data-ultimate-target='.ult-team-member-bio-wrap.ultimate-heading69f5716dd4728 .ult-team-member-position'  data-responsive-json-new='{\"font-size\":\"desktop:18px;\",\"line-height\":\"\"}'  style=\"color:#262626;\">Global Head of Partnerships en Linux Professional Institute<\/div><div class=\"ult-team-member-description ult-responsive\"  data-ultimate-target='.ult-team-member-bio-wrap.ultimate-heading69f5716dd4728 .ult-team-member-description'  data-responsive-json-new='{\"font-size\":\"\",\"line-height\":\"\"}'  style=\"\"><p><\/p>\n<p class=\"resena none\">Lidera alianzas estrat\u00e9gicas con gobiernos, universidades y empresas para impulsar la transformaci\u00f3n digital y la profesionalizaci\u00f3n en tecnolog\u00edas open source a nivel global.<\/p>\n<p><\/p><\/div><div style=\"margin-bottom:15px\"><\/div><\/div><\/div><\/div><div class=\"ult-team-member-wrap ult-style-1 team_item itemhover  vc_custom_1759951855164\"><div class=\"ult-team-member-image\" style=\"\"> <img decoding=\"async\" class=\"\" src=\"https:\/\/universidadpyme.fundae.es\/madrid2025\/wp-content\/uploads\/2025\/10\/Monica-Perez-Hurtado-web.jpg\" alt=\"null\"  style=\"\"><span class=\"ult-team-member-image-overlay \"  ><\/span><\/div><div class=\"ult-team-member-bio-wrap style-1 ultimate-heading69f5716dd48e0\" style=\"text-align:center;; \"><div class=\"ult-team-member-name-wrap\"><h2 class=\"ult-team-member-name ult-responsive\"  data-ultimate-target='.ult-team-member-bio-wrap.ultimate-heading69f5716dd48e0 .ult-team-member-name'  data-responsive-json-new='{\"font-size\":\"desktop:25px;\",\"line-height\":\"\"}'  style=\"font-weight:bold;color:#262626;\">M\u00f2nica P\u00e9rez Hurtado<\/h2><div class=\"ult-team-member-position ult-responsive\"  data-ultimate-target='.ult-team-member-bio-wrap.ultimate-heading69f5716dd48e0 .ult-team-member-position'  data-responsive-json-new='{\"font-size\":\"desktop:18px;\",\"line-height\":\"\"}'  style=\"color:#262626;\">Co-Founder de Experience Ahead. Business Angel en WA4STEAM<\/div><div class=\"ult-team-member-description ult-responsive\"  data-ultimate-target='.ult-team-member-bio-wrap.ultimate-heading69f5716dd48e0 .ult-team-member-description'  data-responsive-json-new='{\"font-size\":\"\",\"line-height\":\"\"}'  style=\"\"><p><\/p>\n<p class=\"resena none\">Emprendedora e Inversora en Start ups. Empez\u00f3 su trayectoria como directiva en las \u00e1reas de estrategia y talento en corporaciones como Pfizer, Barclays Bank, Hay Group o N2S. Ha sido HeadHunter y en la actualidad es Co-fundadora de Experience Ahead Ed tech que impulsa la reinvenci\u00f3n profesional desde directivos hasta alumnos de \u00faltimo curso de la Universidad a trav\u00e9s de programas de Alto Impacto. Es ponente habitual en Foros de Emprendimiento Inversi\u00f3n, Universidades como el MIT, Universidad San PABLO CEU, ISDI, Centro de Liderazgo y tecnolog\u00eda etc.<br \/>\nHa sido nombrada Mujer Referente del Emprendimiento Innovador por el Gobierno de Espa\u00f1a.<\/p><\/div><div style=\"margin-bottom:15px\"><\/div><\/div><\/div><\/div><div class=\"ult-team-member-wrap ult-style-1 team_item itemhover  vc_custom_1759226325329\"><div class=\"ult-team-member-image\" style=\"\"> <img decoding=\"async\" class=\"\" src=\"https:\/\/universidadpyme.fundae.es\/madrid2025\/wp-content\/uploads\/2025\/09\/tmp_73d519fa-552f-434a-8376-fdf2ee2b803a-scaled.jpeg\" alt=\"null\"  style=\"\"><span class=\"ult-team-member-image-overlay \"  ><\/span><\/div><div class=\"ult-team-member-bio-wrap style-1 ultimate-heading69f5716dd4b22\" style=\"text-align:center;; \"><div class=\"ult-team-member-name-wrap\"><h2 class=\"ult-team-member-name ult-responsive\"  data-ultimate-target='.ult-team-member-bio-wrap.ultimate-heading69f5716dd4b22 .ult-team-member-name'  data-responsive-json-new='{\"font-size\":\"desktop:25px;\",\"line-height\":\"\"}'  style=\"font-weight:bold;color:#262626;\">\u00c1lvaro Mar\u00edn<\/h2><div class=\"ult-team-member-position ult-responsive\"  data-ultimate-target='.ult-team-member-bio-wrap.ultimate-heading69f5716dd4b22 .ult-team-member-position'  data-responsive-json-new='{\"font-size\":\"desktop:18px;\",\"line-height\":\"\"}'  style=\"color:#262626;\">Consultor y Formador en Liderazgo de Equipos<\/div><div class=\"ult-team-member-description ult-responsive\"  data-ultimate-target='.ult-team-member-bio-wrap.ultimate-heading69f5716dd4b22 .ult-team-member-description'  data-responsive-json-new='{\"font-size\":\"\",\"line-height\":\"\"}'  style=\"\"><p><\/p>\n<p class=\"resena none\">\u00c1lvaro Mar\u00edn Malumbres es consultor y speaker experto en liderazgo y transformaci\u00f3n cultural. Ha trabajado internacionalmente con empresas como SEUR, PwC y KPMG. Es Director Acad\u00e9mico en ThePower Business School y creador de la metodolog\u00eda Impact Mindset\u00ae, centrada en potenciar l\u00edderes y equipos de alto impacto.<\/p>\n<p><\/p><\/div><div style=\"margin-bottom:15px\"><\/div><\/div><\/div><\/div><div class=\"ult-team-member-wrap ult-style-1 team_item itemhover  vc_custom_1757923927582\"><div class=\"ult-team-member-image\" style=\"\"> <img decoding=\"async\" class=\"\" src=\"https:\/\/universidadpyme.fundae.es\/madrid2025\/wp-content\/uploads\/2025\/09\/diego-sanchez-web-1.jpg\" alt=\"null\"  style=\"\"><span class=\"ult-team-member-image-overlay \"  ><\/span><\/div><div class=\"ult-team-member-bio-wrap style-1 ultimate-heading69f5716dd4d00\" style=\"text-align:center;; \"><div class=\"ult-team-member-name-wrap\"><h2 class=\"ult-team-member-name ult-responsive\"  data-ultimate-target='.ult-team-member-bio-wrap.ultimate-heading69f5716dd4d00 .ult-team-member-name'  data-responsive-json-new='{\"font-size\":\"desktop:25px;\",\"line-height\":\"\"}'  style=\"font-weight:bold;color:#262626;\">Diego S\u00e1nchez<\/h2><div class=\"ult-team-member-position ult-responsive\"  data-ultimate-target='.ult-team-member-bio-wrap.ultimate-heading69f5716dd4d00 .ult-team-member-position'  data-responsive-json-new='{\"font-size\":\"desktop:18px;\",\"line-height\":\"\"}'  style=\"color:#262626;\">Business Development Director. Vertice<\/div><div class=\"ult-team-member-description ult-responsive\"  data-ultimate-target='.ult-team-member-bio-wrap.ultimate-heading69f5716dd4d00 .ult-team-member-description'  data-responsive-json-new='{\"font-size\":\"\",\"line-height\":\"\"}'  style=\"\"><p><\/p>\n<p class=\"resena none\">Ingeniero Superior de Telecomunicaciones por la Universidad de M\u00e1laga, Master en multimedia educativa por la Universidad de Barcelona y MBA &#8211; Master en Administraci\u00f3n y Direcci\u00f3n de empresas por la EAE de Barcelona.<br \/>\nSu trayectoria profesional se ha centrado en dos aspectos principales: la direcci\u00f3n t\u00e9cnica de proyectos e-learning y la direcci\u00f3n del \u00e1rea de desarrollo de Negocio de Grupo V\u00e9rtice, papel que desempe\u00f1a desde hace m\u00e1s de 10 a\u00f1os.<\/p><\/div><div style=\"margin-bottom:15px\"><\/div><\/div><\/div><\/div><div class=\"ult-team-member-wrap ult-style-1 team_item itemhover  vc_custom_1757590032828\"><div class=\"ult-team-member-image\" style=\"\"> <img decoding=\"async\" class=\"\" src=\"https:\/\/universidadpyme.fundae.es\/madrid2025\/wp-content\/uploads\/2025\/09\/ramon-garcia-web.jpg\" alt=\"null\"  style=\"\"><span class=\"ult-team-member-image-overlay \"  ><\/span><\/div><div class=\"ult-team-member-bio-wrap style-1 ultimate-heading69f5716dd4ebb\" style=\"text-align:center;; \"><div class=\"ult-team-member-name-wrap\"><h2 class=\"ult-team-member-name ult-responsive\"  data-ultimate-target='.ult-team-member-bio-wrap.ultimate-heading69f5716dd4ebb .ult-team-member-name'  data-responsive-json-new='{\"font-size\":\"desktop:25px;\",\"line-height\":\"\"}'  style=\"font-weight:bold;color:#262626;\">Ram\u00f3n Garc\u00eda<\/h2><div class=\"ult-team-member-position ult-responsive\"  data-ultimate-target='.ult-team-member-bio-wrap.ultimate-heading69f5716dd4ebb .ult-team-member-position'  data-responsive-json-new='{\"font-size\":\"desktop:18px;\",\"line-height\":\"\"}'  style=\"color:#262626;\">Director General del Centro Espa\u00f1ol de Log\u00edstica (CEL)<\/div><div class=\"ult-team-member-description ult-responsive\"  data-ultimate-target='.ult-team-member-bio-wrap.ultimate-heading69f5716dd4ebb .ult-team-member-description'  data-responsive-json-new='{\"font-size\":\"\",\"line-height\":\"\"}'  style=\"\"><p><\/p>\n<p class=\"resena none\"> Ram\u00f3n Garc\u00eda es director general del Centro Espa\u00f1ol de Log\u00edstica (CEL), vicepresidente y director general de CITET, y vicepresidente de la ELA y eAPyme. Con m\u00e1s de 25 a\u00f1os de experiencia en gesti\u00f3n, sostenibilidad e innovaci\u00f3n de la cadena de suministro, ha trabajado en empresas como Grupo El Corte Ingl\u00e9s, GSK y BASF. Adem\u00e1s, es profesor asociado y ponente en foros internacionales de log\u00edstica y transporte.<\/p>\n<p><\/p><\/div><div style=\"margin-bottom:15px\"><\/div><\/div><\/div><\/div><div class=\"ult-team-member-wrap ult-style-1 team_item  vc_custom_1760094273523\"><div class=\"ult-team-member-image\" style=\"\"> <img decoding=\"async\" class=\"\" src=\"https:\/\/universidadpyme.fundae.es\/madrid2025\/wp-content\/uploads\/2025\/10\/vicente-bertolin-2.png\" alt=\"null\"  style=\"\"><span class=\"ult-team-member-image-overlay \"  ><\/span><\/div><div class=\"ult-team-member-bio-wrap style-1 ultimate-heading69f5716dd5099\" style=\"text-align:center;; \"><div class=\"ult-team-member-name-wrap\"><h2 class=\"ult-team-member-name ult-responsive\"  data-ultimate-target='.ult-team-member-bio-wrap.ultimate-heading69f5716dd5099 .ult-team-member-name'  data-responsive-json-new='{\"font-size\":\"desktop:25px;\",\"line-height\":\"\"}'  style=\"font-weight:bold;color:#262626;\">Vicente Bertol\u00edn<\/h2><div class=\"ult-team-member-position ult-responsive\"  data-ultimate-target='.ult-team-member-bio-wrap.ultimate-heading69f5716dd5099 .ult-team-member-position'  data-responsive-json-new='{\"font-size\":\"desktop:18px;\",\"line-height\":\"\"}'  style=\"color:#262626;\">Secretario del Patronato de Fundae<\/div><div class=\"ult-team-member-description ult-responsive\"  data-ultimate-target='.ult-team-member-bio-wrap.ultimate-heading69f5716dd5099 .ult-team-member-description'  data-responsive-json-new='{\"font-size\":\"\",\"line-height\":\"\"}'  style=\"\"><p><\/p>\n<p class=\"resena none\">CEO y fundador de Foro de Log\u00edstica, vicepresidente de Foro MADCARGO y miembro de la junta de FIALOG. Ingeniero Industrial, MBA y M\u00e1ster en Log\u00edstica y Supply Chain. M\u00e1s de 30 a\u00f1os de experiencia como directivo, consultor y docente en estrategia, innovaci\u00f3n y gesti\u00f3n de la cadena de suministro, colaborando con empresas como Mercedes Benz, Repsol, DHL y Telef\u00f3nica.<\/p>\n<p><\/p><\/div><div style=\"margin-bottom:15px\"><\/div><\/div><\/div><\/div><div class=\"ult-team-member-wrap ult-style-1  \"><div class=\"ult-team-member-image\" style=\"\"> <img decoding=\"async\" class=\"ult-team-grayscale\" src=\"\" alt=\"\"  style=\"\"><span class=\"ult-team-member-image-overlay \"  ><\/span><\/div><div class=\"ult-team-member-bio-wrap style-1 ultimate-heading69f5716dd50d3\" style=\"text-align:center;; \"><div class=\"ult-team-member-name-wrap\"><h2 class=\"ult-team-member-name ult-responsive\"  data-ultimate-target='.ult-team-member-bio-wrap.ultimate-heading69f5716dd50d3 .ult-team-member-name'  data-responsive-json-new='{\"font-size\":\"\",\"line-height\":\"\"}'  style=\"\"><\/h2><div style=\"margin-bottom:15px\"><\/div><\/div><\/div><\/div>[\/vc_column][\/vc_row]<\/p>\n<\/section>","protected":false},"excerpt":{"rendered":"<p>[vc_row][vc_column][\/vc_column][\/vc_row][vc_row margin_top=\u00bb100px\u00bb margin_bottom=\u00bb130px\u00bb css=\u00bb.vc_custom_1666768255273{margin-bottom: 280px !important;}\u00bb el_class=\u00bbfila_ponentes\u00bb][vc_column width=\u00bb1\/4&#8243;][\/vc_column][vc_column width=\u00bb1\/4&#8243;][\/vc_column][vc_column width=\u00bb1\/4&#8243;][\/vc_column][vc_column width=\u00bb1\/4&#8243;][\/vc_column][\/vc_row]<\/p>\n","protected":false},"author":1,"featured_media":0,"parent":0,"menu_order":450,"comment_status":"closed","ping_status":"closed","template":"","meta":{"footnotes":""},"class_list":["post-302","page","type-page","status-publish","hentry"],"_links":{"self":[{"href":"https:\/\/universidadpyme.fundae.es\/madrid2025\/wp-json\/wp\/v2\/pages\/302","targetHints":{"allow":["GET"]}}],"collection":[{"href":"https:\/\/universidadpyme.fundae.es\/madrid2025\/wp-json\/wp\/v2\/pages"}],"about":[{"href":"https:\/\/universidadpyme.fundae.es\/madrid2025\/wp-json\/wp\/v2\/types\/page"}],"author":[{"embeddable":true,"href":"https:\/\/universidadpyme.fundae.es\/madrid2025\/wp-json\/wp\/v2\/users\/1"}],"replies":[{"embeddable":true,"href":"https:\/\/universidadpyme.fundae.es\/madrid2025\/wp-json\/wp\/v2\/comments?post=302"}],"version-history":[{"count":245,"href":"https:\/\/universidadpyme.fundae.es\/madrid2025\/wp-json\/wp\/v2\/pages\/302\/revisions"}],"predecessor-version":[{"id":3549,"href":"https:\/\/universidadpyme.fundae.es\/madrid2025\/wp-json\/wp\/v2\/pages\/302\/revisions\/3549"}],"wp:attachment":[{"href":"https:\/\/universidadpyme.fundae.es\/madrid2025\/wp-json\/wp\/v2\/media?parent=302"}],"curies":[{"name":"wp","href":"https:\/\/api.w.org\/{rel}","templated":true}]}}