{"id":2415,"date":"2025-05-08T10:04:23","date_gmt":"2025-05-08T10:04:23","guid":{"rendered":"https:\/\/universidadpyme.fundae.es\/valencia\/?page_id=2415"},"modified":"2025-06-06T09:11:21","modified_gmt":"2025-06-06T09:11:21","slug":"programa","status":"publish","type":"page","link":"https:\/\/universidadpyme.fundae.es\/valencia\/programa\/","title":{"rendered":"Programa"},"content":{"rendered":"\t\t<div data-elementor-type=\"wp-page\" data-elementor-id=\"2415\" class=\"elementor elementor-2415\">\n\t\t\t\t\t\t<section class=\"elementor-section elementor-top-section elementor-element elementor-element-ebea50e elementor-section-boxed elementor-section-height-default elementor-section-height-default\" data-id=\"ebea50e\" data-element_type=\"section\">\n\t\t\t\t\t\t<div class=\"elementor-container elementor-column-gap-default\">\n\t\t\t\t\t<div class=\"elementor-column elementor-col-100 elementor-top-column elementor-element elementor-element-c3ecaf9\" data-id=\"c3ecaf9\" data-element_type=\"column\">\n\t\t\t<div class=\"elementor-widget-wrap elementor-element-populated\">\n\t\t\t\t\t\t<div class=\"elementor-element elementor-element-dc1ddaf elementor-widget elementor-widget-slider_revolution\" data-id=\"dc1ddaf\" data-element_type=\"widget\" data-widget_type=\"slider_revolution.default\">\n\t\t\t\t<div class=\"elementor-widget-container\">\n\t\t\t\n\t\t<div class=\"wp-block-themepunch-revslider\">\n\t\t\t<!-- START Programa REVOLUTION SLIDER 6.6.10 --><p class=\"rs-p-wp-fix\"><\/p>\n\t\t\t<rs-module-wrap id=\"rev_slider_13_1_wrapper\" data-source=\"gallery\" style=\"visibility:hidden;background:transparent;padding:0;margin:0px auto;margin-top:0;margin-bottom:0;\">\n\t\t\t\t<rs-module id=\"rev_slider_13_1\" style=\"\" data-version=\"6.6.10\">\n\t\t\t\t\t<rs-slides style=\"overflow: hidden; position: absolute;\">\n\t\t\t\t\t\t<rs-slide style=\"position: absolute;\" data-key=\"rs-16\" data-title=\"Slide\" data-anim=\"adpr:false;ms:600;\" data-in=\"o:0;\" data-out=\"a:false;\">\n\t\t\t\t\t\t\t<img fetchpriority=\"high\" decoding=\"async\" src=\"\/\/universidadpyme.fundae.es\/valencia\/wp-content\/plugins\/revslider\/public\/assets\/assets\/dummy.png\" alt=\"Slide\" title=\"fondo_degradado\" width=\"2540\" height=\"1143\" class=\"rev-slidebg tp-rs-img rs-lazyload\" data-lazyload=\"\/\/universidadpyme.fundae.es\/valencia\/wp-content\/plugins\/revslider\/public\/assets\/assets\/transparent.png\" data-bg=\"p:right center;c:#ee760c;\" data-no-retina>\n<!--\n\t\t\t\t\t\t\t--><rs-layer\n\t\t\t\t\t\t\t\tid=\"slider-13-slide-16-layer-0\" \n\t\t\t\t\t\t\t\tdata-type=\"text\"\n\t\t\t\t\t\t\t\tdata-rsp_ch=\"on\"\n\t\t\t\t\t\t\t\tdata-xy=\"x:l,l,c,c;xo:8px,33px,5px,7px;yo:227px,404px,301px,278px;\"\n\t\t\t\t\t\t\t\tdata-text=\"w:normal;s:30,25,25,16;l:38,30,30,21;ls:0px,0px,0px,2px;fw:700;\"\n\t\t\t\t\t\t\t\tdata-dim=\"w:661px,985px,699px,396px;h:auto,74px,auto,auto;\"\n\t\t\t\t\t\t\t\tdata-frame_0=\"x:0,0,0,0px;y:0,0,0,0px;\"\n\t\t\t\t\t\t\t\tdata-frame_1=\"x:0,0,0,0px;y:0,0,0,0px;st:1330;sp:1200;sR:1330;\"\n\t\t\t\t\t\t\t\tdata-frame_999=\"o:0;st:w;sR:6470;\"\n\t\t\t\t\t\t\t\tstyle=\"z-index:9;font-family:'Nexa';\"\n\t\t\t\t\t\t\t>Un espacio de conocimiento, aprendizaje e intercambio de experiencias para acompa\u00f1ar a pymes y aut\u00f3nomos en el proceso de digitalizaci\u00f3n \n\t\t\t\t\t\t\t<\/rs-layer><!--\n\n\t\t\t\t\t\t\t--><rs-layer\n\t\t\t\t\t\t\t\tid=\"slider-13-slide-16-layer-1\" \n\t\t\t\t\t\t\t\tdata-type=\"text\"\n\t\t\t\t\t\t\t\tdata-color=\"#ffffff||#00198a||#ffffff||#ffffff\"\n\t\t\t\t\t\t\t\tdata-rsp_ch=\"on\"\n\t\t\t\t\t\t\t\tdata-xy=\"xo:4px,33px,47px,44px;y:m;yo:180px,243px,206px,195px;\"\n\t\t\t\t\t\t\t\tdata-text=\"w:normal;s:30,25,25,20;l:35,25,25,25;ls:1px;fw:700;\"\n\t\t\t\t\t\t\t\tdata-dim=\"w:735px,925px,687px,389px;h:79px,auto,auto,auto;\"\n\t\t\t\t\t\t\t\tdata-margin=\"b:30;\"\n\t\t\t\t\t\t\t\tdata-frame_0=\"y:100%;\"\n\t\t\t\t\t\t\t\tdata-frame_0_mask=\"u:t;y:100%;\"\n\t\t\t\t\t\t\t\tdata-frame_1=\"e:power2.inOut;st:1350;sp:1200;sR:1350;\"\n\t\t\t\t\t\t\t\tdata-frame_1_mask=\"u:t;\"\n\t\t\t\t\t\t\t\tdata-frame_999=\"o:0;e:nothing;st:w;sR:6450;\"\n\t\t\t\t\t\t\t\tstyle=\"z-index:10;font-family:'Nexa';\"\n\t\t\t\t\t\t\t>Evento realizado, para conocer pr\u00f3ximos eventos, pulsa el siguiente  <a class='link-verde' href='https:\/\/www.fundae.es\/actualidad\/universidad-pyme' target='_blank'>enlace<\/a> \n\t\t\t\t\t\t\t<\/rs-layer><!--\n\n\t\t\t\t\t\t\t--><rs-layer\n\t\t\t\t\t\t\t\tid=\"slider-13-slide-16-layer-2\" \n\t\t\t\t\t\t\t\tdata-type=\"text\"\n\t\t\t\t\t\t\t\tdata-color=\"#00198a\"\n\t\t\t\t\t\t\t\tdata-rsp_ch=\"on\"\n\t\t\t\t\t\t\t\tdata-xy=\"xo:9px,34px,271px,159px;y:m;yo:-111px,99px,24px,13px;\"\n\t\t\t\t\t\t\t\tdata-text=\"w:normal;s:45,45,45,25;l:50,45,50,28;ls:1px;fw:700;\"\n\t\t\t\t\t\t\t\tdata-dim=\"w:735px,410px,307px,163px;h:63px,52px,auto,29px;\"\n\t\t\t\t\t\t\t\tdata-margin=\"b:30;\"\n\t\t\t\t\t\t\t\tdata-frame_0=\"y:100%;\"\n\t\t\t\t\t\t\t\tdata-frame_0_mask=\"u:t;y:100%;\"\n\t\t\t\t\t\t\t\tdata-frame_1=\"e:power2.inOut;st:1350;sp:1200;sR:1350;\"\n\t\t\t\t\t\t\t\tdata-frame_1_mask=\"u:t;\"\n\t\t\t\t\t\t\t\tdata-frame_999=\"o:0;e:nothing;st:w;sR:6450;\"\n\t\t\t\t\t\t\t\tstyle=\"z-index:10;font-family:'Nexa';\"\n\t\t\t\t\t\t\t>Programa \n\t\t\t\t\t\t\t<\/rs-layer><!--\n\n\t\t\t\t\t\t\t--><a\n\t\t\t\t\t\t\t\tid=\"slider-13-slide-16-layer-3\" \n\t\t\t\t\t\t\t\tclass=\"rs-layer rev-btn\"\n\t\t\t\t\t\t\t\thref=\"https:\/\/formularios.businessplus.es\/UniversidadPyme?clave=8ZqnKBFFxUGtmmpls1kVUg\" target=\"_blank\" rel=\"noopener\"\n\t\t\t\t\t\t\t\tdata-type=\"button\"\n\t\t\t\t\t\t\t\tdata-rsp_ch=\"on\"\n\t\t\t\t\t\t\t\tdata-xy=\"xo:6px,37px,312px,148px;yo:438px,482px,433px,420px;\"\n\t\t\t\t\t\t\t\tdata-text=\"w:normal;s:22,16,20,20;l:55,41,30,30;fw:600;\"\n\t\t\t\t\t\t\t\tdata-dim=\"w:290px,219px,166px,166px;h:60px,45px,45px,45px;minh:0px,none,none,none;\"\n\t\t\t\t\t\t\t\tdata-vbility=\"f,f,f,f\"\n\t\t\t\t\t\t\t\tdata-padding=\"t:5,4,10,10;r:50,38,29,29;l:90,68,35,35;\"\n\t\t\t\t\t\t\t\tdata-border=\"bor:10px,10px,10px,10px;\"\n\t\t\t\t\t\t\t\tdata-frame_1=\"st:1350;sp:1200;sR:1350;\"\n\t\t\t\t\t\t\t\tdata-frame_999=\"o:0;st:w;sR:6450;\"\n\t\t\t\t\t\t\t\tdata-frame_hover=\"bgc:#00198a;bor:10px,10px,10px,10px;td:underline;sp:100;e:power1.inOut;bri:120%;\"\n\t\t\t\t\t\t\t\tstyle=\"z-index:14;background-color:#00198a;font-family:'Nexa';\"\n\t\t\t\t\t\t\t>Reg\u00edstrate \n\t\t\t\t\t\t\t<\/a><!--\n\n\t\t\t\t\t\t\t--><rs-layer\n\t\t\t\t\t\t\t\tid=\"slider-13-slide-16-layer-4\" \n\t\t\t\t\t\t\t\tdata-type=\"image\"\n\t\t\t\t\t\t\t\tdata-rsp_ch=\"on\"\n\t\t\t\t\t\t\t\tdata-xy=\"x:r,c,c,c;xo:1px,-4px,13px,-13px;y:m;yo:18px,-111px,-125px,-127px;\"\n\t\t\t\t\t\t\t\tdata-text=\"w:normal;s:20,15,11,6;l:0,18,13,8;\"\n\t\t\t\t\t\t\t\tdata-dim=\"w:689px,546px,349px,275px;h:423px,336px,214px,169px;\"\n\t\t\t\t\t\t\t\tdata-frame_1=\"st:1340;sp:1200;sR:1340;\"\n\t\t\t\t\t\t\t\tdata-frame_999=\"o:0;st:w;sR:6460;\"\n\t\t\t\t\t\t\t\tstyle=\"z-index:13;\"\n\t\t\t\t\t\t\t><img decoding=\"async\" src=\"\/\/universidadpyme.fundae.es\/valencia\/wp-content\/plugins\/revslider\/public\/assets\/assets\/dummy.png\" alt=\"\" class=\"tp-rs-img rs-lazyload\" width=\"815\" height=\"500\" data-lazyload=\"\/\/universidadpyme.fundae.es\/valencia\/wp-content\/uploads\/2025\/05\/img_programa.png\" data-no-retina> \n\t\t\t\t\t\t\t<\/rs-layer><!--\n-->\t\t\t\t\t\t<\/rs-slide>\n\t\t\t\t\t<\/rs-slides>\n\t\t\t\t<\/rs-module>\n\t\t\t\t<script>\n\t\t\t\t\tsetREVStartSize({c: 'rev_slider_13_1',rl:[1240,1024,778,480],el:[600,550,500,500],gw:[1350,1024,778,480],gh:[600,550,500,500],type:'standard',justify:'',layout:'fullwidth',mh:\"600\"});if (window.RS_MODULES!==undefined && window.RS_MODULES.modules!==undefined && window.RS_MODULES.modules[\"revslider131\"]!==undefined) {window.RS_MODULES.modules[\"revslider131\"].once = false;window.revapi13 = undefined;if (window.RS_MODULES.checkMinimal!==undefined) window.RS_MODULES.checkMinimal()}\n\t\t\t\t<\/script>\n\t\t\t<\/rs-module-wrap>\n\t\t\t<!-- END REVOLUTION SLIDER -->\n<\/div>\n\n\t\t\t\t<\/div>\n\t\t\t\t<\/div>\n\t\t\t\t\t<\/div>\n\t\t<\/div>\n\t\t\t\t\t<\/div>\n\t\t<\/section>\n\t\t\t\t<section class=\"elementor-section elementor-top-section elementor-element elementor-element-4942f23 elementor-section-stretched elementor-section-boxed elementor-section-height-default elementor-section-height-default\" data-id=\"4942f23\" data-element_type=\"section\" data-settings=\"{&quot;stretch_section&quot;:&quot;section-stretched&quot;}\">\n\t\t\t\t\t\t<div class=\"elementor-container elementor-column-gap-default\">\n\t\t\t\t\t<div class=\"elementor-column elementor-col-100 elementor-top-column elementor-element elementor-element-7d23cdd\" data-id=\"7d23cdd\" data-element_type=\"column\">\n\t\t\t<div class=\"elementor-widget-wrap elementor-element-populated\">\n\t\t\t\t\t\t<div class=\"elementor-element elementor-element-ba51402 elementor-widget elementor-widget-text-editor\" data-id=\"ba51402\" data-element_type=\"widget\" data-widget_type=\"text-editor.default\">\n\t\t\t\t<div class=\"elementor-widget-container\">\n\t\t\t\t\t\t\t<h1 class=\"home\" style=\"text-align: center;\">AGENDA 05 DE JUNIO<\/h1>\t\t\t\t\t\t<\/div>\n\t\t\t\t<\/div>\n\t\t\t\t<div class=\"elementor-element elementor-element-2d08318 elementor-widget elementor-widget-text-editor\" data-id=\"2d08318\" data-element_type=\"widget\" data-widget_type=\"text-editor.default\">\n\t\t\t\t<div class=\"elementor-widget-container\">\n\t\t\t\t\t\t\t<h3 class=\"home\" style=\"text-align: center;\">Presentadora: Laura Heras<\/h3>\t\t\t\t\t\t<\/div>\n\t\t\t\t<\/div>\n\t\t\t\t\t<\/div>\n\t\t<\/div>\n\t\t\t\t\t<\/div>\n\t\t<\/section>\n\t\t\t\t<section class=\"elementor-section elementor-top-section elementor-element elementor-element-d60f7c4 elementor-section-stretched elementor-section-boxed elementor-section-height-default elementor-section-height-default\" data-id=\"d60f7c4\" data-element_type=\"section\" data-settings=\"{&quot;stretch_section&quot;:&quot;section-stretched&quot;}\">\n\t\t\t\t\t\t<div class=\"elementor-container elementor-column-gap-default\">\n\t\t\t\t\t<div class=\"elementor-column elementor-col-100 elementor-top-column elementor-element elementor-element-444f740\" data-id=\"444f740\" data-element_type=\"column\">\n\t\t\t<div class=\"elementor-widget-wrap elementor-element-populated\">\n\t\t\t\t\t\t<div class=\"elementor-element elementor-element-3c57f2a elementor-widget elementor-widget-text-editor\" data-id=\"3c57f2a\" data-element_type=\"widget\" data-widget_type=\"text-editor.default\">\n\t\t\t\t<div class=\"elementor-widget-container\">\n\t\t\t\t\t\t\t<h3 class=\"orange_programa\">09:00 Recepci\u00f3n<\/h3>\t\t\t\t\t\t<\/div>\n\t\t\t\t<\/div>\n\t\t\t\t\t<\/div>\n\t\t<\/div>\n\t\t\t\t\t<\/div>\n\t\t<\/section>\n\t\t\t\t<section class=\"elementor-section elementor-top-section elementor-element elementor-element-ec73c17 elementor-section-stretched elementor-section-boxed elementor-section-height-default elementor-section-height-default\" data-id=\"ec73c17\" data-element_type=\"section\" data-settings=\"{&quot;stretch_section&quot;:&quot;section-stretched&quot;}\">\n\t\t\t\t\t\t<div class=\"elementor-container elementor-column-gap-default\">\n\t\t\t\t\t<div class=\"elementor-column elementor-col-100 elementor-top-column elementor-element elementor-element-3c5721c\" data-id=\"3c5721c\" data-element_type=\"column\">\n\t\t\t<div class=\"elementor-widget-wrap elementor-element-populated\">\n\t\t\t\t\t\t<div class=\"elementor-element elementor-element-485cd93 elementor-widget elementor-widget-timeline_widget\" data-id=\"485cd93\" data-element_type=\"widget\" data-widget_type=\"timeline_widget.default\">\n\t\t\t\t<div class=\"elementor-widget-container\">\n\t\t\t<div  id=\"timeline-485cd93\" class=\"timeline-wrapper\"><div class=\"timeline-items\"><div id=\"timeline-485cd93\" class=\"timeline-bar\"><div class=\"timeline-progress\"><\/div><\/div><div class=\"timeline-item\"><div class=\"timeline-icon\"><svg viewBox=\"0 0 512 512\" xmlns=\"http:\/\/www.w3.org\/2000\/svg\"><path d=\"M256 8C119.033 8 8 119.033 8 256s111.033 248 248 248 248-111.033 248-248S392.967 8 256 8zm80 248c0 44.112-35.888 80-80 80s-80-35.888-80-80 35.888-80 80-80 80 35.888 80 80z\"\/><\/svg><\/div><div class=\"timeline-card fade-in-right\"><h3>09:15<\/h3><h4>Presentaci\u00f3n y bienvenida <\/h4><div class=\"description\"><p><strong>Antonio de Luis.<\/strong> Director Gerente de Fundae<br \/><strong>Francisco Zamora.<\/strong> Presidente de la FLC de la Comunidad Valenciana (CNC)<br \/><strong>Antonio Galva\u00f1. <\/strong>Secretario auton\u00f3mico de Empleo y director general de LABORA<\/p><\/div><\/div><\/div><div class=\"timeline-item\"><div class=\"timeline-icon\"><svg viewBox=\"0 0 512 512\" xmlns=\"http:\/\/www.w3.org\/2000\/svg\"><path d=\"M256 8C119.033 8 8 119.033 8 256s111.033 248 248 248 248-111.033 248-248S392.967 8 256 8zm80 248c0 44.112-35.888 80-80 80s-80-35.888-80-80 35.888-80 80-80 80 35.888 80 80z\"\/><\/svg><\/div><div class=\"timeline-card fade-in-right\"><h3>09:45<\/h3><h4> Ponencias: Nuevas tendencias en el sector<\/h4><div class=\"description\"><p><strong>Nuevas tecnolog\u00edas aplicadas a la protecci\u00f3n de la salud laboral de las personas<\/strong><br \/><strong>Mercedes Sanchis<\/strong>. Directora de Innovaci\u00f3n \u2013 Bienestar y Salud Laboral en Instituto de Biomec\u00e1nica (IBV)<\/p><p><strong>La IA como aliada de los\/as profesionales de la SyS en la PYME<\/strong><br \/><strong>Joaquim Ru\u00edz<\/strong>. Director General en PrevenControl<\/p><p><strong>La integraci\u00f3n de las nuevas tecnolog\u00edas de la informaci\u00f3n en la gesti\u00f3n de la seguridad y salud en las empresas<\/strong><br \/><strong>Helios Garc\u00eda. <\/strong>Director del Servicio de Prevenci\u00f3n.\u00a0<span lang=\"it\">Becsa Simetr\u00eda Grupo<\/span><\/p><\/div><\/div><\/div><div class=\"timeline-item\"><div class=\"timeline-icon\"><svg viewBox=\"0 0 512 512\" xmlns=\"http:\/\/www.w3.org\/2000\/svg\"><path d=\"M256 8C119.033 8 8 119.033 8 256s111.033 248 248 248 248-111.033 248-248S392.967 8 256 8zm80 248c0 44.112-35.888 80-80 80s-80-35.888-80-80 35.888-80 80-80 80 35.888 80 80z\"\/><\/svg><\/div><div class=\"timeline-card fade-in-right\"><h3>10:45 <\/h3><h4>Conclusiones <\/h4><div class=\"description\"><p><strong>Leonardo Ib\u00e1\u00f1ez.<\/strong> Responsable Territorial de Seguridad y Salud de la FLC de la Comunidad Valenciana<\/p><\/div><\/div><\/div><div class=\"timeline-item\"><div class=\"timeline-icon\"><svg viewBox=\"0 0 512 512\" xmlns=\"http:\/\/www.w3.org\/2000\/svg\"><path d=\"M256 8C119.033 8 8 119.033 8 256s111.033 248 248 248 248-111.033 248-248S392.967 8 256 8zm80 248c0 44.112-35.888 80-80 80s-80-35.888-80-80 35.888-80 80-80 80 35.888 80 80z\"\/><\/svg><\/div><div class=\"timeline-card fade-in-right\"><h3>10:55 <\/h3><h4>Fundae y la digitalizaci\u00f3n de las pymes<\/h4><div class=\"description\"><p><strong>Carmen Prieto<\/strong>. Jefa de la Unidad de Evaluaci\u00f3n, Estudios y Ordenaci\u00f3n de la Formaci\u00f3n de Fundae<\/p><\/div><\/div><\/div><\/div>\t\t<\/div>\n\t\t\t\t<\/div>\n\t\t\t\t\t<\/div>\n\t\t<\/div>\n\t\t\t\t\t<\/div>\n\t\t<\/section>\n\t\t\t\t<section class=\"elementor-section elementor-top-section elementor-element elementor-element-2ee78c4 elementor-section-stretched elementor-section-boxed elementor-section-height-default elementor-section-height-default\" data-id=\"2ee78c4\" data-element_type=\"section\" data-settings=\"{&quot;stretch_section&quot;:&quot;section-stretched&quot;}\">\n\t\t\t\t\t\t<div class=\"elementor-container elementor-column-gap-default\">\n\t\t\t\t\t<div class=\"elementor-column elementor-col-100 elementor-top-column elementor-element elementor-element-92bc88e\" data-id=\"92bc88e\" data-element_type=\"column\">\n\t\t\t<div class=\"elementor-widget-wrap elementor-element-populated\">\n\t\t\t\t\t\t<div class=\"elementor-element elementor-element-7a5bf58 elementor-widget elementor-widget-text-editor\" data-id=\"7a5bf58\" data-element_type=\"widget\" data-widget_type=\"text-editor.default\">\n\t\t\t\t<div class=\"elementor-widget-container\">\n\t\t\t\t\t\t\t<h3 class=\"orange_programa\">11:25 Pausa caf\u00e9<\/h3>\t\t\t\t\t\t<\/div>\n\t\t\t\t<\/div>\n\t\t\t\t\t<\/div>\n\t\t<\/div>\n\t\t\t\t\t<\/div>\n\t\t<\/section>\n\t\t\t\t<section class=\"elementor-section elementor-top-section elementor-element elementor-element-28fa189 elementor-section-stretched elementor-section-boxed elementor-section-height-default elementor-section-height-default\" data-id=\"28fa189\" data-element_type=\"section\" data-settings=\"{&quot;stretch_section&quot;:&quot;section-stretched&quot;}\">\n\t\t\t\t\t\t<div class=\"elementor-container elementor-column-gap-default\">\n\t\t\t\t\t<div class=\"elementor-column elementor-col-100 elementor-top-column elementor-element elementor-element-27e9d61\" data-id=\"27e9d61\" data-element_type=\"column\">\n\t\t\t<div class=\"elementor-widget-wrap elementor-element-populated\">\n\t\t\t\t\t\t<div class=\"elementor-element elementor-element-3ab2c05 elementor-widget elementor-widget-timeline_widget\" data-id=\"3ab2c05\" data-element_type=\"widget\" data-widget_type=\"timeline_widget.default\">\n\t\t\t\t<div class=\"elementor-widget-container\">\n\t\t\t<div  id=\"timeline-3ab2c05\" class=\"timeline-wrapper\"><div class=\"timeline-items\"><div id=\"timeline-3ab2c05\" class=\"timeline-bar\"><div class=\"timeline-progress\"><\/div><\/div><div class=\"timeline-item\"><div class=\"timeline-icon\"><svg viewBox=\"0 0 512 512\" xmlns=\"http:\/\/www.w3.org\/2000\/svg\"><path d=\"M256 8C119.033 8 8 119.033 8 256s111.033 248 248 248 248-111.033 248-248S392.967 8 256 8zm80 248c0 44.112-35.888 80-80 80s-80-35.888-80-80 35.888-80 80-80 80 35.888 80 80z\"\/><\/svg><\/div><div class=\"timeline-card fade-in-right\"><h3>12:00<\/h3><h4>Talleres grupales<\/h4><div class=\"description\"><p><strong>Exoesqueletos 1. Herramienta de protecci\u00f3n de la salud laboral<br \/><\/strong><strong>Bernat Graupera.<\/strong>\u00a0<span class=\"NormalTextRun SCXW250636945 BCX8\" data-ccp-parastyle=\"Body Text\">Co-Founder &amp; Sales Manager<\/span> <span class=\"NormalTextRun SCXW250636945 BCX8\" data-ccp-parastyle=\"Body Text\">de <\/span><span class=\"NormalTextRun SCXW250636945 BCX8\" data-ccp-parastyle=\"Body Text\">HEALTHY SUITS<\/span><\/p><p><strong>Realidad virtual aplicada a la formaci\u00f3n<br \/><\/strong><strong>Jos\u00e9 Garc\u00eda.<\/strong> responsable de Formaci\u00f3n de la FLC de la Comunidad Valenciana<br \/><span class=\"NormalTextRun SCXW118891998 BCX8\" data-ccp-parastyle=\"Body Text\"><span data-olk-copy-source=\"MessageBody\"><strong>Iker Gracianteparaluceta<\/strong>. Formador con VR. Ludus Global<\/span><\/span><br \/><span class=\"NormalTextRun SCXW118891998 BCX8\" data-ccp-parastyle=\"Body Text\"><strong>Jairo Moreno.\u00a0<\/strong>Gerente. ConstruVerse<br \/><\/span><span class=\"NormalTextRun SCXW118891998 BCX8\" data-ccp-parastyle=\"Body Text\"><span data-olk-copy-source=\"MessageBody\"><strong>Luis Alberto Fern\u00e1ndez<\/strong>. Docente de Teleformaci\u00f3n. FLC de la Comunidad Valenciana<br \/><\/span><\/span><strong><br \/>Exoesqueletos 2. Desarrollo tecnol\u00f3gico de m\u00e1quinas y herramientas al servicio de la prevenci\u00f3n de riesgos en el trabajo<br \/><\/strong><strong>Francisco Bl\u00e1zquez. <\/strong><span class=\"NormalTextRun SCXW118891998 BCX8\" data-ccp-parastyle=\"Body Text\">Experto <\/span><span class=\"NormalTextRun SCXW118891998 BCX8\" data-ccp-parastyle=\"Body Text\">de Producto H<\/span><span class=\"NormalTextRun SCXW118891998 BCX8\" data-ccp-parastyle=\"Body Text\">erramientas <\/span><span class=\"NormalTextRun SCXW118891998 BCX8\" data-ccp-parastyle=\"Body Text\">E<\/span><span class=\"NormalTextRun SCXW118891998 BCX8\" data-ccp-parastyle=\"Body Text\">l\u00e9ctricas y <\/span><span class=\"NormalTextRun SCXW118891998 BCX8\" data-ccp-parastyle=\"Body Text\">Accesorios de <\/span><span class=\"NormalTextRun SCXW118891998 BCX8\" data-ccp-parastyle=\"Body Text\">H<\/span><span class=\"NormalTextRun SCXW118891998 BCX8\" data-ccp-parastyle=\"Body Text\"><span class=\"NormalTextRun SCXW118891998 BCX8\" data-ccp-parastyle=\"Body Text\">ilti Espa\u00f1ola<\/span><\/span><\/p><\/div><\/div><\/div><div class=\"timeline-item\"><div class=\"timeline-icon\"><svg viewBox=\"0 0 512 512\" xmlns=\"http:\/\/www.w3.org\/2000\/svg\"><path d=\"M256 8C119.033 8 8 119.033 8 256s111.033 248 248 248 248-111.033 248-248S392.967 8 256 8zm80 248c0 44.112-35.888 80-80 80s-80-35.888-80-80 35.888-80 80-80 80 35.888 80 80z\"\/><\/svg><\/div><div class=\"timeline-card fade-in-right\"><h3>13:30 <\/h3><h4>Clausura<\/h4><div class=\"description\"><p><strong>Josep Albors. <\/strong>PV-Vicepresidente de la FLCV y Secretario General CCOO del H\u00e1bitat<br \/><strong>Rosario Ben\u00edtez<\/strong>. Vicepresidenta de la FLC de la Comunidad Valenciana y Secretaria General UGT FICA PV<br \/><strong>Pilar Bernab\u00e9.<\/strong> Delegada del Gobierno en la Comunitat Valenciana<\/p><\/div><\/div><\/div><\/div>\t\t<\/div>\n\t\t\t\t<\/div>\n\t\t\t\t\t<\/div>\n\t\t<\/div>\n\t\t\t\t\t<\/div>\n\t\t<\/section>\n\t\t\t\t<section class=\"elementor-section elementor-top-section elementor-element elementor-element-f49c045 elementor-section-stretched elementor-section-boxed elementor-section-height-default elementor-section-height-default\" data-id=\"f49c045\" data-element_type=\"section\" data-settings=\"{&quot;stretch_section&quot;:&quot;section-stretched&quot;}\">\n\t\t\t\t\t\t<div class=\"elementor-container elementor-column-gap-default\">\n\t\t\t\t\t<div class=\"elementor-column elementor-col-100 elementor-top-column elementor-element elementor-element-ee817b6\" data-id=\"ee817b6\" data-element_type=\"column\">\n\t\t\t<div class=\"elementor-widget-wrap elementor-element-populated\">\n\t\t\t\t\t\t<div class=\"elementor-element elementor-element-ed9159e elementor-widget elementor-widget-text-editor\" data-id=\"ed9159e\" data-element_type=\"widget\" data-widget_type=\"text-editor.default\">\n\t\t\t\t<div class=\"elementor-widget-container\">\n\t\t\t\t\t\t\t<h3 class=\"orange_programa\">14:00 Vino espa\u00f1ol<\/h3>\t\t\t\t\t\t<\/div>\n\t\t\t\t<\/div>\n\t\t\t\t\t<\/div>\n\t\t<\/div>\n\t\t\t\t\t<\/div>\n\t\t<\/section>\n\t\t\t\t<section class=\"elementor-section elementor-top-section elementor-element elementor-element-11fb0ab elementor-section-stretched elementor-section-boxed elementor-section-height-default elementor-section-height-default\" data-id=\"11fb0ab\" data-element_type=\"section\" data-settings=\"{&quot;stretch_section&quot;:&quot;section-stretched&quot;}\">\n\t\t\t\t\t\t<div class=\"elementor-container elementor-column-gap-default\">\n\t\t\t\t\t<div class=\"elementor-column elementor-col-100 elementor-top-column elementor-element elementor-element-c8bf472 home-boton\" data-id=\"c8bf472\" data-element_type=\"column\">\n\t\t\t<div class=\"elementor-widget-wrap elementor-element-populated\">\n\t\t\t\t\t\t<div class=\"elementor-element elementor-element-ced2245 elementor-align-center elementor-widget elementor-widget-button\" data-id=\"ced2245\" data-element_type=\"widget\" data-widget_type=\"button.default\">\n\t\t\t\t<div class=\"elementor-widget-container\">\n\t\t\t\t\t<div class=\"elementor-button-wrapper\">\n\t\t\t<a class=\"elementor-button elementor-button-link elementor-size-sm\" href=\"http:\/\/universidadpyme.fundae.es\/valencia\/wp-content\/uploads\/2025\/06\/Programa-Valencia-vertical.pdf\" target=\"_blank\">\n\t\t\t\t\t\t<span class=\"elementor-button-content-wrapper\">\n\t\t\t\t\t\t\t\t\t<span class=\"elementor-button-text\">Descargar programa<\/span>\n\t\t\t\t\t<\/span>\n\t\t\t\t\t<\/a>\n\t\t<\/div>\n\t\t\t\t<\/div>\n\t\t\t\t<\/div>\n\t\t\t\t\t<\/div>\n\t\t<\/div>\n\t\t\t\t\t<\/div>\n\t\t<\/section>\n\t\t\t\t<\/div>\n\t\t","protected":false},"excerpt":{"rendered":"<p>AGENDA 05 DE JUNIO Presentadora: Laura Heras 09:00 Recepci\u00f3n 09:15 Presentaci\u00f3n y bienvenida Antonio de Luis. Director Gerente de FundaeFrancisco Zamora. Presidente de la FLC de la Comunidad Valenciana (CNC)Antonio Galva\u00f1. Secretario auton\u00f3mico de Empleo y director general de LABORA 09:45 Ponencias: Nuevas tendencias en el sector Nuevas tecnolog\u00edas aplicadas a la protecci\u00f3n de la&hellip;<\/p>\n","protected":false},"author":1,"featured_media":0,"parent":0,"menu_order":0,"comment_status":"closed","ping_status":"closed","template":"","meta":{"footnotes":""},"class_list":["post-2415","page","type-page","status-publish","hentry"],"_links":{"self":[{"href":"https:\/\/universidadpyme.fundae.es\/valencia\/wp-json\/wp\/v2\/pages\/2415","targetHints":{"allow":["GET"]}}],"collection":[{"href":"https:\/\/universidadpyme.fundae.es\/valencia\/wp-json\/wp\/v2\/pages"}],"about":[{"href":"https:\/\/universidadpyme.fundae.es\/valencia\/wp-json\/wp\/v2\/types\/page"}],"author":[{"embeddable":true,"href":"https:\/\/universidadpyme.fundae.es\/valencia\/wp-json\/wp\/v2\/users\/1"}],"replies":[{"embeddable":true,"href":"https:\/\/universidadpyme.fundae.es\/valencia\/wp-json\/wp\/v2\/comments?post=2415"}],"version-history":[{"count":401,"href":"https:\/\/universidadpyme.fundae.es\/valencia\/wp-json\/wp\/v2\/pages\/2415\/revisions"}],"predecessor-version":[{"id":2905,"href":"https:\/\/universidadpyme.fundae.es\/valencia\/wp-json\/wp\/v2\/pages\/2415\/revisions\/2905"}],"wp:attachment":[{"href":"https:\/\/universidadpyme.fundae.es\/valencia\/wp-json\/wp\/v2\/media?parent=2415"}],"curies":[{"name":"wp","href":"https:\/\/api.w.org\/{rel}","templated":true}]}}