{"id":302,"date":"2014-03-18T18:44:31","date_gmt":"2014-03-18T18:44:31","guid":{"rendered":"http:\/\/the7.dream-demo.com\/business\/?page_id=302"},"modified":"2025-06-06T09:15:21","modified_gmt":"2025-06-06T09:15:21","slug":"ponentes-2","status":"publish","type":"page","link":"https:\/\/universidadpyme.fundae.es\/valencia\/ponentes-2\/","title":{"rendered":"Ponentes"},"content":{"rendered":"<section class=\"wpb-content-wrapper\"><p>[vc_row][vc_column]\n\t\t\t<!-- START Ponentes REVOLUTION SLIDER 6.6.10 --><p class=\"rs-p-wp-fix\"><\/p>\n\t\t\t<rs-module-wrap id=\"rev_slider_14_1_wrapper\" data-source=\"gallery\" style=\"visibility:hidden;background:transparent;padding:0;margin:0px auto;margin-top:0;margin-bottom:0;\">\n\t\t\t\t<rs-module id=\"rev_slider_14_1\" style=\"\" data-version=\"6.6.10\">\n\t\t\t\t\t<rs-slides style=\"overflow: hidden; position: absolute;\">\n\t\t\t\t\t\t<rs-slide style=\"position: absolute;\" data-key=\"rs-17\" data-title=\"Slide\" data-anim=\"adpr:false;ms:600;\" data-in=\"o:0;\" data-out=\"a:false;\">\n\t\t\t\t\t\t\t<img fetchpriority=\"high\" decoding=\"async\" src=\"\/\/universidadpyme.fundae.es\/valencia\/wp-content\/plugins\/revslider\/public\/assets\/assets\/dummy.png\" alt=\"Slide\" title=\"fondo_degradado\" width=\"2540\" height=\"1143\" class=\"rev-slidebg tp-rs-img rs-lazyload\" data-lazyload=\"\/\/universidadpyme.fundae.es\/valencia\/wp-content\/plugins\/revslider\/public\/assets\/assets\/transparent.png\" data-bg=\"p:right center;c:#ee760c;\" data-no-retina>\n<!--\n\t\t\t\t\t\t\t--><rs-layer\n\t\t\t\t\t\t\t\tid=\"slider-14-slide-17-layer-0\" \n\t\t\t\t\t\t\t\tdata-type=\"text\"\n\t\t\t\t\t\t\t\tdata-rsp_ch=\"on\"\n\t\t\t\t\t\t\t\tdata-xy=\"xo:5px,43px,61px,44px;yo:214px,390px,297px,296px;\"\n\t\t\t\t\t\t\t\tdata-text=\"w:normal;s:30,25,25,15;l:38,30,30,20;ls:0px,0px,0px,2px;fw:700;\"\n\t\t\t\t\t\t\t\tdata-dim=\"w:590px,927px,686px,401px;h:auto,69px,auto,auto;\"\n\t\t\t\t\t\t\t\tdata-frame_1=\"st:1330;sp:1200;sR:1330;\"\n\t\t\t\t\t\t\t\tdata-frame_999=\"o:0;st:w;sR:6470;\"\n\t\t\t\t\t\t\t\tstyle=\"z-index:10;font-family:'Nexa';\"\n\t\t\t\t\t\t\t>El conocimiento y la experiencia de expertos, instituciones y empresas tecnol\u00f3gicas son factores de impulso en los procesos de digitalizaci\u00f3n y mejora de la empleabilidad de los asistentes. \n\t\t\t\t\t\t\t<\/rs-layer><!--\n\n\t\t\t\t\t\t\t--><rs-layer\n\t\t\t\t\t\t\t\tid=\"slider-14-slide-17-layer-1\" \n\t\t\t\t\t\t\t\tdata-type=\"text\"\n\t\t\t\t\t\t\t\tdata-rsp_ch=\"on\"\n\t\t\t\t\t\t\t\tdata-xy=\"xo:3px,45px,62px,41px;y:m;yo:195px,248px,219px,197px;\"\n\t\t\t\t\t\t\t\tdata-text=\"w:normal;s:30,25,20,20;l:30,25,25,20;ls:1px;fw:700;\"\n\t\t\t\t\t\t\t\tdata-dim=\"w:603px,856px,664px,408px;\"\n\t\t\t\t\t\t\t\tdata-margin=\"b:30;\"\n\t\t\t\t\t\t\t\tdata-padding=\"t:0,0,0,5;\"\n\t\t\t\t\t\t\t\tdata-border=\"bor:0px,0,0,0;\"\n\t\t\t\t\t\t\t\tdata-frame_0=\"y:100%;\"\n\t\t\t\t\t\t\t\tdata-frame_0_mask=\"u:t;y:100%;\"\n\t\t\t\t\t\t\t\tdata-frame_1=\"e:power2.inOut;st:1350;sp:1200;sR:1350;\"\n\t\t\t\t\t\t\t\tdata-frame_1_mask=\"u:t;\"\n\t\t\t\t\t\t\t\tdata-frame_999=\"o:0;e:nothing;st:w;sR:6450;\"\n\t\t\t\t\t\t\t\tstyle=\"z-index:8;font-family:'Nexa';\"\n\t\t\t\t\t\t\t>Evento realizado, para conocer pr\u00f3ximos eventos, pulsa el siguiente  <a class='link-verde' href='https:\/\/www.fundae.es\/actualidad\/universidad-pyme' target='_blank'>enlace<\/a> \n\t\t\t\t\t\t\t<\/rs-layer><!--\n\n\t\t\t\t\t\t\t--><rs-layer\n\t\t\t\t\t\t\t\tid=\"slider-14-slide-17-layer-2\" \n\t\t\t\t\t\t\t\tdata-type=\"text\"\n\t\t\t\t\t\t\t\tdata-color=\"#00198a\"\n\t\t\t\t\t\t\t\tdata-rsp_ch=\"on\"\n\t\t\t\t\t\t\t\tdata-xy=\"xo:3px,44px,262px,152px;y:m;yo:-152px,92px,38px,-3px;\"\n\t\t\t\t\t\t\t\tdata-text=\"w:normal;s:45,45,45,25;l:50,45,50,28;ls:1px;fw:700;\"\n\t\t\t\t\t\t\t\tdata-dim=\"w:532px,241px,250px,162px;h:auto,52px,54px,auto;\"\n\t\t\t\t\t\t\t\tdata-margin=\"b:30;\"\n\t\t\t\t\t\t\t\tdata-frame_0=\"y:100%;\"\n\t\t\t\t\t\t\t\tdata-frame_0_mask=\"u:t;y:100%;\"\n\t\t\t\t\t\t\t\tdata-frame_1=\"e:power2.inOut;st:1350;sp:1200;sR:1350;\"\n\t\t\t\t\t\t\t\tdata-frame_1_mask=\"u:t;\"\n\t\t\t\t\t\t\t\tdata-frame_999=\"o:0;e:nothing;st:w;sR:6450;\"\n\t\t\t\t\t\t\t\tstyle=\"z-index:8;font-family:'Nexa';\"\n\t\t\t\t\t\t\t>Ponentes \n\t\t\t\t\t\t\t<\/rs-layer><!--\n\n\t\t\t\t\t\t\t--><a\n\t\t\t\t\t\t\t\tid=\"slider-14-slide-17-layer-3\" \n\t\t\t\t\t\t\t\tclass=\"rs-layer rev-btn\"\n\t\t\t\t\t\t\t\thref=\"https:\/\/formularios.businessplus.es\/UniversidadPyme?clave=8ZqnKBFFxUGtmmpls1kVUg\" target=\"_blank\" rel=\"noopener\"\n\t\t\t\t\t\t\t\tdata-type=\"button\"\n\t\t\t\t\t\t\t\tdata-rsp_ch=\"on\"\n\t\t\t\t\t\t\t\tdata-xy=\"xo:4px,46px,291px,135px;yo:450px,492px,432px,428px;\"\n\t\t\t\t\t\t\t\tdata-text=\"w:normal;s:22,16,20,20;l:55,41,30,30;fw:600;\"\n\t\t\t\t\t\t\t\tdata-dim=\"w:290px,219px,166px,166px;h:60px,45px,45px,45px;minh:0px,none,none,none;\"\n\t\t\t\t\t\t\t\tdata-vbility=\"f,f,f,f\"\n\t\t\t\t\t\t\t\tdata-padding=\"t:5,4,10,10;r:50,38,30,30;l:90,68,35,35;\"\n\t\t\t\t\t\t\t\tdata-border=\"bor:10px,10px,10px,10px;\"\n\t\t\t\t\t\t\t\tdata-frame_1=\"st:1330;sp:1200;sR:1330;\"\n\t\t\t\t\t\t\t\tdata-frame_999=\"o:0;st:w;sR:6470;\"\n\t\t\t\t\t\t\t\tdata-frame_hover=\"bgc:#00198a;bor:10px,10px,10px,10px;td:underline;sp:100;e:power1.inOut;bri:120%;\"\n\t\t\t\t\t\t\t\tstyle=\"z-index:13;background-color:#00198a;font-family:'Nexa';\"\n\t\t\t\t\t\t\t>Reg\u00edstrate \n\t\t\t\t\t\t\t<\/a><!--\n\n\t\t\t\t\t\t\t--><rs-layer\n\t\t\t\t\t\t\t\tid=\"slider-14-slide-17-layer-4\" \n\t\t\t\t\t\t\t\tdata-type=\"image\"\n\t\t\t\t\t\t\t\tdata-rsp_ch=\"on\"\n\t\t\t\t\t\t\t\tdata-xy=\"x:r,c,c,c;xo:2px,-10px,2px,-7px;y:m;yo:-2px,-101px,-124px,-129px;\"\n\t\t\t\t\t\t\t\tdata-text=\"w:normal;s:20,15,11,6;l:0,18,13,8;\"\n\t\t\t\t\t\t\t\tdata-dim=\"w:770px,474px,359px,280px;h:472px,316px,220px,172px;\"\n\t\t\t\t\t\t\t\tdata-frame_1=\"st:1330;sp:1200;sR:1330;\"\n\t\t\t\t\t\t\t\tdata-frame_999=\"o:0;st:w;sR:6470;\"\n\t\t\t\t\t\t\t\tstyle=\"z-index:12;\"\n\t\t\t\t\t\t\t><img decoding=\"async\" src=\"\/\/universidadpyme.fundae.es\/valencia\/wp-content\/plugins\/revslider\/public\/assets\/assets\/dummy.png\" alt=\"\" class=\"tp-rs-img rs-lazyload\" width=\"815\" height=\"500\" data-lazyload=\"\/\/universidadpyme.fundae.es\/valencia\/wp-content\/uploads\/2025\/05\/img_ponentes.png\" data-no-retina> \n\t\t\t\t\t\t\t<\/rs-layer><!--\n-->\t\t\t\t\t\t<\/rs-slide>\n\t\t\t\t\t<\/rs-slides>\n\t\t\t\t<\/rs-module>\n\t\t\t\t<script>\n\t\t\t\t\tsetREVStartSize({c: 'rev_slider_14_1',rl:[1240,1024,778,480],el:[600,550,500,520],gw:[1350,1024,778,480],gh:[600,550,500,520],type:'standard',justify:'',layout:'fullwidth',mh:\"600\"});if (window.RS_MODULES!==undefined && window.RS_MODULES.modules!==undefined && window.RS_MODULES.modules[\"revslider141\"]!==undefined) {window.RS_MODULES.modules[\"revslider141\"].once = false;window.revapi14 = undefined;if (window.RS_MODULES.checkMinimal!==undefined) window.RS_MODULES.checkMinimal()}\n\t\t\t\t<\/script>\n\t\t\t<\/rs-module-wrap>\n\t\t\t<!-- END REVOLUTION SLIDER -->\n[\/vc_column][\/vc_row][vc_row margin_top=\u00bb100px\u00bb margin_bottom=\u00bb130px\u00bb css=\u00bb.vc_custom_1666768255273{margin-bottom: 280px !important;}\u00bb el_class=\u00bbfila_ponentes\u00bb][vc_column width=\u00bb1\/4&#8243;]<div class=\"ult-team-member-wrap ult-style-1 team_item itemhover  vc_custom_1747058997655\"><div class=\"ult-team-member-image\" style=\"\"> <img decoding=\"async\" class=\"\" src=\"https:\/\/universidadpyme.fundae.es\/valencia\/wp-content\/uploads\/2025\/05\/Antonio_de_Luis.jpg\" alt=\"null\"  style=\"\"><span class=\"ult-team-member-image-overlay \"  ><\/span><\/div><div class=\"ult-team-member-bio-wrap style-1 ultimate-heading69f1ed546a1d7\" style=\"text-align:center;; \"><div class=\"ult-team-member-name-wrap\"><h2 class=\"ult-team-member-name ult-responsive\"  data-ultimate-target='.ult-team-member-bio-wrap.ultimate-heading69f1ed546a1d7 .ult-team-member-name'  data-responsive-json-new='{\"font-size\":\"desktop:25px;\",\"line-height\":\"\"}'  style=\"font-weight:bold;color:#262626;\">Antonio de Luis<\/h2><div class=\"ult-team-member-position ult-responsive\"  data-ultimate-target='.ult-team-member-bio-wrap.ultimate-heading69f1ed546a1d7 .ult-team-member-position'  data-responsive-json-new='{\"font-size\":\"desktop:18px;\",\"line-height\":\"\"}'  style=\"color:#262626;\">Director Gerente de Fundae<\/div><div class=\"ult-team-member-description ult-responsive\"  data-ultimate-target='.ult-team-member-bio-wrap.ultimate-heading69f1ed546a1d7 .ult-team-member-description'  data-responsive-json-new='{\"font-size\":\"\",\"line-height\":\"\"}'  style=\"\"><p><\/p>\n<p class=\"resena none\">Experto en direcci\u00f3n y coordinaci\u00f3n de equipos, procesos de gesti\u00f3n y programas de empleo y formaci\u00f3n para el empleo, dirige innovadores proyectos tanto nacionales como internacionales, muchos enmarcados en el Plan de Recuperaci\u00f3n, Transformaci\u00f3n y Resiliencia. Ha impulsado la implantaci\u00f3n del proyecto Digital\u00edzate para la formaci\u00f3n en competencias digitales y de apoyo a la transformaci\u00f3n digital de las Pymes.<\/p>\n<p><\/p><\/div><div style=\"margin-bottom:15px\"><\/div><\/div><\/div><\/div><div class=\"ult-team-member-wrap ult-style-1 team_item itemhover  vc_custom_1747852560801\"><div class=\"ult-team-member-image\" style=\"\"> <img decoding=\"async\" class=\"\" src=\"https:\/\/universidadpyme.fundae.es\/valencia\/wp-content\/uploads\/2025\/05\/joaquim-ruiz.jpg\" alt=\"null\"  style=\"\"><span class=\"ult-team-member-image-overlay \"  ><\/span><\/div><div class=\"ult-team-member-bio-wrap style-1 ultimate-heading69f1ed546a58d\" style=\"text-align:center;; \"><div class=\"ult-team-member-name-wrap\"><h2 class=\"ult-team-member-name ult-responsive\"  data-ultimate-target='.ult-team-member-bio-wrap.ultimate-heading69f1ed546a58d .ult-team-member-name'  data-responsive-json-new='{\"font-size\":\"desktop:25px;\",\"line-height\":\"\"}'  style=\"font-weight:bold;color:#262626;\">Joaquim Ru\u00edz<\/h2><div class=\"ult-team-member-position ult-responsive\"  data-ultimate-target='.ult-team-member-bio-wrap.ultimate-heading69f1ed546a58d .ult-team-member-position'  data-responsive-json-new='{\"font-size\":\"desktop:18px;\",\"line-height\":\"\"}'  style=\"color:#262626;\">Director General en PrevenControl<\/div><div class=\"ult-team-member-description ult-responsive\"  data-ultimate-target='.ult-team-member-bio-wrap.ultimate-heading69f1ed546a58d .ult-team-member-description'  data-responsive-json-new='{\"font-size\":\"\",\"line-height\":\"\"}'  style=\"\"><p><\/p>\n<p class=\"resena none\">Joaquim Ruiz Bosch, Director General. Joaquim lleva m\u00e1s de 20 a\u00f1os trabajando en el campo de la seguridad y la salud ayudando a responsables de departamentos de prevenci\u00f3n a solucionar sus principales \u201cpains\u201d, habi\u00e9ndose especializado en la cultura de seguridad y en la innovaci\u00f3n en este marco<\/p>\n<p><\/p><\/div><div style=\"margin-bottom:15px\"><\/div><\/div><\/div><\/div><div class=\"ult-team-member-wrap ult-style-1 team_item itemhover  vc_custom_1747676485559\"><div class=\"ult-team-member-image\" style=\"\"> <img decoding=\"async\" class=\"\" src=\"https:\/\/universidadpyme.fundae.es\/valencia\/wp-content\/uploads\/2025\/05\/Bernat_Graupera.jpg\" alt=\"null\"  style=\"\"><span class=\"ult-team-member-image-overlay \"  ><\/span><\/div><div class=\"ult-team-member-bio-wrap style-1 ultimate-heading69f1ed546a9d0\" style=\"text-align:center;; \"><div class=\"ult-team-member-name-wrap\"><h2 class=\"ult-team-member-name ult-responsive\"  data-ultimate-target='.ult-team-member-bio-wrap.ultimate-heading69f1ed546a9d0 .ult-team-member-name'  data-responsive-json-new='{\"font-size\":\"desktop:25px;\",\"line-height\":\"\"}'  style=\"font-weight:bold;color:#262626;\">Bernat Graupera<\/h2><div class=\"ult-team-member-position ult-responsive\"  data-ultimate-target='.ult-team-member-bio-wrap.ultimate-heading69f1ed546a9d0 .ult-team-member-position'  data-responsive-json-new='{\"font-size\":\"desktop:18px;\",\"line-height\":\"\"}'  style=\"color:#262626;\">Co-Founder &amp; Sales Manager de HEALTHY SUITS<\/div><div class=\"ult-team-member-description ult-responsive\"  data-ultimate-target='.ult-team-member-bio-wrap.ultimate-heading69f1ed546a9d0 .ult-team-member-description'  data-responsive-json-new='{\"font-size\":\"\",\"line-height\":\"\"}'  style=\"\"><p><\/p>\n<p class=\"resena none\">Licenciado en Psicolog\u00eda. Dilatada experiencia en ventas en el \u00e1rea comercial. Cargos ejercidos de \u00c1rea Manager y Direcci\u00f3n Comercial a nivel nacional e internacional. Socio fundador de Healthy Suits.<\/p>\n<p><\/p><\/div><div style=\"margin-bottom:15px\"><\/div><\/div><\/div><\/div><div class=\"ult-team-member-wrap ult-style-1 team_item itemhover  vc_custom_1748262081078\"><div class=\"ult-team-member-image\" style=\"\"> <img decoding=\"async\" class=\"\" src=\"https:\/\/universidadpyme.fundae.es\/valencia\/wp-content\/uploads\/2025\/05\/jairo-moreno.jpg\" alt=\"null\"  style=\"\"><span class=\"ult-team-member-image-overlay \"  ><\/span><\/div><div class=\"ult-team-member-bio-wrap style-1 ultimate-heading69f1ed546abf2\" style=\"text-align:center;; \"><div class=\"ult-team-member-name-wrap\"><h2 class=\"ult-team-member-name ult-responsive\"  data-ultimate-target='.ult-team-member-bio-wrap.ultimate-heading69f1ed546abf2 .ult-team-member-name'  data-responsive-json-new='{\"font-size\":\"desktop:25px;\",\"line-height\":\"\"}'  style=\"font-weight:bold;color:#262626;\">Jairo Moreno<\/h2><div class=\"ult-team-member-position ult-responsive\"  data-ultimate-target='.ult-team-member-bio-wrap.ultimate-heading69f1ed546abf2 .ult-team-member-position'  data-responsive-json-new='{\"font-size\":\"desktop:18px;\",\"line-height\":\"\"}'  style=\"color:#262626;\">Gerente de ConstruVerse<\/div><div class=\"ult-team-member-description ult-responsive\"  data-ultimate-target='.ult-team-member-bio-wrap.ultimate-heading69f1ed546abf2 .ult-team-member-description'  data-responsive-json-new='{\"font-size\":\"\",\"line-height\":\"\"}'  style=\"\"><p><\/p>\n<p class=\"resena none\">Con m\u00e1s de 12 a\u00f1os \u201cconstruyendo realidad\u201d en topograf\u00eda para grandes proyectos, lider\u00f3 cinco a\u00f1os la expansi\u00f3n de una firma internacional en Panam\u00e1 en la ampliaci\u00f3n del Canal. Apasionado por la tecnolog\u00eda, descubri\u00f3 la realidad virtual y se form\u00f3 como Experto en RV y RA en U-tad (Madrid). Hoy crea y dirige programas inmersivos con simuladores 3D para el sector de la construcci\u00f3n.<\/p>\n<p><\/p><\/div><div style=\"margin-bottom:15px\"><\/div><\/div><\/div><\/div><div class=\"ult-team-member-wrap ult-style-1 team_item  vc_custom_1747139668973\"><div class=\"ult-team-member-image\" style=\"\"> <img decoding=\"async\" class=\"\" src=\"https:\/\/universidadpyme.fundae.es\/valencia\/wp-content\/uploads\/2025\/05\/pilar-bernabe.jpg\" alt=\"null\"  style=\"\"><span class=\"ult-team-member-image-overlay \"  ><\/span><\/div><div class=\"ult-team-member-bio-wrap style-1 ultimate-heading69f1ed546adcd\" style=\"text-align:center;; \"><div class=\"ult-team-member-name-wrap\"><h2 class=\"ult-team-member-name ult-responsive\"  data-ultimate-target='.ult-team-member-bio-wrap.ultimate-heading69f1ed546adcd .ult-team-member-name'  data-responsive-json-new='{\"font-size\":\"desktop:25px;\",\"line-height\":\"\"}'  style=\"font-weight:bold;color:#262626;\">Pilar Bernab\u00e9<\/h2><div class=\"ult-team-member-position ult-responsive\"  data-ultimate-target='.ult-team-member-bio-wrap.ultimate-heading69f1ed546adcd .ult-team-member-position'  data-responsive-json-new='{\"font-size\":\"desktop:18px;\",\"line-height\":\"\"}'  style=\"color:#262626;\">Delegada del Gobierno en la Comunitat Valenciana<\/div><div style=\"margin-bottom:15px\"><\/div><\/div><\/div><\/div>[\/vc_column][vc_column width=\u00bb1\/4&#8243;]<div class=\"ult-team-member-wrap ult-style-1 team_item itemhover  vc_custom_1747650608593\"><div class=\"ult-team-member-image\" style=\"\"> <img decoding=\"async\" class=\"\" src=\"https:\/\/universidadpyme.fundae.es\/valencia\/wp-content\/uploads\/2025\/05\/Francisco_Zamora.jpg\" alt=\"null\"  style=\"\"><span class=\"ult-team-member-image-overlay \"  ><\/span><\/div><div class=\"ult-team-member-bio-wrap style-1 ultimate-heading69f1ed546af70\" style=\"text-align:center;; \"><div class=\"ult-team-member-name-wrap\"><h2 class=\"ult-team-member-name ult-responsive\"  data-ultimate-target='.ult-team-member-bio-wrap.ultimate-heading69f1ed546af70 .ult-team-member-name'  data-responsive-json-new='{\"font-size\":\"desktop:25px;\",\"line-height\":\"\"}'  style=\"font-weight:bold;color:#262626;\">Francisco Zamora<\/h2><div class=\"ult-team-member-position ult-responsive\"  data-ultimate-target='.ult-team-member-bio-wrap.ultimate-heading69f1ed546af70 .ult-team-member-position'  data-responsive-json-new='{\"font-size\":\"desktop:18px;\",\"line-height\":\"\"}'  style=\"color:#262626;\">Presidente de la FLC de la Comunidad Valenciana (CNC)<\/div><div class=\"ult-team-member-description ult-responsive\"  data-ultimate-target='.ult-team-member-bio-wrap.ultimate-heading69f1ed546af70 .ult-team-member-description'  data-responsive-json-new='{\"font-size\":\"\",\"line-height\":\"\"}'  style=\"\"><p><\/p>\n<p class=\"resena none\">El actual presidente de la FEVEC, cargo que ostenta desde el 2012. Su liderazgo se caracteriza por la defensa de los intereses del sector de la construcci\u00f3n en la provincia de Valencia, promoviendo la colaboraci\u00f3n entre las empresas, la innovaci\u00f3n y la sostenibilidad en la edificaci\u00f3n.<\/p>\n<p><\/p><\/div><div style=\"margin-bottom:15px\"><\/div><\/div><\/div><\/div><div class=\"ult-team-member-wrap ult-style-1 team_item itemhover  vc_custom_1748425115287\"><div class=\"ult-team-member-image\" style=\"\"> <img decoding=\"async\" class=\"\" src=\"https:\/\/universidadpyme.fundae.es\/valencia\/wp-content\/uploads\/2025\/05\/helios-garcia-2.jpg\" alt=\"null\"  style=\"\"><span class=\"ult-team-member-image-overlay \"  ><\/span><\/div><div class=\"ult-team-member-bio-wrap style-1 ultimate-heading69f1ed546b112\" style=\"text-align:center;; \"><div class=\"ult-team-member-name-wrap\"><h2 class=\"ult-team-member-name ult-responsive\"  data-ultimate-target='.ult-team-member-bio-wrap.ultimate-heading69f1ed546b112 .ult-team-member-name'  data-responsive-json-new='{\"font-size\":\"desktop:25px;\",\"line-height\":\"\"}'  style=\"font-weight:bold;color:#262626;\">Helios Garc\u00eda<\/h2><div class=\"ult-team-member-position ult-responsive\"  data-ultimate-target='.ult-team-member-bio-wrap.ultimate-heading69f1ed546b112 .ult-team-member-position'  data-responsive-json-new='{\"font-size\":\"desktop:18px;\",\"line-height\":\"\"}'  style=\"color:#262626;\">Director del Servicio de Prevenci\u00f3n de Becsa Simetr\u00eda Grupo<\/div><div class=\"ult-team-member-description ult-responsive\"  data-ultimate-target='.ult-team-member-bio-wrap.ultimate-heading69f1ed546b112 .ult-team-member-description'  data-responsive-json-new='{\"font-size\":\"\",\"line-height\":\"\"}'  style=\"\"><p><\/p>\n<p class=\"resena none\">\u00abIngeniero de Caminos Canales y Puertos. Con mas de 20 a\u00f1os de experiencia en el sector de la seguidad y salud laboral en las empresas.<\/p>\n<p><\/p><\/div><div style=\"margin-bottom:15px\"><\/div><\/div><\/div><\/div><div class=\"ult-team-member-wrap ult-style-1 team_item itemhover  vc_custom_1747676499381\"><div class=\"ult-team-member-image\" style=\"\"> <img decoding=\"async\" class=\"\" src=\"https:\/\/universidadpyme.fundae.es\/valencia\/wp-content\/uploads\/2025\/05\/francisco-blazquez.jpg\" alt=\"null\"  style=\"\"><span class=\"ult-team-member-image-overlay \"  ><\/span><\/div><div class=\"ult-team-member-bio-wrap style-1 ultimate-heading69f1ed546b2d2\" style=\"text-align:center;; \"><div class=\"ult-team-member-name-wrap\"><h2 class=\"ult-team-member-name ult-responsive\"  data-ultimate-target='.ult-team-member-bio-wrap.ultimate-heading69f1ed546b2d2 .ult-team-member-name'  data-responsive-json-new='{\"font-size\":\"desktop:25px;\",\"line-height\":\"\"}'  style=\"font-weight:bold;color:#262626;\">Francisco Bl\u00e1zquez<\/h2><div class=\"ult-team-member-position ult-responsive\"  data-ultimate-target='.ult-team-member-bio-wrap.ultimate-heading69f1ed546b2d2 .ult-team-member-position'  data-responsive-json-new='{\"font-size\":\"desktop:18px;\",\"line-height\":\"\"}'  style=\"color:#262626;\">Experto de Producto Herramientas El\u00e9ctricas y Accesorios de Hilti Espa\u00f1ola<\/div><div class=\"ult-team-member-description ult-responsive\"  data-ultimate-target='.ult-team-member-bio-wrap.ultimate-heading69f1ed546b2d2 .ult-team-member-description'  data-responsive-json-new='{\"font-size\":\"\",\"line-height\":\"\"}'  style=\"\"><p><\/p>\n<p class=\"resena none\">Ldo. en CC F\u00edsicas. T\u00e9cnico superior en PRL. 30 a\u00f1os de experiencia en el sector de la herramienta el\u00e9ctrica colaboraciones con FLC , Catedra de Arpada UPM ETSEM<\/p>\n<p><\/p><\/div><div style=\"margin-bottom:15px\"><\/div><\/div><\/div><\/div><div class=\"ult-team-member-wrap ult-style-1 team_item   vc_custom_1749201318524\"><div class=\"ult-team-member-image\" style=\"\"> <img decoding=\"async\" class=\"\" src=\"https:\/\/universidadpyme.fundae.es\/valencia\/wp-content\/uploads\/2025\/06\/Luis-Alberto-Fernandez.jpg\" alt=\"null\"  style=\"\"><span class=\"ult-team-member-image-overlay \"  ><\/span><\/div><div class=\"ult-team-member-bio-wrap style-1 ultimate-heading69f1ed546b46d\" style=\"text-align:center;; \"><div class=\"ult-team-member-name-wrap\"><h2 class=\"ult-team-member-name ult-responsive\"  data-ultimate-target='.ult-team-member-bio-wrap.ultimate-heading69f1ed546b46d .ult-team-member-name'  data-responsive-json-new='{\"font-size\":\"desktop:25px;\",\"line-height\":\"\"}'  style=\"font-weight:bold;color:#262626;\">Luis Alberto Fern\u00e1ndez<\/h2><div class=\"ult-team-member-position ult-responsive\"  data-ultimate-target='.ult-team-member-bio-wrap.ultimate-heading69f1ed546b46d .ult-team-member-position'  data-responsive-json-new='{\"font-size\":\"desktop:18px;\",\"line-height\":\"\"}'  style=\"color:#262626;\">Docente de Teleformaci\u00f3n. Fundaci\u00f3n Laboral de la Construcci\u00f3n<\/div><div style=\"margin-bottom:15px\"><\/div><\/div><\/div><\/div><div class=\"ult-team-member-wrap ult-style-1 team_item  vc_custom_1747059586504\"><div class=\"ult-team-member-image\" style=\"\"> <img decoding=\"async\" class=\"\" src=\"https:\/\/universidadpyme.fundae.es\/valencia\/wp-content\/uploads\/2025\/05\/laura-heras.jpg\" alt=\"null\"  style=\"\"><span class=\"ult-team-member-image-overlay \"  ><\/span><\/div><div class=\"ult-team-member-bio-wrap style-1 ultimate-heading69f1ed546b5ed\" style=\"text-align:center;; \"><div class=\"ult-team-member-name-wrap\"><h2 class=\"ult-team-member-name ult-responsive\"  data-ultimate-target='.ult-team-member-bio-wrap.ultimate-heading69f1ed546b5ed .ult-team-member-name'  data-responsive-json-new='{\"font-size\":\"desktop:25px;\",\"line-height\":\"\"}'  style=\"font-weight:bold;color:#262626;\">Laura Heras<\/h2><div class=\"ult-team-member-position ult-responsive\"  data-ultimate-target='.ult-team-member-bio-wrap.ultimate-heading69f1ed546b5ed .ult-team-member-position'  data-responsive-json-new='{\"font-size\":\"desktop:18px;\",\"line-height\":\"\"}'  style=\"color:#262626;\">Presentadora<\/div><div style=\"margin-bottom:15px\"><\/div><\/div><\/div><\/div>[\/vc_column][vc_column width=\u00bb1\/4&#8243;]<div class=\"ult-team-member-wrap ult-style-1 team_item  vc_custom_1747139460103\"><div class=\"ult-team-member-image\" style=\"\"> <img decoding=\"async\" class=\"\" src=\"https:\/\/universidadpyme.fundae.es\/valencia\/wp-content\/uploads\/2025\/05\/antonio-galvan.jpg\" alt=\"null\"  style=\"\"><span class=\"ult-team-member-image-overlay \"  ><\/span><\/div><div class=\"ult-team-member-bio-wrap style-1 ultimate-heading69f1ed546b787\" style=\"text-align:center;; \"><div class=\"ult-team-member-name-wrap\"><h2 class=\"ult-team-member-name ult-responsive\"  data-ultimate-target='.ult-team-member-bio-wrap.ultimate-heading69f1ed546b787 .ult-team-member-name'  data-responsive-json-new='{\"font-size\":\"desktop:25px;\",\"line-height\":\"\"}'  style=\"font-weight:bold;color:#262626;\">Antonio Galva\u00f1<\/h2><div class=\"ult-team-member-position ult-responsive\"  data-ultimate-target='.ult-team-member-bio-wrap.ultimate-heading69f1ed546b787 .ult-team-member-position'  data-responsive-json-new='{\"font-size\":\"desktop:18px;\",\"line-height\":\"\"}'  style=\"color:#262626;\">Secretario auton\u00f3mico de Empleo y director general de LABORA<\/div><div style=\"margin-bottom:15px\"><\/div><\/div><\/div><\/div><div class=\"ult-team-member-wrap ult-style-1 team_item itemhover  vc_custom_1747676469336\"><div class=\"ult-team-member-image\" style=\"\"> <img decoding=\"async\" class=\"\" src=\"https:\/\/universidadpyme.fundae.es\/valencia\/wp-content\/uploads\/2025\/05\/Leonardo_Ibanez.jpg\" alt=\"null\"  style=\"\"><span class=\"ult-team-member-image-overlay \"  ><\/span><\/div><div class=\"ult-team-member-bio-wrap style-1 ultimate-heading69f1ed546b8f3\" style=\"text-align:center;; \"><div class=\"ult-team-member-name-wrap\"><h2 class=\"ult-team-member-name ult-responsive\"  data-ultimate-target='.ult-team-member-bio-wrap.ultimate-heading69f1ed546b8f3 .ult-team-member-name'  data-responsive-json-new='{\"font-size\":\"desktop:25px;\",\"line-height\":\"\"}'  style=\"font-weight:bold;color:#262626;\">Leonardo Ib\u00e1\u00f1ez<\/h2><div class=\"ult-team-member-position ult-responsive\"  data-ultimate-target='.ult-team-member-bio-wrap.ultimate-heading69f1ed546b8f3 .ult-team-member-position'  data-responsive-json-new='{\"font-size\":\"desktop:18px;\",\"line-height\":\"\"}'  style=\"color:#262626;\">Responsable Territorial de Seguridad y Salud de la FLC de la Comunidad Valenciana<\/div><div class=\"ult-team-member-description ult-responsive\"  data-ultimate-target='.ult-team-member-bio-wrap.ultimate-heading69f1ed546b8f3 .ult-team-member-description'  data-responsive-json-new='{\"font-size\":\"\",\"line-height\":\"\"}'  style=\"\"><p><\/p>\n<p class=\"resena none\">Licenciado universitario, t\u00e9cnico en prevenci\u00f3n de riesgos laborales en las especialidades de Seguridad, Higiene y Ergonom\u00eda y Psicosociolog\u00eda aplicada con m\u00e1s de 20 a\u00f1os de experiencia en el sector de la construcci\u00f3n.<\/p>\n<p><\/p><\/div><div style=\"margin-bottom:15px\"><\/div><\/div><\/div><\/div><div class=\"ult-team-member-wrap ult-style-1 team_item itemhover  vc_custom_1747651879874\"><div class=\"ult-team-member-image\" style=\"\"> <img decoding=\"async\" class=\"\" src=\"https:\/\/universidadpyme.fundae.es\/valencia\/wp-content\/uploads\/2025\/05\/jose-garcia-1.jpg\" alt=\"null\"  style=\"\"><span class=\"ult-team-member-image-overlay \"  ><\/span><\/div><div class=\"ult-team-member-bio-wrap style-1 ultimate-heading69f1ed546ba72\" style=\"text-align:center;; \"><div class=\"ult-team-member-name-wrap\"><h2 class=\"ult-team-member-name ult-responsive\"  data-ultimate-target='.ult-team-member-bio-wrap.ultimate-heading69f1ed546ba72 .ult-team-member-name'  data-responsive-json-new='{\"font-size\":\"desktop:25px;\",\"line-height\":\"\"}'  style=\"font-weight:bold;color:#262626;\">Jos\u00e9 Garc\u00eda<\/h2><div class=\"ult-team-member-position ult-responsive\"  data-ultimate-target='.ult-team-member-bio-wrap.ultimate-heading69f1ed546ba72 .ult-team-member-position'  data-responsive-json-new='{\"font-size\":\"desktop:18px;\",\"line-height\":\"\"}'  style=\"color:#262626;\">Responsable de Formaci\u00f3n de la FLC de la Comunidad Valenciana<\/div><div class=\"ult-team-member-description ult-responsive\"  data-ultimate-target='.ult-team-member-bio-wrap.ultimate-heading69f1ed546ba72 .ult-team-member-description'  data-responsive-json-new='{\"font-size\":\"\",\"line-height\":\"\"}'  style=\"\"><p><\/p>\n<p class=\"resena none\">Titulaci\u00f3n acad\u00e9mica: Relaciones Laborales y M.U. Direcci\u00f3n y Gesti\u00f3n de RRHH\/\/Laboral: Responsable de formaci\u00f3n Fundaci\u00f3n Laboral Construcci\u00f3n Comunidad Valenciana<\/p>\n<p><\/p><\/div><div style=\"margin-bottom:15px\"><\/div><\/div><\/div><\/div><div class=\"ult-team-member-wrap ult-style-1 team_item  vc_custom_1747676552604\"><div class=\"ult-team-member-image\" style=\"\"> <img decoding=\"async\" class=\"\" src=\"https:\/\/universidadpyme.fundae.es\/valencia\/wp-content\/uploads\/2025\/05\/Josep_Albors_Ferrandis.jpg\" alt=\"null\"  style=\"\"><span class=\"ult-team-member-image-overlay \"  ><\/span><\/div><div class=\"ult-team-member-bio-wrap style-1 ultimate-heading69f1ed546bbef\" style=\"text-align:center;; \"><div class=\"ult-team-member-name-wrap\"><h2 class=\"ult-team-member-name ult-responsive\"  data-ultimate-target='.ult-team-member-bio-wrap.ultimate-heading69f1ed546bbef .ult-team-member-name'  data-responsive-json-new='{\"font-size\":\"desktop:25px;\",\"line-height\":\"\"}'  style=\"font-weight:bold;color:#262626;\">Josep Albors<\/h2><div class=\"ult-team-member-position ult-responsive\"  data-ultimate-target='.ult-team-member-bio-wrap.ultimate-heading69f1ed546bbef .ult-team-member-position'  data-responsive-json-new='{\"font-size\":\"desktop:18px;\",\"line-height\":\"\"}'  style=\"color:#262626;\">PV-Vicepresidente de la FLCV y Secretario General CCOO del H\u00e1bitat<\/div><div style=\"margin-bottom:15px\"><\/div><\/div><\/div><\/div>[\/vc_column][vc_column width=\u00bb1\/4&#8243;]<div class=\"ult-team-member-wrap ult-style-1 team_item itemhover  vc_custom_1747650844421\"><div class=\"ult-team-member-image\" style=\"\"> <img decoding=\"async\" class=\"\" src=\"https:\/\/universidadpyme.fundae.es\/valencia\/wp-content\/uploads\/2025\/05\/mercedes-sanchis-web.jpg\" alt=\"null\"  style=\"\"><span class=\"ult-team-member-image-overlay \"  ><\/span><\/div><div class=\"ult-team-member-bio-wrap style-1 ultimate-heading69f1ed546bd59\" style=\"text-align:center;; \"><div class=\"ult-team-member-name-wrap\"><h2 class=\"ult-team-member-name ult-responsive\"  data-ultimate-target='.ult-team-member-bio-wrap.ultimate-heading69f1ed546bd59 .ult-team-member-name'  data-responsive-json-new='{\"font-size\":\"desktop:25px;\",\"line-height\":\"\"}'  style=\"font-weight:bold;color:#262626;\">Mercedes Sanchis<\/h2><div class=\"ult-team-member-position ult-responsive\"  data-ultimate-target='.ult-team-member-bio-wrap.ultimate-heading69f1ed546bd59 .ult-team-member-position'  data-responsive-json-new='{\"font-size\":\"desktop:18px;\",\"line-height\":\"\"}'  style=\"color:#262626;\">Directora de Innovaci\u00f3n \u2013 Bienestar y Salud Laboral en Instituto de Bimec\u00e1nica (IBV)<\/div><div class=\"ult-team-member-description ult-responsive\"  data-ultimate-target='.ult-team-member-bio-wrap.ultimate-heading69f1ed546bd59 .ult-team-member-description'  data-responsive-json-new='{\"font-size\":\"\",\"line-height\":\"\"}'  style=\"\"><p><\/p>\n<p class=\"resena none\"> Doctora Ingeniera Industrial por la Universitat Polit\u00e8cnica de Val\u00e8ncia y MBA por la Escuela de Negocios Llu\u00eds Vives de Valencia. Empez\u00f3 a trabajar en el IBV en el 2005 como investigadora y posteriormente coordin\u00f3 el \u00e1rea de investigaci\u00f3n en Promoci\u00f3n de la Salud. Desde el 2015 es la Directora de Innovaci\u00f3n de la unidad de Bienestar y Salud Laboral.<\/p>\n<p><\/p><\/div><div style=\"margin-bottom:15px\"><\/div><\/div><\/div><\/div><div class=\"ult-team-member-wrap ult-style-1 team_item itemhover  vc_custom_1747058586348\"><div class=\"ult-team-member-image\" style=\"\"> <img decoding=\"async\" class=\"\" src=\"https:\/\/universidadpyme.fundae.es\/valencia\/wp-content\/uploads\/2025\/05\/Carmen_Prieto.jpg\" alt=\"null\"  style=\"\"><span class=\"ult-team-member-image-overlay \"  ><\/span><\/div><div class=\"ult-team-member-bio-wrap style-1 ultimate-heading69f1ed546bef1\" style=\"text-align:center;; \"><div class=\"ult-team-member-name-wrap\"><h2 class=\"ult-team-member-name ult-responsive\"  data-ultimate-target='.ult-team-member-bio-wrap.ultimate-heading69f1ed546bef1 .ult-team-member-name'  data-responsive-json-new='{\"font-size\":\"desktop:25px;\",\"line-height\":\"\"}'  style=\"font-weight:bold;color:#262626;\">Carmen Prieto<\/h2><div class=\"ult-team-member-position ult-responsive\"  data-ultimate-target='.ult-team-member-bio-wrap.ultimate-heading69f1ed546bef1 .ult-team-member-position'  data-responsive-json-new='{\"font-size\":\"desktop:18px;\",\"line-height\":\"\"}'  style=\"color:#262626;\">Jefe de la Unidad de Evaluaci\u00f3n, Estudios y Ordenaci\u00f3n de la Formaci\u00f3n de Fundae<\/div><div class=\"ult-team-member-description ult-responsive\"  data-ultimate-target='.ult-team-member-bio-wrap.ultimate-heading69f1ed546bef1 .ult-team-member-description'  data-responsive-json-new='{\"font-size\":\"\",\"line-height\":\"\"}'  style=\"\"><p><\/p>\n<p class=\"resena none\">Ha desarrollado su actividad en el \u00e1mbito de los recursos humanos (selecci\u00f3n y formaci\u00f3n) en diferentes empresas hasta que en el a\u00f1o 1996 se incorpor\u00f3 a la Fundaci\u00f3n Estatal para la Formaci\u00f3n en el Empleo. A partir del a\u00f1o 2009 ha ocupado diferentes puestos en la Direcci\u00f3n relacionados con la gesti\u00f3n de las distintas iniciativas. Actualmente, adem\u00e1s de la jefatura de la unidad, es la responsable de numerosos proyectos que ofrecen formaci\u00f3n gratuita en competencias digitales a las personas trabajadoras.<\/p>\n<p><\/p><\/div><div style=\"margin-bottom:15px\"><\/div><\/div><\/div><\/div><div class=\"ult-team-member-wrap ult-style-1 team_item itemhover  vc_custom_1748430557193\"><div class=\"ult-team-member-image\" style=\"\"> <img decoding=\"async\" class=\"\" src=\"https:\/\/universidadpyme.fundae.es\/valencia\/wp-content\/uploads\/2025\/05\/Iker-Gracianteparaluceta-1.jpg\" alt=\"null\"  style=\"\"><span class=\"ult-team-member-image-overlay \"  ><\/span><\/div><div class=\"ult-team-member-bio-wrap style-1 ultimate-heading69f1ed546c07a\" style=\"text-align:center;; \"><div class=\"ult-team-member-name-wrap\"><h2 class=\"ult-team-member-name ult-responsive\"  data-ultimate-target='.ult-team-member-bio-wrap.ultimate-heading69f1ed546c07a .ult-team-member-name'  data-responsive-json-new='{\"font-size\":\"desktop:25px;\",\"line-height\":\"\"}'  style=\"font-weight:bold;color:#262626;\">Iker Gracianteparaluceta<\/h2><div class=\"ult-team-member-position ult-responsive\"  data-ultimate-target='.ult-team-member-bio-wrap.ultimate-heading69f1ed546c07a .ult-team-member-position'  data-responsive-json-new='{\"font-size\":\"desktop:18px;\",\"line-height\":\"\"}'  style=\"color:#262626;\">Formador con VR en Ludus Global<\/div><div class=\"ult-team-member-description ult-responsive\"  data-ultimate-target='.ult-team-member-bio-wrap.ultimate-heading69f1ed546c07a .ult-team-member-description'  data-responsive-json-new='{\"font-size\":\"\",\"line-height\":\"\"}'  style=\"\"><p><\/p>\n<p class=\"resena none\">Licenciado en Pedagogia, Tecnico superior en prl, 20 a\u00f1os de experiencia como formador<\/p>\n<p><\/p><\/div><div style=\"margin-bottom:15px\"><\/div><\/div><\/div><\/div><div class=\"ult-team-member-wrap ult-style-1 team_item itemhover  vc_custom_1747676594596\"><div class=\"ult-team-member-image\" style=\"\"> <img decoding=\"async\" class=\"\" src=\"https:\/\/universidadpyme.fundae.es\/valencia\/wp-content\/uploads\/2025\/05\/rosario-benitez.jpg\" alt=\"null\"  style=\"\"><span class=\"ult-team-member-image-overlay \"  ><\/span><\/div><div class=\"ult-team-member-bio-wrap style-1 ultimate-heading69f1ed546c22a\" style=\"text-align:center;; \"><div class=\"ult-team-member-name-wrap\"><h2 class=\"ult-team-member-name ult-responsive\"  data-ultimate-target='.ult-team-member-bio-wrap.ultimate-heading69f1ed546c22a .ult-team-member-name'  data-responsive-json-new='{\"font-size\":\"desktop:25px;\",\"line-height\":\"\"}'  style=\"font-weight:bold;color:#262626;\">Rosario Ben\u00edtez<\/h2><div class=\"ult-team-member-position ult-responsive\"  data-ultimate-target='.ult-team-member-bio-wrap.ultimate-heading69f1ed546c22a .ult-team-member-position'  data-responsive-json-new='{\"font-size\":\"desktop:18px;\",\"line-height\":\"\"}'  style=\"color:#262626;\">Vicepresidenta de FLC de la Comunidad Valenciana y Secretaria General UGT FICA PV<\/div><div class=\"ult-team-member-description ult-responsive\"  data-ultimate-target='.ult-team-member-bio-wrap.ultimate-heading69f1ed546c22a .ult-team-member-description'  data-responsive-json-new='{\"font-size\":\"\",\"line-height\":\"\"}'  style=\"\"><p><\/p>\n<p class=\"resena none\">Secretaria General de UGT FICA &#8211; Pa\u00eds Valenciano, posici\u00f3n que refleja una s\u00f3lida trayectoria de compromiso y liderazgo dentro de la organizaci\u00f3n sindical. Su ascenso a la Secretar\u00eda General es el reconocimiento a su dedicaci\u00f3n, visi\u00f3n estrat\u00e9gica y capacidad para dirigir y representar los intereses de los trabajadores de la industria, la construcci\u00f3n y las actividades agrarias en el Pa\u00eds Valenciano.<\/p>\n<p><\/p><\/div><div style=\"margin-bottom:15px\"><\/div><\/div><\/div><\/div><div class=\"ult-team-member-wrap ult-style-1  \"><div class=\"ult-team-member-image\" style=\"\"> <img decoding=\"async\" class=\"ult-team-grayscale\" src=\"\" alt=\"\"  style=\"\"><span class=\"ult-team-member-image-overlay \"  ><\/span><\/div><div class=\"ult-team-member-bio-wrap style-1 ultimate-heading69f1ed546c26f\" style=\"text-align:center;; \"><div class=\"ult-team-member-name-wrap\"><h2 class=\"ult-team-member-name ult-responsive\"  data-ultimate-target='.ult-team-member-bio-wrap.ultimate-heading69f1ed546c26f .ult-team-member-name'  data-responsive-json-new='{\"font-size\":\"\",\"line-height\":\"\"}'  style=\"\"><\/h2><div style=\"margin-bottom:15px\"><\/div><\/div><\/div><\/div>[\/vc_column][\/vc_row]<\/p>\n<\/section>","protected":false},"excerpt":{"rendered":"<p>[vc_row][vc_column][\/vc_column][\/vc_row][vc_row margin_top=\u00bb100px\u00bb margin_bottom=\u00bb130px\u00bb css=\u00bb.vc_custom_1666768255273{margin-bottom: 280px !important;}\u00bb el_class=\u00bbfila_ponentes\u00bb][vc_column width=\u00bb1\/4&#8243;][\/vc_column][vc_column width=\u00bb1\/4&#8243;][\/vc_column][vc_column width=\u00bb1\/4&#8243;][\/vc_column][vc_column width=\u00bb1\/4&#8243;][\/vc_column][\/vc_row]<\/p>\n","protected":false},"author":1,"featured_media":0,"parent":0,"menu_order":450,"comment_status":"closed","ping_status":"closed","template":"","meta":{"footnotes":""},"class_list":["post-302","page","type-page","status-publish","hentry"],"_links":{"self":[{"href":"https:\/\/universidadpyme.fundae.es\/valencia\/wp-json\/wp\/v2\/pages\/302","targetHints":{"allow":["GET"]}}],"collection":[{"href":"https:\/\/universidadpyme.fundae.es\/valencia\/wp-json\/wp\/v2\/pages"}],"about":[{"href":"https:\/\/universidadpyme.fundae.es\/valencia\/wp-json\/wp\/v2\/types\/page"}],"author":[{"embeddable":true,"href":"https:\/\/universidadpyme.fundae.es\/valencia\/wp-json\/wp\/v2\/users\/1"}],"replies":[{"embeddable":true,"href":"https:\/\/universidadpyme.fundae.es\/valencia\/wp-json\/wp\/v2\/comments?post=302"}],"version-history":[{"count":200,"href":"https:\/\/universidadpyme.fundae.es\/valencia\/wp-json\/wp\/v2\/pages\/302\/revisions"}],"predecessor-version":[{"id":2908,"href":"https:\/\/universidadpyme.fundae.es\/valencia\/wp-json\/wp\/v2\/pages\/302\/revisions\/2908"}],"wp:attachment":[{"href":"https:\/\/universidadpyme.fundae.es\/valencia\/wp-json\/wp\/v2\/media?parent=302"}],"curies":[{"name":"wp","href":"https:\/\/api.w.org\/{rel}","templated":true}]}}